{"id":89,"date":"2025-02-19T11:07:52","date_gmt":"2025-02-19T10:07:52","guid":{"rendered":"https:\/\/www.europaskolan.se\/varfruberga\/?page_id=89"},"modified":"2025-09-29T15:57:31","modified_gmt":"2025-09-29T13:57:31","slug":"fritids","status":"publish","type":"page","link":"https:\/\/www.europaskolan.se\/varfruberga\/fritids\/","title":{"rendered":"Om fritids"},"content":{"rendered":"<p><img fetchpriority=\"high\" decoding=\"async\" class=\"alignnone size-large wp-image-65\" src=\"https:\/\/www.europaskolan.se\/varfruberga\/wp-content\/uploads\/sites\/5\/2025\/02\/ESV_Startsida_Barn-pa-gren-1024x526.jpg\" alt=\"\" width=\"1024\" height=\"526\" srcset=\"https:\/\/www.europaskolan.se\/varfruberga\/wp-content\/uploads\/sites\/5\/2025\/02\/ESV_Startsida_Barn-pa-gren-1024x526.jpg 1024w, https:\/\/www.europaskolan.se\/varfruberga\/wp-content\/uploads\/sites\/5\/2025\/02\/ESV_Startsida_Barn-pa-gren-300x154.jpg 300w, https:\/\/www.europaskolan.se\/varfruberga\/wp-content\/uploads\/sites\/5\/2025\/02\/ESV_Startsida_Barn-pa-gren-768x395.jpg 768w, https:\/\/www.europaskolan.se\/varfruberga\/wp-content\/uploads\/sites\/5\/2025\/02\/ESV_Startsida_Barn-pa-gren-1536x790.jpg 1536w, https:\/\/www.europaskolan.se\/varfruberga\/wp-content\/uploads\/sites\/5\/2025\/02\/ESV_Startsida_Barn-pa-gren-2048x1053.jpg 2048w\" sizes=\"(max-width: 1024px) 100vw, 1024px\" \/><\/p>\n<p><strong>I fritidsverksamheten p\u00e5 Europaskolan V\u00e5rfruberga<\/strong> st\u00e5r barnens trygghet och utveckling i fokus. Genom en varierad och engagerande verksamhet vill vi skapa en plats d\u00e4r barnen k\u00e4nner sig inspirerade att utforska, l\u00e4ra och v\u00e4xa tillsammans.<\/p>\n<p><strong>V\u00e5rt arbete genomsyras av en stark\u00a0v\u00e4rdegrund, <\/strong>d\u00e4r vi tillsammans \u00f6var p\u00e5 att visa respekt, empati och samarbete i vardagen. Genom gemensamma aktiviteter och samtal st\u00e4rker vi barnens f\u00f6rst\u00e5else f\u00f6r varandras olikheter och skapar en trygg milj\u00f6 d\u00e4r alla k\u00e4nner sig inkluderade.<\/p>\n<p><strong>Vi anv\u00e4nder\u00a0utomhuspedagogik\u00a0f\u00f6r att koppla l\u00e4rande till naturen.<\/strong> Genom lek och \u00e4ventyr utomhus uppmuntrar vi till r\u00f6relse och nyfikenhet samtidigt som vi st\u00e4rker gemenskap och trygghet. H\u00e4r f\u00e5r barnen chans att uppt\u00e4cka naturens m\u00f6jligheter och utmaningar p\u00e5 ett lekfullt s\u00e4tt.<\/p>\n<p><strong>Teknik och skapande utg\u00f6rs som viktiga delar av undervisningen.<\/strong> I fritidshemmets l\u00e4roplan lyfts vikten av att st\u00f6dja en allsidig utveckling och l\u00e4rande hos barnen. Med fokus p\u00e5 teknik och skapande ges barnen m\u00f6jlighet att utveckla sin f\u00f6rm\u00e5ga att l\u00f6sa problem samt sin kreativitet. I v\u00e5r verksamhet bygger vi, experimenterar och utforskar allt fr\u00e5n digitala verktyg till olika praktiska material, alltid med barnens id\u00e9er och intressen i centrum.<\/p>\n<p><strong>F\u00f6r att skapa sammanhang och f\u00f6rdjupning i v\u00e5r verksamhet,<\/strong> ser vi positivt p\u00e5 att arbeta tematiskt. Just nu \u00e4r vi mitt inne i ett tema inspirerat av\u00a0Astrid Lindgrens fantastiska v\u00e4rld. Genom hennes ber\u00e4ttelser utforskar vi viktiga v\u00e4rden som mod, v\u00e4nskap och fantasi. Barnen f\u00e5r m\u00f6ta hennes \u00e4lskade karakt\u00e4rer genom skapande, dramatisering. Tillsammans skapar vi en meningsfull fritid som pr\u00e4glas av gl\u00e4dje, utveckling och gemenskap.<\/p>\n<h3>M\u00e5ltider i fritidshemmet<\/h3>\n<p><em>P\u00e5 fritids serveras b\u00e5de frukost och mellanm\u00e5l.<\/em><\/p>\n<p><strong>F\u00f6r att orka hela dagen \u00e4r det viktigt med en bra frukost, lunch och mellanm\u00e5l.\u00a0<\/strong>V\u00e5rt m\u00e5l \u00e4r d\u00e4rf\u00f6r att\u00a0servera b\u00e5de goda och n\u00e4ringsrika m\u00e5ltider.\u00a0 Sj\u00e4lvklart tar vi h\u00e4nsyn till allergier och behov av specialkost. H\u00e4r ska du kunna \u00e4ta vare sig du \u00e4r vegetarian, gluten- eller laktosintolerant.<\/p>\n","protected":false},"excerpt":{"rendered":"<p>I fritidsverksamheten p\u00e5 Europaskolan V\u00e5rfruberga st\u00e5r barnens trygghet och utveckling i fokus. Genom en varierad och engagerande verksamhet vill vi skapa en plats d\u00e4r barnen k\u00e4nner sig inspirerade att utforska, l\u00e4ra och v\u00e4xa tillsammans. V\u00e5rt arbete genomsyras av en stark\u00a0v\u00e4rdegrund, d\u00e4r vi tillsammans \u00f6var p\u00e5 att visa respekt, empati och samarbete i vardagen. Genom gemensamma [&hellip;]<\/p>\n","protected":false},"author":2,"featured_media":0,"parent":0,"menu_order":0,"comment_status":"closed","ping_status":"closed","template":"","meta":{"footnotes":""},"class_list":["post-89","page","type-page","status-publish","hentry"],"blocksy_meta":[],"rttpg_featured_image_url":null,"rttpg_author":{"display_name":"camilla","author_link":"https:\/\/www.europaskolan.se\/varfruberga\/author\/camilla\/"},"rttpg_comment":0,"rttpg_category":null,"rttpg_excerpt":"I fritidsverksamheten p\u00e5 Europaskolan V\u00e5rfruberga st\u00e5r barnens trygghet och utveckling i fokus. Genom en varierad och engagerande verksamhet vill vi skapa en plats d\u00e4r barnen k\u00e4nner sig inspirerade att utforska, l\u00e4ra och v\u00e4xa tillsammans. V\u00e5rt arbete genomsyras av en stark\u00a0v\u00e4rdegrund, d\u00e4r vi tillsammans \u00f6var p\u00e5 att visa respekt, empati och samarbete i vardagen. Genom gemensamma&hellip;","_links":{"self":[{"href":"https:\/\/www.europaskolan.se\/varfruberga\/wp-json\/wp\/v2\/pages\/89","targetHints":{"allow":["GET"]}}],"collection":[{"href":"https:\/\/www.europaskolan.se\/varfruberga\/wp-json\/wp\/v2\/pages"}],"about":[{"href":"https:\/\/www.europaskolan.se\/varfruberga\/wp-json\/wp\/v2\/types\/page"}],"author":[{"embeddable":true,"href":"https:\/\/www.europaskolan.se\/varfruberga\/wp-json\/wp\/v2\/users\/2"}],"replies":[{"embeddable":true,"href":"https:\/\/www.europaskolan.se\/varfruberga\/wp-json\/wp\/v2\/comments?post=89"}],"version-history":[{"count":0,"href":"https:\/\/www.europaskolan.se\/varfruberga\/wp-json\/wp\/v2\/pages\/89\/revisions"}],"wp:attachment":[{"href":"https:\/\/www.europaskolan.se\/varfruberga\/wp-json\/wp\/v2\/media?parent=89"}],"curies":[{"name":"wp","href":"https:\/\/api.w.org\/{rel}","templated":true}]}}