{"id":79,"date":"2025-02-17T13:31:26","date_gmt":"2025-02-17T12:31:26","guid":{"rendered":"https:\/\/www.europaskolan.se\/varfruberga\/?page_id=79"},"modified":"2025-09-29T15:57:12","modified_gmt":"2025-09-29T13:57:12","slug":"skola","status":"publish","type":"page","link":"https:\/\/www.europaskolan.se\/varfruberga\/skola\/","title":{"rendered":"Om skolan"},"content":{"rendered":"<p><img fetchpriority=\"high\" decoding=\"async\" class=\"alignnone size-full wp-image-200\" src=\"https:\/\/www.europaskolan.se\/varfruberga\/wp-content\/uploads\/sites\/5\/2025\/06\/ESV_BILDSPEL-2025-65.jpg\" alt=\"\" width=\"2000\" height=\"1340\" srcset=\"https:\/\/www.europaskolan.se\/varfruberga\/wp-content\/uploads\/sites\/5\/2025\/06\/ESV_BILDSPEL-2025-65.jpg 2000w, https:\/\/www.europaskolan.se\/varfruberga\/wp-content\/uploads\/sites\/5\/2025\/06\/ESV_BILDSPEL-2025-65-300x201.jpg 300w, https:\/\/www.europaskolan.se\/varfruberga\/wp-content\/uploads\/sites\/5\/2025\/06\/ESV_BILDSPEL-2025-65-1024x686.jpg 1024w, https:\/\/www.europaskolan.se\/varfruberga\/wp-content\/uploads\/sites\/5\/2025\/06\/ESV_BILDSPEL-2025-65-768x515.jpg 768w, https:\/\/www.europaskolan.se\/varfruberga\/wp-content\/uploads\/sites\/5\/2025\/06\/ESV_BILDSPEL-2025-65-1536x1029.jpg 1536w, https:\/\/www.europaskolan.se\/varfruberga\/wp-content\/uploads\/sites\/5\/2025\/06\/ESV_BILDSPEL-2025-65-272x182.jpg 272w\" sizes=\"(max-width: 2000px) 100vw, 2000px\" \/><\/p>\n<p><strong>P\u00e5 Europaskolan V\u00e5rfruberga arbetar vi med mottot &#8221;trygghet ger kunskap \u2013 kunskap ger trygghet&#8221;.<\/strong> Det \u00e4r n\u00e4r eleverna k\u00e4nner sig trygga som l\u00e4randet sker. En \u00f6msesidig relation och f\u00f6rst\u00e5else f\u00f6r varje enskilt barns och elevs unika behov \u00e4r en del av nyckeln till framg\u00e5ng f\u00f6r att var och en ska kunna n\u00e5 sin fulla potential.<\/p>\n<h3>Utomhuspedagogik och r\u00f6relse f\u00f6r b\u00e4ttre inl\u00e4rning<\/h3>\n<p><strong>Vi vet att barn l\u00e4r sig b\u00e4st n\u00e4r de \u00e4r aktiva och engagerade.<\/strong> D\u00e4rf\u00f6r integrerar vi utomhuspedagogik i v\u00e5r undervisning. Genom att flytta klassrummet utomhus f\u00e5r eleverna m\u00f6jlighet att uppt\u00e4cka och l\u00e4ra sig p\u00e5 ett naturligt och inspirerande s\u00e4tt. Vi arbetar ocks\u00e5 medvetet med r\u00f6relse i vardagen, eftersom fysisk aktivitet inte bara fr\u00e4mjar h\u00e4lsan utan ocks\u00e5 st\u00e4rker koncentrationen och l\u00e4randet.<\/p>\n<h3>L\u00e4ssatsning<\/h3>\n<p><strong>L\u00e4sning \u00e4r en nyckel till kunskap och fantasi.<\/strong> Vi satsar stort p\u00e5 att utveckla elevernas l\u00e4sf\u00f6rm\u00e5ga genom dagliga l\u00e4saktiviteter och ett stimulerande utbud av b\u00f6cker. Under vissa perioder fokuserar vi extra mycket p\u00e5 l\u00e4sning f\u00f6r att inspirera eleverna och skapa l\u00e4svanor f\u00f6r livet. F\u00f6r att f\u00f6lja elevernas utveckling genomf\u00f6r vi regelbundet screeningtester, vilket g\u00f6r att vi kan ge varje elev r\u00e4tt st\u00f6d och utmaning. V\u00e5rt nya skolbibliotek erbjuder ett brett utbud av litteratur \u2013 allt fr\u00e5n faktab\u00f6cker och sagor till sp\u00e4nnande \u00e4ventyr och flerspr\u00e5kiga b\u00f6cker.<\/p>\n<p><img decoding=\"async\" class=\"alignnone size-full wp-image-198\" src=\"https:\/\/www.europaskolan.se\/varfruberga\/wp-content\/uploads\/sites\/5\/2025\/06\/ESV_BILDSPEL-2025-79.jpg\" alt=\"\" width=\"2001\" height=\"1340\" srcset=\"https:\/\/www.europaskolan.se\/varfruberga\/wp-content\/uploads\/sites\/5\/2025\/06\/ESV_BILDSPEL-2025-79.jpg 2001w, https:\/\/www.europaskolan.se\/varfruberga\/wp-content\/uploads\/sites\/5\/2025\/06\/ESV_BILDSPEL-2025-79-300x201.jpg 300w, https:\/\/www.europaskolan.se\/varfruberga\/wp-content\/uploads\/sites\/5\/2025\/06\/ESV_BILDSPEL-2025-79-1024x686.jpg 1024w, https:\/\/www.europaskolan.se\/varfruberga\/wp-content\/uploads\/sites\/5\/2025\/06\/ESV_BILDSPEL-2025-79-768x514.jpg 768w, https:\/\/www.europaskolan.se\/varfruberga\/wp-content\/uploads\/sites\/5\/2025\/06\/ESV_BILDSPEL-2025-79-1536x1029.jpg 1536w, https:\/\/www.europaskolan.se\/varfruberga\/wp-content\/uploads\/sites\/5\/2025\/06\/ESV_BILDSPEL-2025-79-272x182.jpg 272w\" sizes=\"(max-width: 2001px) 100vw, 2001px\" \/><\/p>\n<h3>Pilotprojekt f\u00f6r undervisningsutveckling<\/h3>\n<p><strong>Vi \u00e4r stolta \u00f6ver att delta i ett sp\u00e4nnande pilotprojekt<\/strong> i samarbete med M\u00e4lardalens universitet. Fokus ligger p\u00e5 att utveckla undervisningen inom matematik genom klassrumsn\u00e4ra observationer och \u00e5terkopplande samtal. Med st\u00f6d av en doktorand, arbetar personalen f\u00f6r att utveckla matematikundervisningen och ge eleverna \u00e4nnu b\u00e4ttre f\u00f6ruts\u00e4ttningar att f\u00f6rst\u00e5 och anv\u00e4nda matematik i sin vardag. Projektet syftar till att h\u00f6ja kvaliteten p\u00e5 undervisningen och st\u00e4rka elevernas kunskaper genom moderna, forskningsbaserade metoder.<\/p>\n<hr \/>\n<h3>M\u00e5ltider i skolan<\/h3>\n<p><strong>Hemlagad mat fr\u00e5n grunden \u2013 som p\u00e5 restaurang<\/strong><\/p>\n<p><em>God, n\u00e4ringsrik och mat lagad fr\u00e5n grunden, det f\u00e5r du som barn p\u00e5 Europaskolan V\u00e5rfruberga. Vi har eget tillagningsk\u00f6k, med riktiga r\u00e5varor och egen kock \u2013 precis som p\u00e5 en restaurang, d\u00e4rf\u00f6r talar vi om g\u00e4rna om \u201dm\u00e5ltidsupplevelsen\u201d.<\/em><\/p>\n<p><strong>F\u00f6r att orka hela dagen \u00e4r det viktigt med en bra frukost, lunch och mellanm\u00e5l.<\/strong>\u00a0V\u00e5rt m\u00e5l \u00e4r d\u00e4rf\u00f6r att\u00a0servera b\u00e5de goda och n\u00e4ringsrika m\u00e5ltider.\u00a0 Sj\u00e4lvklart tar vi h\u00e4nsyn till allergier och behov av specialkost. H\u00e4r ska du kunna \u00e4ta vare sig du \u00e4r vegetarian, gluten- eller laktosintolerant.<\/p>\n<hr \/>\n<h3>Elevh\u00e4lsa<\/h3>\n<p><strong>Syftet med EHT (elevh\u00e4lsoteam) \u00e4r att:<\/strong><\/p>\n<ul>\n<li>fr\u00e4mja h\u00e4lsa hos alla barn och elever<\/li>\n<li>skapa f\u00f6ruts\u00e4ttningar f\u00f6r barn och elevers utveckling och l\u00e4rande enligt utbildningens m\u00e5l<\/li>\n<li>ha fokus p\u00e5 barn och ungdomar i behov av s\u00e4rskilt st\u00f6d<\/li>\n<li>fr\u00e4mja barn och elevers fysiska och psykosociala arbetsmilj\u00f6.<\/li>\n<\/ul>\n<p><strong>I Elevh\u00e4lsoteamet p\u00e5 Europaskolan V\u00e5rfruberga ing\u00e5r:<\/strong><br \/>\nrektor, speciall\u00e4rare, skolsk\u00f6terska och kurator.<\/p>\n<p><strong>Vid behov har vi \u00e4ven tillg\u00e5ng till skoll\u00e4kare och skolpsykolog.<\/strong> Elevh\u00e4lsan genomf\u00f6r naturligtvis ocks\u00e5 regelbundna h\u00e4lsokontroller och vaccinationer.<\/p>\n<p><strong>Elevh\u00e4lsoteamet finns h\u00e4r f\u00f6r dig som st\u00f6d och trygghet <\/strong>under din tid p\u00e5 Europaskolan V\u00e5rfruberga.<\/p>\n<p>Nedan finns v\u00e5ra kontaktuppgifter.<\/p>\n<p><strong>Skolsk\u00f6terska och kurator: <\/strong><\/p>\n<p><strong>Marie Larsson<br \/>\n<\/strong><strong>E-post:\u00a0<\/strong><a href=\"mailto:marie.larsson@europaskolan.se\">marie.larsson@europaskolan.se<\/a><\/p>\n<p><strong>Speciall\u00e4rare: Annelie Vesterberg<br \/>\n<\/strong>N\u00e5s via SchoolSoft eller p\u00e5:<br \/>\n<strong>E-post:\u00a0<\/strong><a href=\"mailto:annelie.westerberg@europaskolan.se\">annelie.westerberg@europaskolan.se<\/a><\/p>\n<p>&nbsp;<\/p>\n","protected":false},"excerpt":{"rendered":"<p>P\u00e5 Europaskolan V\u00e5rfruberga arbetar vi med mottot &#8221;trygghet ger kunskap \u2013 kunskap ger trygghet&#8221;. Det \u00e4r n\u00e4r eleverna k\u00e4nner sig trygga som l\u00e4randet sker. En \u00f6msesidig relation och f\u00f6rst\u00e5else f\u00f6r varje enskilt barns och elevs unika behov \u00e4r en del av nyckeln till framg\u00e5ng f\u00f6r att var och en ska kunna n\u00e5 sin fulla potential. [&hellip;]<\/p>\n","protected":false},"author":2,"featured_media":0,"parent":0,"menu_order":0,"comment_status":"closed","ping_status":"closed","template":"","meta":{"footnotes":""},"class_list":["post-79","page","type-page","status-publish","hentry"],"blocksy_meta":[],"rttpg_featured_image_url":null,"rttpg_author":{"display_name":"camilla","author_link":"https:\/\/www.europaskolan.se\/varfruberga\/author\/camilla\/"},"rttpg_comment":0,"rttpg_category":null,"rttpg_excerpt":"P\u00e5 Europaskolan V\u00e5rfruberga arbetar vi med mottot &#8221;trygghet ger kunskap \u2013 kunskap ger trygghet&#8221;. Det \u00e4r n\u00e4r eleverna k\u00e4nner sig trygga som l\u00e4randet sker. En \u00f6msesidig relation och f\u00f6rst\u00e5else f\u00f6r varje enskilt barns och elevs unika behov \u00e4r en del av nyckeln till framg\u00e5ng f\u00f6r att var och en ska kunna n\u00e5 sin fulla potential.&hellip;","_links":{"self":[{"href":"https:\/\/www.europaskolan.se\/varfruberga\/wp-json\/wp\/v2\/pages\/79","targetHints":{"allow":["GET"]}}],"collection":[{"href":"https:\/\/www.europaskolan.se\/varfruberga\/wp-json\/wp\/v2\/pages"}],"about":[{"href":"https:\/\/www.europaskolan.se\/varfruberga\/wp-json\/wp\/v2\/types\/page"}],"author":[{"embeddable":true,"href":"https:\/\/www.europaskolan.se\/varfruberga\/wp-json\/wp\/v2\/users\/2"}],"replies":[{"embeddable":true,"href":"https:\/\/www.europaskolan.se\/varfruberga\/wp-json\/wp\/v2\/comments?post=79"}],"version-history":[{"count":0,"href":"https:\/\/www.europaskolan.se\/varfruberga\/wp-json\/wp\/v2\/pages\/79\/revisions"}],"wp:attachment":[{"href":"https:\/\/www.europaskolan.se\/varfruberga\/wp-json\/wp\/v2\/media?parent=79"}],"curies":[{"name":"wp","href":"https:\/\/api.w.org\/{rel}","templated":true}]}}