{"id":40,"date":"2024-12-03T13:15:34","date_gmt":"2024-12-03T12:15:34","guid":{"rendered":"https:\/\/www.europaskolan.se\/varfruberga\/?page_id=40"},"modified":"2025-10-07T12:14:55","modified_gmt":"2025-10-07T10:14:55","slug":"kontakta-oss","status":"publish","type":"page","link":"https:\/\/www.europaskolan.se\/varfruberga\/kontakta-oss\/","title":{"rendered":"Kontakta oss"},"content":{"rendered":"<h3>V\u00e4lkommen att kontakta oss!<\/h3>\n<div><strong>Bes\u00f6ks- och postadress:<\/strong><\/div>\n<div>\n<div class=\"contact-info\"><span class=\"contact-text\">Fogd\u00f6 skola 3<br \/>\n645 92, Str\u00e4ngn\u00e4s<\/span><\/div>\n<div class=\"contact-info\"><strong><span class=\"contact-title\"><br \/>\nTelefon reception: <\/span><\/strong><span class=\"contact-text\">0152-31 70 14<\/span><\/div>\n<div class=\"contact-info\"><strong><span class=\"contact-title\">E-post: <\/span><\/strong><a href=\"mailto:info.varfruberga@europaskolan.se\"><span class=\"contact-text\">info.varfruberga@europaskolan.se<\/span><\/a><\/div>\n<\/div>\n<p><em>Varmt v\u00e4lkommen!<\/em><\/p>\n<hr \/>\n<h3>Skolledning<\/h3>\n<p><strong>Nina Widell<\/strong><br \/>\nRektor<br \/>\n<strong>Telefon:<\/strong> 0152-31 70 11<br \/>\n<strong>E-post:\u00a0<\/strong><a href=\"mailto:nina.widell@europaskolan.se\">nina.widell@europaskolan.se<\/a><\/p>\n<p><strong>Maria Johansson Hagstr\u00f6m<\/strong><br \/>\nL\u00e4rare och bitr\u00e4dande rektor f\u00f6r skola och fritidshem<br \/>\n<strong>Telefon: <\/strong>0152-31 70 03<br \/>\n<strong>E-post:<\/strong>\u00a0<a href=\"mailto:maria.johanssonhagstrom@europaskolan.se\">maria.johanssonhagstrom@europaskolan.se<\/a><\/p>\n<p><strong>Elina Lindqvist<\/strong><br \/>\nAdministrat\u00f6r och bitr\u00e4dande rektor p\u00e5 f\u00f6rskolan<br \/>\n<strong>Telefon:<\/strong> 0152-31 70 05<br \/>\n<strong>E-post:<\/strong>\u00a0<a href=\"mailto:elina.lindqvist@europaskolan.se\">elina.lindqvist@europaskolan.se<\/a><\/p>\n<p><strong>Lena Lindholm<\/strong><br \/>\nRedovisningsassistent och skoladministrat\u00f6r<br \/>\n<strong>Telefon:<\/strong> 0152-33 11 18<br \/>\n<strong>E-post:\u00a0<\/strong><a href=\"mailto:lena.lindholm@europaskolan.se\">lena.lindholm@europaskolan.se<\/a><\/p>\n<hr \/>\n<h3>Skolsk\u00f6terska och kurator<\/h3>\n<p><strong>Marie Larsson<\/strong><br \/>\n<strong>E-post:\u00a0<\/strong><a href=\"mailto:marie.larsson@europaskolan.se\">marie.larsson@europaskolan.se<\/a><\/p>\n<hr \/>\n<h3>Speciall\u00e4rare<\/h3>\n<p><strong>Annelie Westerberg:<\/strong><br \/>\n<strong>E-post:\u00a0<\/strong><a href=\"mailto:annelie.westerberg@europaskolan.se\">annelie.westerberg@europaskolan.se<\/a><\/p>\n<hr \/>\n<h3>L\u00e4rare<\/h3>\n<p><strong>Emma Asterlund<\/strong><br \/>\nL\u00e4rare i f\u00f6rskoleklass<br \/>\n<strong>E-post:\u00a0<\/strong><a href=\"mailto:emma.asterlund@europaskolan.se\">emma.asterlund@europaskolan.se<\/a><\/p>\n<p><strong>Maria Johansson Hagstr\u00f6m<\/strong><br \/>\nKlassl\u00e4rare \u00e5rskurs 1<br \/>\n<strong>E-post:<\/strong>\u00a0<a href=\"mailto:maria.johansson@europaskolan.se\">maria.johansson@europaskolan.se<\/a><\/p>\n<p><strong>Sandra Rydstedt<\/strong><br \/>\nKlassl\u00e4rare \u00e5rskurs 2<br \/>\n<strong>E-post:<\/strong> <a href=\"mailto:sandra.rydstedt@europaskolan.se\">sandra.rydstedt@europaskolan.se<\/a><\/p>\n<p><strong>Kim H\u00e4ggqvist Skovby<\/strong><br \/>\nKlassl\u00e4rare \u00e5rskurs 3<br \/>\n<strong>E-post:<\/strong>\u00a0<a href=\"mailto:kim.haggqvist@europaskolan.se\">kim.haggqvist@europaskolan.se<\/a><\/p>\n<hr \/>\n<h3>Fritids, elev- och l\u00e4rarassistenter<\/h3>\n<p><strong>Emmie Anderlund<br \/>\n<\/strong>Elev- och l\u00e4rarassistent, fritidsledare och l\u00e4rare i Studion<br \/>\n<strong>E-post:\u00a0<\/strong><a href=\"mailto:emmie.anderlund@europaskolan.se\">emmie.anderlund@europaskolan.se<\/a><\/p>\n<p><strong>Jesper \u00c5bom<\/strong><br \/>\nElev- och l\u00e4rarassistent, fritidsledare<br \/>\n<strong>E-post:\u00a0<\/strong><a href=\"mailto:jesper.abom@europaskolan.se\">jesper.abom@europaskolan.se<\/a><\/p>\n<p><strong>Daniel Rydensj\u00f6<\/strong><br \/>\nIdrottsl\u00e4rare, fritidsledare, elev- och l\u00e4rarassistent<br \/>\n<strong>E-post:<\/strong>\u00a0<a href=\"mailto:daniel.rydensjo@europaskolan.se\">daniel.rydensjo@europaskolan.se<\/a><\/p>\n<p><strong>Katrin Andersson<\/strong><br \/>\nElev- och l\u00e4rarassistent, fritidsledare<br \/>\n<strong>E-post:\u00a0<\/strong><a href=\"mailto:karirn.andersson@europaskolan.se\">karirn.andersson@europaskolan.se<\/a><\/p>\n<p><strong>Nina Eriksson<\/strong><br \/>\nElev- och l\u00e4rarassistent<br \/>\n<strong>E-post:<\/strong>\u00a0<a href=\"mailto:nina.eriksson@europaskolan.se\">nina.eriksson@europaskolan.se<\/a><\/p>\n<p><strong>Jak Kriou<\/strong><br \/>\nElev- och l\u00e4rarassistent, fritidsledare<br \/>\n<strong>E-post:\u00a0<\/strong><a href=\"mailto:jak.kriou@europaskolan.se\">jak.kriou@europaskolan.se<\/a><\/p>\n<p><strong>Tim Linde<\/strong><br \/>\nL\u00e4rare i Studion och l\u00e4rare p\u00e5 fritids<br \/>\n<strong>E-post:\u00a0<\/strong><a href=\"mailto:tim.linde@europaskolan.se\">tim.linde@europaskolan.se<\/a><\/p>\n<hr \/>\n<h3>Fritids<\/h3>\n<p><strong>Fritids telefonnummer<\/strong><br \/>\n0152-31 70 07<\/p>\n<hr \/>\n<h3>F\u00f6rskolan<\/h3>\n<p><strong>F\u00f6rskolan telefonnummer<\/strong><\/p>\n<p><strong>Igelkotten:<\/strong> 0152-31 70 09<\/p>\n<p><strong>Ekorren:<\/strong> 0152-31 70 04<\/p>\n<p><strong>R\u00e4ven:<\/strong> 0152-31 70 12<\/p>\n<p><strong>Ugglan:<\/strong> 0152-31 70 13<\/p>\n<hr \/>\n<h3>Personal f\u00f6rskolan<\/h3>\n<p><strong>Zarah Rosner<\/strong><br \/>\nF\u00f6rskoll\u00e4rare, f\u00f6rstel\u00e4rare p\u00e5 f\u00f6rskolan<br \/>\n<strong>E-post:\u00a0<\/strong><a href=\"mailto:zarah.rosner@europaskolan.se\">zarah.rosner@europaskolan.se<\/a><\/p>\n<p><strong>Elin Luthin<\/strong><br \/>\nBarnsk\u00f6tare, samordnare p\u00e5 f\u00f6rskolan<br \/>\n<strong>E-post:\u00a0<\/strong><a href=\"mailto:elin.luthin@europaskolan.se\">elin.luthin@europaskolan.se<\/a><\/p>\n<p><strong>Julia Ericson<\/strong><br \/>\nBarnsk\u00f6tare<br \/>\n<strong>E-post:\u00a0<\/strong><a href=\"mailto:julia.ericson@europaskolan.se\">julia.ericson@europaskolan.se<\/a><\/p>\n<p><strong>Elin Lindqvist<\/strong><br \/>\nF\u00f6rskoll\u00e4rare<br \/>\n<strong>E-post:<\/strong> <a href=\"mailto:elin.lindqvist@europaskolan.se\">elin.lindqvist@europaskolan.se<\/a><\/p>\n<p><strong>Emelie Pettersson<\/strong><br \/>\nBarnsk\u00f6tare<br \/>\n<strong>E-post:<\/strong> <a href=\"mailto:emelie.pettersson@europaskolan.se\">emelie.pettersson@europaskolan.se<\/a><\/p>\n<p><strong>Vilma Svensson<\/strong><br \/>\nBarnsk\u00f6tare<br \/>\n<strong>E-post:<\/strong> <a href=\"mailto:vilma.svensson@europaskolan.se\">vilma.svensson@europaskolan.se<\/a><\/p>\n<p><strong>Matilda Jar\u00e5ker<\/strong><br \/>\nBarnsk\u00f6tare<br \/>\n<strong>E-post:\u00a0<\/strong><a href=\"mailto:matilda.jaraker@europaskolan.se\">matilda.jaraker@europaskolan.se<\/a><\/p>\n<p><strong>Ida Saletti<\/strong><br \/>\nBarnsk\u00f6tare<br \/>\n<strong>E-post:\u00a0<\/strong><a href=\"mailto:ida.saletti@europaskolan.se\">ida.saletti@europaskolan.se<\/a><\/p>\n<p><strong>Emma \u00d6gren<\/strong><br \/>\nF\u00f6rskoll\u00e4rare<br \/>\n<strong>E-post:\u00a0<\/strong>e<a href=\"mailto:mma.ogren@europaskolan.se\">mma.ogren@europaskolan.se<\/a><\/p>\n<p><strong>Lisa \u00d6hman<\/strong><br \/>\nBarnsk\u00f6tare<br \/>\n<strong>E-post:\u00a0<\/strong><a href=\"mailto:lisa.ohman@europaskolan.se\">lisa.ohman@europaskolan.se<\/a><\/p>\n<p><strong>Maria Ekelund<\/strong><br \/>\nBarnsk\u00f6tare<br \/>\n<strong>E-post:\u00a0<\/strong><a href=\"mailto:maria.ekelund@europaskolan.se\">maria.ekelund@europaskolan.se<\/a><\/p>\n<p><strong>Neira Jakupovic<\/strong><br \/>\nF\u00f6rskoll\u00e4rare<br \/>\n<strong>E-post:\u00a0<\/strong><a href=\"mailto:neira.jakupovic@europaskolan.se\">neira.jakupovic@europaskolan.se<\/a><\/p>\n<p><strong>Sanna Andersson<br \/>\n<\/strong>Barnsk\u00f6tare<br \/>\n<strong>E-post:\u00a0<\/strong><a href=\"mailto:sanna.andersson@europaskolan.se\">sanna.andersson@europaskolan.se<\/a><\/p>\n","protected":false},"excerpt":{"rendered":"<p>V\u00e4lkommen att kontakta oss! Bes\u00f6ks- och postadress: Fogd\u00f6 skola 3 645 92, Str\u00e4ngn\u00e4s Telefon reception: 0152-31 70 14 E-post: info.varfruberga@europaskolan.se Varmt v\u00e4lkommen! Skolledning Nina Widell Rektor Telefon: 0152-31 70 11 E-post:\u00a0nina.widell@europaskolan.se Maria Johansson Hagstr\u00f6m L\u00e4rare och bitr\u00e4dande rektor f\u00f6r skola och fritidshem Telefon: 0152-31 70 03 E-post:\u00a0maria.johanssonhagstrom@europaskolan.se Elina Lindqvist Administrat\u00f6r och bitr\u00e4dande rektor p\u00e5 f\u00f6rskolan [&hellip;]<\/p>\n","protected":false},"author":2,"featured_media":0,"parent":0,"menu_order":0,"comment_status":"closed","ping_status":"closed","template":"","meta":{"footnotes":""},"class_list":["post-40","page","type-page","status-publish","hentry"],"blocksy_meta":[],"rttpg_featured_image_url":null,"rttpg_author":{"display_name":"camilla","author_link":"https:\/\/www.europaskolan.se\/varfruberga\/author\/camilla\/"},"rttpg_comment":0,"rttpg_category":null,"rttpg_excerpt":"V\u00e4lkommen att kontakta oss! Bes\u00f6ks- och postadress: Fogd\u00f6 skola 3 645 92, Str\u00e4ngn\u00e4s Telefon reception: 0152-31 70 14 E-post: info.varfruberga@europaskolan.se Varmt v\u00e4lkommen! Skolledning Nina Widell Rektor Telefon: 0152-31 70 11 E-post:\u00a0nina.widell@europaskolan.se Maria Johansson Hagstr\u00f6m L\u00e4rare och bitr\u00e4dande rektor f\u00f6r skola och fritidshem Telefon: 0152-31 70 03 E-post:\u00a0maria.johanssonhagstrom@europaskolan.se Elina Lindqvist Administrat\u00f6r och bitr\u00e4dande rektor p\u00e5 f\u00f6rskolan&hellip;","_links":{"self":[{"href":"https:\/\/www.europaskolan.se\/varfruberga\/wp-json\/wp\/v2\/pages\/40","targetHints":{"allow":["GET"]}}],"collection":[{"href":"https:\/\/www.europaskolan.se\/varfruberga\/wp-json\/wp\/v2\/pages"}],"about":[{"href":"https:\/\/www.europaskolan.se\/varfruberga\/wp-json\/wp\/v2\/types\/page"}],"author":[{"embeddable":true,"href":"https:\/\/www.europaskolan.se\/varfruberga\/wp-json\/wp\/v2\/users\/2"}],"replies":[{"embeddable":true,"href":"https:\/\/www.europaskolan.se\/varfruberga\/wp-json\/wp\/v2\/comments?post=40"}],"version-history":[{"count":0,"href":"https:\/\/www.europaskolan.se\/varfruberga\/wp-json\/wp\/v2\/pages\/40\/revisions"}],"wp:attachment":[{"href":"https:\/\/www.europaskolan.se\/varfruberga\/wp-json\/wp\/v2\/media?parent=40"}],"curies":[{"name":"wp","href":"https:\/\/api.w.org\/{rel}","templated":true}]}}