{"id":8393,"date":"2017-04-25T08:29:24","date_gmt":"2017-04-25T06:29:24","guid":{"rendered":"https:\/\/www.europaskolan.se\/?page_id=8393"},"modified":"2025-03-02T16:16:52","modified_gmt":"2025-03-02T15:16:52","slug":"information-om-antagningsbesked","status":"publish","type":"page","link":"https:\/\/www.europaskolan.se\/strangnas\/information-om-antagningsbesked\/","title":{"rendered":"Information om prelimin\u00e4rt antagningsbesked"},"content":{"rendered":"<h3>Till er som bor i Str\u00e4ngn\u00e4s och Eskilstuna och har gjort era gymnasieval i Dexter:<\/h3>\n<p>Ska du bli orolig n\u00e4r du loggar in i Dexter, och det st\u00e5r att du inte blivit prelimin\u00e4rt antagen till Europaskolan Str\u00e4ngn\u00e4s?<\/p>\n<ul>\n<li>Nej, bli inte orolig. Det \u00e4r normalt att det st\u00e5r s\u00e5 p\u00e5 Dexter.<\/li>\n<li>Du s\u00f6ker alla Sveriges gymnasieskolor i Dexter, men gymnasieskolorna svarar p\u00e5 lite olika s\u00e4tt.<\/li>\n<li>Europaskolan Str\u00e4ngn\u00e4s har en egen antagning. Det inneb\u00e4r att vi sj\u00e4lva mejlar det prelimin\u00e4ra beskedet till dig.<\/li>\n<li>Det \u00e4r allts\u00e5 det prelimin\u00e4ra beskedet som Europaskolan Str\u00e4ngn\u00e4s mejlar till dig som g\u00e4ller.<\/li>\n<\/ul>\n<p><strong>Obs! Du ska inte svara p\u00e5 det prelimin\u00e4ra beskedet f\u00f6rutom att tacka JA till mingelkv\u00e4llen. <\/strong><\/p>\n<p><strong>N\u00e4r ska du h\u00f6ra av dig till Europaskolan Str\u00e4ngn\u00e4s g\u00e4llande det prelimin\u00e4ra beskedet?<\/strong><\/p>\n<ul>\n<li>H\u00f6r av dig om du inte har f\u00e5tt ett prelimin\u00e4rt besked p\u00e5 mejlen n\u00e4r datum f\u00f6r antagningsbesked g\u00e5tt ut.<\/li>\n<\/ul>\n<h3>Viktigt!<\/h3>\n<p>Det prelimin\u00e4ra beskedet och det definitiva beskedet kan vara olika beroende p\u00e5 hur ditt och andras slutbetyg ser ut. Har du tappat betygspo\u00e4ng och n\u00e5gon annan har f\u00f6rb\u00e4ttrat sina betyg s\u00e5 kan din plats p\u00e5 programmet ers\u00e4ttas av n\u00e5gon annan. Det definitiva beskedet kommer i slutet av juni.<\/p>\n<hr \/>\n<h3>Har du fr\u00e5gor? V\u00e4lkommen att h\u00f6ra av dig till:<\/h3>\n<p><strong>Nicklas Hellmark<\/strong><br \/>\nStudie- och yrkesv\u00e4gledare<\/p>\n<p><strong>E-post:<\/strong>\u00a0<a href=\"mailto:nicklas.hellmark@europaskolan.se\">nicklas.hellmark@europaskolan.se<\/a><br \/>\n<strong>Telefon:<\/strong>\u00a00152-33 11 05<\/p>\n<p>&nbsp;<\/p>\n","protected":false},"excerpt":{"rendered":"<p>Till er som bor i Str\u00e4ngn\u00e4s och Eskilstuna och har gjort era gymnasieval i Dexter: Ska du bli orolig n\u00e4r du loggar in i Dexter, och det st\u00e5r att du inte blivit prelimin\u00e4rt antagen till Europaskolan Str\u00e4ngn\u00e4s? Nej, bli inte orolig. Det \u00e4r normalt att det st\u00e5r s\u00e5 p\u00e5 Dexter. Du s\u00f6ker alla Sveriges gymnasieskolor [&hellip;]<\/p>\n","protected":false},"author":2,"featured_media":0,"parent":0,"menu_order":0,"comment_status":"closed","ping_status":"closed","template":"","meta":{"footnotes":""},"class_list":["post-8393","page","type-page","status-publish","hentry"],"blocksy_meta":[],"rttpg_featured_image_url":null,"rttpg_author":{"display_name":"camilla","author_link":"https:\/\/www.europaskolan.se\/strangnas\/author\/camilla\/"},"rttpg_comment":0,"rttpg_category":null,"rttpg_excerpt":"Till er som bor i Str\u00e4ngn\u00e4s och Eskilstuna och har gjort era gymnasieval i Dexter: Ska du bli orolig n\u00e4r du loggar in i Dexter, och det st\u00e5r att du inte blivit prelimin\u00e4rt antagen till Europaskolan Str\u00e4ngn\u00e4s? Nej, bli inte orolig. Det \u00e4r normalt att det st\u00e5r s\u00e5 p\u00e5 Dexter. Du s\u00f6ker alla Sveriges gymnasieskolor&hellip;","_links":{"self":[{"href":"https:\/\/www.europaskolan.se\/strangnas\/wp-json\/wp\/v2\/pages\/8393","targetHints":{"allow":["GET"]}}],"collection":[{"href":"https:\/\/www.europaskolan.se\/strangnas\/wp-json\/wp\/v2\/pages"}],"about":[{"href":"https:\/\/www.europaskolan.se\/strangnas\/wp-json\/wp\/v2\/types\/page"}],"author":[{"embeddable":true,"href":"https:\/\/www.europaskolan.se\/strangnas\/wp-json\/wp\/v2\/users\/2"}],"replies":[{"embeddable":true,"href":"https:\/\/www.europaskolan.se\/strangnas\/wp-json\/wp\/v2\/comments?post=8393"}],"version-history":[{"count":0,"href":"https:\/\/www.europaskolan.se\/strangnas\/wp-json\/wp\/v2\/pages\/8393\/revisions"}],"wp:attachment":[{"href":"https:\/\/www.europaskolan.se\/strangnas\/wp-json\/wp\/v2\/media?parent=8393"}],"curies":[{"name":"wp","href":"https:\/\/api.w.org\/{rel}","templated":true}]}}