{"id":5126,"date":"2014-06-04T12:04:21","date_gmt":"2014-06-04T10:04:21","guid":{"rendered":"https:\/\/www.europaskolan.se\/?page_id=5126"},"modified":"2026-01-23T14:45:21","modified_gmt":"2026-01-23T13:45:21","slug":"studentbal-en-tradition-for-avgangseleverna","status":"publish","type":"page","link":"https:\/\/www.europaskolan.se\/strangnas\/studentbal-en-tradition-for-avgangseleverna\/","title":{"rendered":"Studentbal \u2013 en tradition f\u00f6r avg\u00e5ngseleverna"},"content":{"rendered":"<p><img fetchpriority=\"high\" decoding=\"async\" class=\"alignnone size-full wp-image-12909\" src=\"https:\/\/www.europaskolan.se\/strangnas\/wp-content\/uploads\/sites\/2\/2022\/06\/ESS_Bal_2022-2.jpg\" alt=\"\" width=\"2036\" height=\"1207\" srcset=\"https:\/\/www.europaskolan.se\/strangnas\/wp-content\/uploads\/sites\/2\/2022\/06\/ESS_Bal_2022-2.jpg 2036w, https:\/\/www.europaskolan.se\/strangnas\/wp-content\/uploads\/sites\/2\/2022\/06\/ESS_Bal_2022-2-506x300.jpg 506w, https:\/\/www.europaskolan.se\/strangnas\/wp-content\/uploads\/sites\/2\/2022\/06\/ESS_Bal_2022-2-1024x607.jpg 1024w, https:\/\/www.europaskolan.se\/strangnas\/wp-content\/uploads\/sites\/2\/2022\/06\/ESS_Bal_2022-2-200x119.jpg 200w, https:\/\/www.europaskolan.se\/strangnas\/wp-content\/uploads\/sites\/2\/2022\/06\/ESS_Bal_2022-2-768x455.jpg 768w, https:\/\/www.europaskolan.se\/strangnas\/wp-content\/uploads\/sites\/2\/2022\/06\/ESS_Bal_2022-2-1536x911.jpg 1536w\" sizes=\"(max-width: 2036px) 100vw, 2036px\" \/><\/p>\n<p><i>N\u00e4r studentexamen n\u00e4rmar sig \u00e4r det dags f\u00f6r studentbal.<\/i><i> Det \u00e4r en h\u00f6gtidlig tradition h\u00e4r p\u00e5 Europaskolan Str\u00e4ngn\u00e4s. D\u00e5 samlas vi p\u00e5 Sundbyholms slott, f\u00f6r en minnesv\u00e4rd kv\u00e4ll med mingel, middag och dans. Naturligtvis f\u00e5r du g\u00e5 p\u00e5 r\u00f6da mattan!\u00a0<\/i><\/p>\n<p><b>Att ha studentbal \u00e4r en tradition f\u00f6r Europaskolan Str\u00e4ngn\u00e4s<\/b> sedan flera \u00e5r. Eleverna anl\u00e4nder till slottet\u00a0i en karavan av ekipage, f\u00f6r att samlas p\u00e5 slottstrappan.<\/p>\n<p><b>P\u00e5 programmet st\u00e5r, f\u00f6rutom ankomst p\u00e5 r\u00f6da mattan, <\/b>gruppfotografering, tal av toastmastern och ett tal per avg\u00e5ngsklass. B\u00e5de sl\u00e4kt och v\u00e4nner brukar vara \u00e5sk\u00e5dare och f\u00f6reviga de festkl\u00e4dda eleverna.<\/p>\n<p><b>Sedan f\u00f6ljer en trer\u00e4tters middag med efterf\u00f6ljande dans.<\/b> Vi inleder alltid med en wienervals, som du\u00a0f\u00e5r chansen att \u00f6va in under skoltid. Balen genomf\u00f6rs till sj\u00e4lvkostnadspris.<\/p>\n<p><b>H\u00e4r kan du se bilder fr\u00e5n v\u00e5ra studentbaler genom \u00e5ren:<br \/>\n<\/b><\/p>\n<p><a href=\"https:\/\/jalbum.net\/a\/2144729\" target=\"_blank\" rel=\"noopener\">Studentbal 2025 &gt;<\/a><br \/>\n<a href=\"https:\/\/jalbum.net\/a\/2113598\" target=\"_blank\" rel=\"noopener\">Studentbal 2024 &gt;<\/a><br \/>\n<a href=\"https:\/\/jalbum.net\/a\/2081870\" target=\"_blank\" rel=\"noopener\">Studentbal 2023 &gt;<\/a><br \/>\n<a href=\"http:\/\/pfrn.jalbum.net\/Studentbal%202022\/\" target=\"_blank\" rel=\"noopener\">Studentbal 2022 &gt;<\/a><br \/>\n<a href=\"http:\/\/jalbum.net\/a\/1934345\" target=\"_blank\" rel=\"noopener noreferrer\">Studentbal 2019 &gt;<\/a><br \/>\n<a href=\"http:\/\/pfrn.jalbum.net\/Studentbalen%202018\/\" target=\"_blank\" rel=\"noopener\">Studentbal 2018 &gt;<\/a><br \/>\n<a href=\"http:\/\/jalbum.net\/a\/1806512\" target=\"_blank\" rel=\"noopener noreferrer\">Studentbal 2017 &gt;<\/a><a href=\"http:\/\/jalbum.net\/a\/1726868\" target=\"_blank\" rel=\"noopener noreferrer\"><br \/>\nStudentbal 2016 &gt;<\/a><b><br \/>\n<\/b><a href=\"http:\/\/jalbum.net\/a\/1627284\" target=\"_blank\" rel=\"noopener noreferrer\">Studentbal 2015 &gt;<\/a><br \/>\n<a href=\"http:\/\/jalbum.net\/a\/1508798\" target=\"_blank\" rel=\"noopener noreferrer\">Studentbal 2014 &gt;<\/a><br \/>\n<a href=\"http:\/\/jalbum.net\/a\/1501472\" target=\"_blank\" rel=\"noopener noreferrer\">Studentbal 2013 &gt;<\/a><br \/>\n<a href=\"http:\/\/jalbum.net\/a\/1442633\" target=\"_blank\" rel=\"noopener noreferrer\">Studentbal 2012 &gt;<\/a><br \/>\n<a href=\"http:\/\/jalbum.net\/a\/1501423\" target=\"_blank\" rel=\"noopener noreferrer\">Studentbal 2011 &gt;<\/a><br \/>\n<a href=\"http:\/\/pfrn.jalbum.net\/Europaskolans%20studentbal%202010\/\" target=\"_blank\" rel=\"noopener noreferrer\">Studentbal 2010 &gt;<br \/>\n<\/a><\/p>\n","protected":false},"excerpt":{"rendered":"<p>N\u00e4r studentexamen n\u00e4rmar sig \u00e4r det dags f\u00f6r studentbal. Det \u00e4r en h\u00f6gtidlig tradition h\u00e4r p\u00e5 Europaskolan Str\u00e4ngn\u00e4s. D\u00e5 samlas vi p\u00e5 Sundbyholms slott, f\u00f6r en minnesv\u00e4rd kv\u00e4ll med mingel, middag och dans. Naturligtvis f\u00e5r du g\u00e5 p\u00e5 r\u00f6da mattan!\u00a0 Att ha studentbal \u00e4r en tradition f\u00f6r Europaskolan Str\u00e4ngn\u00e4s sedan flera \u00e5r. Eleverna anl\u00e4nder till [&hellip;]<\/p>\n","protected":false},"author":2,"featured_media":0,"parent":0,"menu_order":0,"comment_status":"closed","ping_status":"closed","template":"","meta":{"footnotes":""},"class_list":["post-5126","page","type-page","status-publish","hentry"],"blocksy_meta":[],"rttpg_featured_image_url":null,"rttpg_author":{"display_name":"camilla","author_link":"https:\/\/www.europaskolan.se\/strangnas\/author\/camilla\/"},"rttpg_comment":0,"rttpg_category":null,"rttpg_excerpt":"N\u00e4r studentexamen n\u00e4rmar sig \u00e4r det dags f\u00f6r studentbal. Det \u00e4r en h\u00f6gtidlig tradition h\u00e4r p\u00e5 Europaskolan Str\u00e4ngn\u00e4s. D\u00e5 samlas vi p\u00e5 Sundbyholms slott, f\u00f6r en minnesv\u00e4rd kv\u00e4ll med mingel, middag och dans. Naturligtvis f\u00e5r du g\u00e5 p\u00e5 r\u00f6da mattan!\u00a0 Att ha studentbal \u00e4r en tradition f\u00f6r Europaskolan Str\u00e4ngn\u00e4s sedan flera \u00e5r. Eleverna anl\u00e4nder till&hellip;","_links":{"self":[{"href":"https:\/\/www.europaskolan.se\/strangnas\/wp-json\/wp\/v2\/pages\/5126","targetHints":{"allow":["GET"]}}],"collection":[{"href":"https:\/\/www.europaskolan.se\/strangnas\/wp-json\/wp\/v2\/pages"}],"about":[{"href":"https:\/\/www.europaskolan.se\/strangnas\/wp-json\/wp\/v2\/types\/page"}],"author":[{"embeddable":true,"href":"https:\/\/www.europaskolan.se\/strangnas\/wp-json\/wp\/v2\/users\/2"}],"replies":[{"embeddable":true,"href":"https:\/\/www.europaskolan.se\/strangnas\/wp-json\/wp\/v2\/comments?post=5126"}],"version-history":[{"count":0,"href":"https:\/\/www.europaskolan.se\/strangnas\/wp-json\/wp\/v2\/pages\/5126\/revisions"}],"wp:attachment":[{"href":"https:\/\/www.europaskolan.se\/strangnas\/wp-json\/wp\/v2\/media?parent=5126"}],"curies":[{"name":"wp","href":"https:\/\/api.w.org\/{rel}","templated":true}]}}