{"id":336,"date":"2013-02-18T21:52:49","date_gmt":"2013-02-18T20:52:49","guid":{"rendered":"https:\/\/www.europaskolan.se\/wordpress\/?page_id=336"},"modified":"2024-10-31T11:42:39","modified_gmt":"2024-10-31T10:42:39","slug":"europaskolan-i-strangnas","status":"publish","type":"page","link":"https:\/\/www.europaskolan.se\/strangnas\/europaskolan-i-strangnas\/","title":{"rendered":"Europaskolan Str\u00e4ngn\u00e4s \u2013 en friskola f\u00f6r dig som vill lite mer"},"content":{"rendered":"<p><img fetchpriority=\"high\" decoding=\"async\" class=\"alignnone size-full wp-image-11516\" src=\"https:\/\/www.europaskolan.se\/strangnas\/wp-content\/uploads\/sites\/2\/2020\/09\/ESS_2.jpg\" alt=\"\" width=\"1665\" height=\"1120\" srcset=\"https:\/\/www.europaskolan.se\/strangnas\/wp-content\/uploads\/sites\/2\/2020\/09\/ESS_2.jpg 1665w, https:\/\/www.europaskolan.se\/strangnas\/wp-content\/uploads\/sites\/2\/2020\/09\/ESS_2-446x300.jpg 446w, https:\/\/www.europaskolan.se\/strangnas\/wp-content\/uploads\/sites\/2\/2020\/09\/ESS_2-1024x689.jpg 1024w, https:\/\/www.europaskolan.se\/strangnas\/wp-content\/uploads\/sites\/2\/2020\/09\/ESS_2-200x135.jpg 200w, https:\/\/www.europaskolan.se\/strangnas\/wp-content\/uploads\/sites\/2\/2020\/09\/ESS_2-768x517.jpg 768w, https:\/\/www.europaskolan.se\/strangnas\/wp-content\/uploads\/sites\/2\/2020\/09\/ESS_2-1536x1033.jpg 1536w\" sizes=\"(max-width: 1665px) 100vw, 1665px\" \/><\/p>\n<p><em>Vill du bli v\u00e4l f\u00f6rberedd f\u00f6r h\u00f6gskolan och framtidens jobb, b\u00e5de i Sverige och andra l\u00e4nder? Europaskolan Str\u00e4ngn\u00e4s \u00e4r en friskola f\u00f6r dig som vill lite mer. H\u00e4r l\u00e4r du inte bara f\u00f6r skolan utan\u00a0f\u00f6r livet. Du f\u00e5r tidigt kontakt med f\u00f6retag, f\u00f6reningar och h\u00f6gskola. Europaskolan Str\u00e4ngn\u00e4s ger\u00a0dig nyckeln \u2013 b\u00e5de till Europa och framtiden.<\/em><\/p>\n<p><strong>Europaskolan Str\u00e4ngn\u00e4s \u00e4r ett kvalitetsgymnasium\u00a0<\/strong>mitt i den historiska l\u00e4rostaden. Alldeles vid M\u00e4laren ligger v\u00e5rt stadscampus, lagom stort f\u00f6r att alla ska l\u00e4ra k\u00e4nna varandra.<\/p>\n<p><strong>Skolan har riksintag<\/strong> \u2013 dagspendla hit eller bo i Str\u00e4ngn\u00e4s.\u00a0Staden bjuder p\u00e5 ett rikt kultur- och friluftsliv, historisk milj\u00f6 och n\u00e4rhet till b\u00e5de storstad och natur.<\/p>\n<h3>Kunskap och personlig utveckling<\/h3>\n<p><strong>V\u00e5r profil \u00e4r Europaorientering och omv\u00e4rldsorientering. <\/strong>\u00d6ka dina kunskaper om Europa\u00a0och k\u00e4nslan av att vara en europ\u00e9. Ut\u00f6ver studierna v\u00e4ntar ett sp\u00e4nnande f\u00f6reningsliv, g\u00e4stf\u00f6rel\u00e4sningar och resor till Europa.<\/p>\n<p><strong>Hos oss kan du v\u00e4lja mellan sex gymnasieprogram<\/strong>: Samh\u00e4llsvetenskapsprogrammet med inriktning samh\u00e4llsvetenskap eller beteendevetenskap, Humanistiska programmet, Ekonomiprogrammet, Naturvetenskapsprogrammet samt spetsutbildningarna Science och Modern Humanities.<\/p>\n<h3>Ett gymnasium med stor gemenskap<\/h3>\n<p><strong>P\u00e5 v\u00e5r skola finns en speciell st\u00e4mning, Europaandan.<\/strong> H\u00e4r respekterar vi varandra, och h\u00e4r ska du k\u00e4nna dig v\u00e4lkommen och trygg. Allas lika v\u00e4rde \u00e4r v\u00e5r gyllene regel.<\/p>\n<p><strong>Vi har m\u00e5nga traditioner som fr\u00e4mjar gemenskap,<\/strong> mellan b\u00e5de program och \u00e5rskurser. Ett rikt f\u00f6reningsliv f\u00f6rgyller ocks\u00e5 din gymnasietid.<\/p>\n<h3>Studiero och trygghet<\/h3>\n<p><strong>Hos oss ska du inte bara l\u00e4ra f\u00f6r skolan, utan f\u00f6r livet.\u00a0<\/strong>D\u00e4rf\u00f6r vill vi ha en skola med ordning och fokus \u2013 en milj\u00f6 d\u00e4r alla k\u00e4nner studiero och trygghet. Med gemensamt ansvar skapar vi de b\u00e4sta f\u00f6ruts\u00e4ttningarna f\u00f6r en givande gymnasietid.<\/p>\n<p><strong>Efter tre \u00e5r p\u00e5 Europaskolan Str\u00e4ngn\u00e4s \u00e4r du v\u00e4l f\u00f6rberedd f\u00f6r h\u00f6gre studier, <\/strong>b\u00e5de i Sverige och andra l\u00e4nder. Vi ger dig nyckeln \u2013 till Europa och framtiden!<\/p>\n<p><em>Varmt v\u00e4lkommen!<\/em><\/p>\n<hr \/>\n<p><strong>Vill du ans\u00f6ka om en plats?<\/strong><br \/>\n<a href=\"https:\/\/www.europaskolan.se\/strangnas\/wp-content\/uploads\/sites\/2\/2022\/10\/Anso\u0308kan-till-Europaskolan-Strangnas-23-24.pdf\">H\u00e4r finns ans\u00f6kningsblanketten till Europaskolan Str\u00e4ngn\u00e4s&gt;<\/a><\/p>\n<p><strong>Vill du veta mer?<br \/>\n<\/strong><a href=\"https:\/\/www.europaskolan.se\/strangnas\/europaskolan-strangnas\/kontakta-oss\/\">V\u00e4lkommen att kontakta oss &gt;<\/a><\/p>\n","protected":false},"excerpt":{"rendered":"<p>Vill du bli v\u00e4l f\u00f6rberedd f\u00f6r h\u00f6gskolan och framtidens jobb, b\u00e5de i Sverige och andra l\u00e4nder? Europaskolan Str\u00e4ngn\u00e4s \u00e4r en friskola f\u00f6r dig som vill lite mer. H\u00e4r l\u00e4r du inte bara f\u00f6r skolan utan\u00a0f\u00f6r livet. Du f\u00e5r tidigt kontakt med f\u00f6retag, f\u00f6reningar och h\u00f6gskola. Europaskolan Str\u00e4ngn\u00e4s ger\u00a0dig nyckeln \u2013 b\u00e5de till Europa och framtiden. [&hellip;]<\/p>\n","protected":false},"author":2,"featured_media":0,"parent":0,"menu_order":0,"comment_status":"closed","ping_status":"closed","template":"","meta":{"footnotes":""},"class_list":["post-336","page","type-page","status-publish","hentry"],"blocksy_meta":[],"rttpg_featured_image_url":null,"rttpg_author":{"display_name":"camilla","author_link":"https:\/\/www.europaskolan.se\/strangnas\/author\/camilla\/"},"rttpg_comment":0,"rttpg_category":null,"rttpg_excerpt":"Vill du bli v\u00e4l f\u00f6rberedd f\u00f6r h\u00f6gskolan och framtidens jobb, b\u00e5de i Sverige och andra l\u00e4nder? Europaskolan Str\u00e4ngn\u00e4s \u00e4r en friskola f\u00f6r dig som vill lite mer. H\u00e4r l\u00e4r du inte bara f\u00f6r skolan utan\u00a0f\u00f6r livet. Du f\u00e5r tidigt kontakt med f\u00f6retag, f\u00f6reningar och h\u00f6gskola. Europaskolan Str\u00e4ngn\u00e4s ger\u00a0dig nyckeln \u2013 b\u00e5de till Europa och framtiden.&hellip;","_links":{"self":[{"href":"https:\/\/www.europaskolan.se\/strangnas\/wp-json\/wp\/v2\/pages\/336","targetHints":{"allow":["GET"]}}],"collection":[{"href":"https:\/\/www.europaskolan.se\/strangnas\/wp-json\/wp\/v2\/pages"}],"about":[{"href":"https:\/\/www.europaskolan.se\/strangnas\/wp-json\/wp\/v2\/types\/page"}],"author":[{"embeddable":true,"href":"https:\/\/www.europaskolan.se\/strangnas\/wp-json\/wp\/v2\/users\/2"}],"replies":[{"embeddable":true,"href":"https:\/\/www.europaskolan.se\/strangnas\/wp-json\/wp\/v2\/comments?post=336"}],"version-history":[{"count":0,"href":"https:\/\/www.europaskolan.se\/strangnas\/wp-json\/wp\/v2\/pages\/336\/revisions"}],"wp:attachment":[{"href":"https:\/\/www.europaskolan.se\/strangnas\/wp-json\/wp\/v2\/media?parent=336"}],"curies":[{"name":"wp","href":"https:\/\/api.w.org\/{rel}","templated":true}]}}