{"id":172,"date":"2021-12-15T18:20:40","date_gmt":"2021-12-15T17:20:40","guid":{"rendered":"https:\/\/www.europaskolan.se\/wordpress\/?page_id=172"},"modified":"2026-04-28T11:40:22","modified_gmt":"2026-04-28T09:40:22","slug":"ansokan","status":"publish","type":"page","link":"https:\/\/www.europaskolan.se\/strangnas\/ansokan\/","title":{"rendered":"Information om ans\u00f6kan"},"content":{"rendered":"<h3>Ans\u00f6kan till Europaskolan Str\u00e4ngn\u00e4s<\/h3>\n<p><em>Har du best\u00e4mt dig f\u00f6r att s\u00f6ka till Europaskolan Str\u00e4ngn\u00e4s? Vad roligt, v\u00e4lkommen! Ans\u00f6ker g\u00f6r\u00a0<\/em><em>du genom din kommun. Din nuvarande skola har rutiner f\u00f6r gymnasievalet och skickar din ans\u00f6kan\u00a0<\/em><em>och dina betyg till oss. Tala med studie- och yrkesv\u00e4gledaren (syv) p\u00e5 din skola s\u00e5 f\u00e5r du hj\u00e4lp.<\/em><\/p>\n<p><strong>Hittar du inte det program du vill s\u00f6ka hos oss via din kommuns ans\u00f6kningsf\u00f6rfarande?<\/strong> D\u00e5 kan du alltid anv\u00e4nda dig av blanketten <a href=\"https:\/\/www.europaskolan.se\/strangnas\/wp-content\/uploads\/sites\/2\/2026\/01\/Ansokningsblankett-till-Europaskolan-Strangnas-26-27.pdf\">Ans\u00f6kan<\/a>\u00a0som finns h\u00e4r p\u00e5 v\u00e5r webbplats.<\/p>\n<p><strong>Du \u00e4r ocks\u00e5 v\u00e4lkommen att ta direkt kontakt med oss p\u00e5 Europaskolan Str\u00e4ngn\u00e4s,\u00a0<\/strong>f\u00f6r att f\u00e5 svar p\u00e5 fr\u00e5gor om skolan och programmen.<\/p>\n<hr \/>\n<p><b>Kontakt:<br \/>\n<\/b><i>Reception, Europaskolan\u00a0Str\u00e4ngn\u00e4s<\/i><\/p>\n<p><strong>Telefon:<\/strong> 0152-33 11 00<br \/>\n<strong>E-post:<\/strong>\u00a0<a href=\"mailto:info@europaskolan.se\">info@europaskolan.se<\/a><\/p>\n<hr \/>\n<p><b>Studiev\u00e4gskoder:<\/b><\/p>\n<ul>\n<li><a href=\"https:\/\/www.europaskolan.se\/strangnas\/gymnasieprogram\/samhallsvetenskapsprogrammet\/\">Samh\u00e4llsvetenskapsprogrammet \u2013 inriktning samh\u00e4llsvetenskap (SA):<\/a>\u00a0SASAP-EU<br \/>\n<a href=\"https:\/\/www.europaskolan.se\/strangnas\/gymnasieprogram\/samhallsvetenskapsprogrammet\/\">Samh\u00e4llsvetenskapsprogrammet \u2013 inriktning beteendevetenskap (SA):<\/a>\u00a0SABEP-EU<\/li>\n<li><a href=\"https:\/\/www.europaskolan.se\/strangnas\/humanistiska-programmet\/\">Humanistiska programmet \u2013 inriktning spr\u00e5k (HU):<\/a>\u00a0HUSPK-EU<\/li>\n<li><a href=\"https:\/\/www.europaskolan.se\/strangnas\/gymnasieprogram\/ekonomiprogrammet\/\">Ekonomiprogrammet (EK):<\/a>\u00a0EKEKI-EU<\/li>\n<li><a href=\"https:\/\/www.europaskolan.se\/strangnas\/gymnasieprogram\/naturvetenskapsprogrammet\/\">Naturvetenskapsprogrammet (NA):<\/a>\u00a0NANAP-EU<\/li>\n<li><a href=\"https:\/\/www.europaskolan.se\/strangnas\/gymnasieprogram\/scienceprogrammet\/\">Scienceprogrammet \u2013 spetsutbildning SCI):<\/a>\u00a0NANAVSPR-EU<\/li>\n<li><a href=\"https:\/\/www.europaskolan.se\/strangnas\/gymnasieprogram\/modern-humanities-spetsutbildning\/\">Modern Humanities \u2013 spetsutbildning (MOD):<\/a>\u00a0SASAVSPRS-EU<\/li>\n<li><a href=\"https:\/\/www.europaskolan.se\/strangnas\/gymnasieprogram\/estetiska-kurser-som-tillval\/\">Tillvalspaket med estetiska kurser &gt;<\/a><\/li>\n<\/ul>\n<hr \/>\n<p data-start=\"62\" data-end=\"171\"><strong data-start=\"62\" data-end=\"110\">Sista dag att ans\u00f6ka inf\u00f6r l\u00e4s\u00e5ret 2026\/2027 \u00e4r den 11 februari.<\/strong><br data-start=\"110\" data-end=\"113\" \/>Se till att l\u00e4mna in din ans\u00f6kan senast onsdagen den 11 februari.<\/p>\n<p data-start=\"173\" data-end=\"258\"><strong data-start=\"173\" data-end=\"189\">Omvalsperiod 13\u201329 april<\/strong><br data-start=\"189\" data-end=\"192\" \/>Om du vill \u00e4ndra ditt val kan du g\u00f6ra det under perioden 13\u201329 april.<\/p>\n<ul>\n<li><a href=\"https:\/\/www.europaskolan.se\/strangnas\/wp-content\/uploads\/sites\/2\/2026\/01\/Ansokningsblankett-till-Europaskolan-Strangnas-26-27.pdf\">Ans\u00f6kningsblankett till Europaskolan Str\u00e4ngn\u00e4s &gt;<\/a><\/li>\n<li><a href=\"https:\/\/www.europaskolan.se\/strangnas\/wp-content\/uploads\/sites\/2\/2023\/12\/ESS_Ansokan-fri-kvot.pdf\">Ans\u00f6kningsblankett i fri kvot &gt;<\/a><a href=\"http:\/\/strangnas.europaskolan.org\/wp-content\/uploads\/2013\/02\/Ansokan-ES-1617.pdf\"><br \/>\n<\/a><\/li>\n<li><a href=\"https:\/\/www.europaskolan.se\/strangnas\/wp-content\/uploads\/sites\/2\/2019\/09\/ESS-Ansokan_Utlandet-20-21.docx\">Till dig som vill s\u00f6ka till Europaskolan Str\u00e4ngn\u00e4s fr\u00e5n utlandet &gt;<\/a><\/li>\n<\/ul>\n<p><em>Varmt v\u00e4lkommen med din ans\u00f6kan!<\/em><\/p>\n<hr \/>\n<h3>Antagning<\/h3>\n<p><strong>Antagning till Europaskolan Str\u00e4ngn\u00e4s grundas p\u00e5 grundskolebetyget<\/strong>, det vill s\u00e4ga samma som g\u00e4ller vid antagning till kommunalt gymnasium. Det \u00e4r sv\u00e5rt att s\u00e4ga vilken meritpo\u00e4ng som kommer att kr\u00e4vas f\u00f6r att f\u00e5 en plats p\u00e5 n\u00e5got av v\u00e5ra program, d\u00e5 det \u00e4ndras fr\u00e5n \u00e5r till \u00e5r. Det vi kan se i statistiken f\u00f6r de senaste \u00e5ren, \u00e4r att det kan kr\u00e4vas runt 285 po\u00e4ng f\u00f6r att f\u00e5 en plats. Det har dock vid n\u00e5gra tillf\u00e4llen r\u00e4ckt med runt 220 po\u00e4ng f\u00f6r en plats. Ekonomiprogrammet ligger \u00e5r fr\u00e5n \u00e5r h\u00f6gst, och f\u00f6ljs av naturvetenskapsprogrammet, det humanistiska programmet och samh\u00e4llsvetenskapsprogrammet.<\/p>\n<style>\n  .merit-table {<br \/>    width: 80%;<br \/>    border-collapse: collapse;<br \/>    margin: 0 0 10px 0; \/* mindre mellan tabeller och text *\/<br \/>    font-family: Arial, sans-serif;<br \/>    font-size: 13px; \/* lite mindre text *\/<br \/>  }<\/p>\n<p>  .merit-table th, .merit-table td {<br \/>    padding: 4px 6px; \/* \u00e4nnu mindre padding *\/<br \/>    text-align: center;<br \/>  }<\/p>\n<p>  .merit-table thead {<br \/>    background-color: #004080;<br \/>    color: #ffffff;<br \/>    font-size: 13px;<br \/>  }<\/p>\n<p>  .merit-table tbody tr:nth-child(even) {<br \/>    background-color: #f2f2f2;<br \/>  }<\/p>\n<p>  .merit-table tbody tr:hover {<br \/>    background-color: #d9edf7;<br \/>  }<\/p>\n<p>  .program-list {<br \/>    font-family: Arial, sans-serif;<br \/>    margin-top: 5px; \/* mindre mellan tabell och lista *\/<br \/>    margin-bottom: 10px;<br \/>    font-size: 13px; \/* mindre text *\/<br \/>    padding-left: 20px;<br \/>  }<\/p>\n<p>  .program-list li {<br \/>    margin-bottom: 2px; \/* mindre mellan listobjekten *\/<br \/>  }<\/p>\n<p>  h3, h4 {<br \/>    margin: 5px 0; \/* mindre mellan rubrik och tabell *\/<br \/>  }<br \/><\/style>\n<h3>Meritv\u00e4rden \u2013 slutlig antagning (po\u00e4ng)<\/h3>\n<h4><strong>Medelv\u00e4rde<\/strong><\/h4>\n<table class=\"merit-table\">\n<thead>\n<tr>\n<th>Program<\/th>\n<th>2023\u20132024<\/th>\n<th>2024\u20132025<\/th>\n<th>2025\u20132026<\/th>\n<\/tr>\n<\/thead>\n<tbody>\n<tr>\n<td>SA<\/td>\n<td>297<\/td>\n<td>278<\/td>\n<td>267,5<\/td>\n<\/tr>\n<tr>\n<td>HU<\/td>\n<td>314<\/td>\n<td>287,5<\/td>\n<td>283<\/td>\n<\/tr>\n<tr>\n<td>EK<\/td>\n<td>297<\/td>\n<td>307<\/td>\n<td>297,5<\/td>\n<\/tr>\n<tr>\n<td>NA<\/td>\n<td>310<\/td>\n<td>297<\/td>\n<td>201<\/td>\n<\/tr>\n<tr>\n<td>SCI<\/td>\n<td>299<\/td>\n<td>307<\/td>\n<td>308<\/td>\n<\/tr>\n<tr>\n<td>MOD<\/td>\n<td>282<\/td>\n<td>274,5<\/td>\n<td>300<\/td>\n<\/tr>\n<\/tbody>\n<\/table>\n<h4><strong>L\u00e4gsta antagna meritv\u00e4rde<\/strong><\/h4>\n<table class=\"merit-table\">\n<thead>\n<tr>\n<th>Program<\/th>\n<th>2023\u20132024<\/th>\n<th>2024\u20132025<\/th>\n<th>2025\u20132026<\/th>\n<\/tr>\n<\/thead>\n<tbody>\n<tr>\n<td>SA<\/td>\n<td>267,5<\/td>\n<td>232,5<\/td>\n<td>205<\/td>\n<\/tr>\n<tr>\n<td>HU<\/td>\n<td>305<\/td>\n<td>262,5<\/td>\n<td>283<\/td>\n<\/tr>\n<tr>\n<td>EK<\/td>\n<td>267,5<\/td>\n<td>280<\/td>\n<td>275<\/td>\n<\/tr>\n<tr>\n<td>NA<\/td>\n<td>237,5<\/td>\n<td>225<\/td>\n<td>197,5<\/td>\n<\/tr>\n<tr>\n<td>SCI<\/td>\n<td>235<\/td>\n<td>257,5<\/td>\n<td>245<\/td>\n<\/tr>\n<tr>\n<td>MOD<\/td>\n<td>235<\/td>\n<td>197,5<\/td>\n<td>235<\/td>\n<\/tr>\n<\/tbody>\n<\/table>\n<p><strong>F\u00f6rkortningar:<\/strong><\/p>\n<ul class=\"program-list\">\n<li><strong>SA<\/strong> \u2013 Samh\u00e4llsvetenskapsprogrammet<\/li>\n<li><strong>HU<\/strong> \u2013 Humanistiska programmet<\/li>\n<li><strong>EK<\/strong> \u2013 Ekonomiprogrammet<\/li>\n<li><strong>NA<\/strong> \u2013 Naturvetenskapsprogrammet<\/li>\n<li><strong>SCI<\/strong> \u2013 Scienceprogrammet<\/li>\n<li><strong>MOD<\/strong> \u2013 Modern Humanities<\/li>\n<\/ul>\n<p><strong>Prelimin\u00e4rt antagningsbesked skickas ut i b\u00f6rjan av april<\/strong> och definitivt antagningsbesked skickas i b\u00f6rjan av juli.<\/p>\n<p><a href=\"https:\/\/www.europaskolan.se\/strangnas\/index.php\/europaskolan-strangnas\/information-om-antagningsbesked\/\">Mer information om antagningen hittar du h\u00e4r &gt;<\/a><\/p>\n<hr \/>\n<h3>Information om antagningsprovet till Scienceprogrammet<\/h3>\n<p><strong>F\u00f6r att bli antagen till spetsutbildningen Scienceprogrammet p\u00e5 Europaskolan Str\u00e4ngn\u00e4s<\/strong>\u00a0m\u00e5ste du g\u00f6ra ett antagningsprov som visar att dina kunskaper i naturvetenskap och matematik \u00e4r tillr\u00e4ckliga f\u00f6r utbildningen. Provet \u00e4r skriftligt och best\u00e5r av tv\u00e5 delar som utv\u00e4rderar dina kunskaper i matematik samt din f\u00f6rm\u00e5ga att l\u00f6sa naturvetenskapliga problem med hj\u00e4lp av information du f\u00e5r i text.<\/p>\n<p><strong><span style=\"color: #004d99;\">Datum f\u00f6r antagningsprovet till Scienceprogrammet h\u00f6sten 2026, \u00e4r den 13 april<\/span><\/strong><\/p>\n<p><strong>Det \u00e4r inte bara provet som avg\u00f6r om du blir antagen, utan ocks\u00e5 ditt meritv\u00e4rde<\/strong>\u00a0<strong>fr\u00e5n grundskolan.<\/strong> F\u00f6r att bli antagen till programmet g\u00e4ller f\u00f6ljande som urvalsgrund:<\/p>\n<ul>\n<li>beh\u00f6righet till gymnasiestudier<\/li>\n<li>meritv\u00e4rde<\/li>\n<li>godk\u00e4nt antagningsprov.<\/li>\n<\/ul>\n<p><strong>Mer detaljerad information om provet,<\/strong> f\u00f6rberedelser och genomf\u00f6rande kommer att skickas ut till dig som s\u00f6ker programmet.<\/p>\n<h3>Om provet<\/h3>\n<p><strong>Antagningsprovet till Scienceprogrammet \u00e4r skriftligt och best\u00e5r av tv\u00e5 delar:<\/strong><\/p>\n<ul>\n<li>Matematik<\/li>\n<li>Naturvetenskaplig probleml\u00f6sning utifr\u00e5n given information<\/li>\n<\/ul>\n<p><strong>Provet pr\u00f6var b\u00e5de dina \u00e4mneskunskaper<\/strong> och din f\u00f6rm\u00e5ga att analysera och l\u00f6sa problem.<\/p>\n<h3>Bed\u00f6mning och po\u00e4ng<\/h3>\n<p><strong>Provet bed\u00f6ms i tre niv\u00e5er:<\/strong><\/p>\n<ul>\n<li>Godk\u00e4nt (50 po\u00e4ng)<\/li>\n<li>V\u00e4l godk\u00e4nt (75 po\u00e4ng)<\/li>\n<li>Mycket v\u00e4l godk\u00e4nt (100 po\u00e4ng)<\/li>\n<\/ul>\n<p><strong>Po\u00e4ngen fr\u00e5n provet adderas till ditt meritv\u00e4rde.<\/strong> Det \u00e4r den sammanlagda totalpo\u00e4ngen som avg\u00f6r rangordningen mellan de s\u00f6kande.<\/p>\n<hr \/>\n<h3>Information om antagningsprovet till Modern Humanities<\/h3>\n<p><strong>F\u00f6r att bli antagen till spetsutbildningen Modern Humanities<\/strong> p\u00e5 Europaskolan Str\u00e4ngn\u00e4s\u00a0m\u00e5ste du g\u00f6ra ett antagningsprov som visar att dina kunskaper i historia och samh\u00e4llskunskap \u00e4r tillr\u00e4ckliga f\u00f6r utbildningen. Provet \u00e4r skriftligt och liknar de \u00e4mnesprov i historia och samh\u00e4llskunskap som du g\u00f6r i \u00e5rskurs 9, s\u00e5 du kommer k\u00e4nna igen provets uppl\u00e4gg.<\/p>\n<p><span style=\"color: #004d99;\"><strong>Datum f\u00f6r antagningsprovet till Scienceprogrammet h\u00f6sten 2026, \u00e4r den 13 april<\/strong><\/span><\/p>\n<p><strong>Det \u00e4r inte bara provet som avg\u00f6r om du blir antagen, utan ocks\u00e5 ditt meritv\u00e4rde<\/strong>\u00a0<strong>fr\u00e5n grundskolan.<\/strong> F\u00f6r att bli antagen till programmet g\u00e4ller f\u00f6ljande som urvalsgrund:<\/p>\n<ul>\n<li>beh\u00f6righet till gymnasiestudier<\/li>\n<li>meritv\u00e4rde<\/li>\n<li>godk\u00e4nt antagningsprov.<\/li>\n<\/ul>\n<p><strong>Mer detaljerad information om provet,<\/strong> f\u00f6rberedelser och genomf\u00f6rande\u00a0kommer att skickas ut till dig som s\u00f6ker programmet.<\/p>\n<h3>Om provet<\/h3>\n<p><strong>Antagningsprovet till Modern Humanities <\/strong>\u00e4r skriftligt och fokuserar p\u00e5 historia och samh\u00e4llskunskap.<\/p>\n<p><strong>Provet liknar de \u00e4mnesprov du g\u00f6r i \u00e5rskurs 9,<\/strong> vilket inneb\u00e4r att du kommer att k\u00e4nna igen uppl\u00e4gget. Du f\u00e5r visa att du kan:<\/p>\n<ul>\n<li>Anv\u00e4nda faktakunskaper<\/li>\n<li>Resonera och analysera kring historiska och nutida fr\u00e5gor<\/li>\n<\/ul>\n<h3>Bed\u00f6mning<\/h3>\n<p><strong>Provet bed\u00f6ms som:<\/strong><\/p>\n<ul>\n<li>Godk\u00e4nt<\/li>\n<li>Icke godk\u00e4nt<\/li>\n<\/ul>\n<p><strong>Provet fungerar som en kontroll<\/strong> att du har r\u00e4tt f\u00f6ruts\u00e4ttningar inf\u00f6r utbildningen.<\/p>\n<h3>Urval<\/h3>\n<p><strong>Om antalet s\u00f6kande \u00f6verstiger antalet platser<\/strong> sker urvalet baserat p\u00e5:<\/p>\n<ul>\n<li>Godk\u00e4nt antagningsprov<\/li>\n<li>Meritv\u00e4rde fr\u00e5n grundskolan<\/li>\n<\/ul>\n<p>&nbsp;<\/p>\n<hr \/>\n<ul>\n<li><a href=\"https:\/\/www.europaskolan.se\/strangnas\/wp-content\/uploads\/sites\/2\/2026\/01\/Ansokningsblankett-till-Europaskolan-Strangnas-26-27.pdf\">Ans\u00f6kningsblankett till Europaskolan Str\u00e4ngn\u00e4s &gt;<\/a><\/li>\n<li><a href=\"https:\/\/www.europaskolan.se\/strangnas\/wp-content\/uploads\/sites\/2\/2023\/12\/ESS_Ansokan-fri-kvot.pdf\">Ans\u00f6kningsblankett i fri kvot &gt;<\/a><a href=\"http:\/\/strangnas.europaskolan.org\/wp-content\/uploads\/2013\/02\/Ansokan-ES-1617.pdf\"><br \/>\n<\/a><\/li>\n<li><a href=\"https:\/\/www.europaskolan.se\/strangnas\/wp-content\/uploads\/sites\/2\/2019\/09\/ESS-Ansokan_Utlandet-20-21.docx\">Till dig som vill s\u00f6ka till Europaskolan Str\u00e4ngn\u00e4s fr\u00e5n utlandet &gt;<\/a><\/li>\n<\/ul>\n<p><i>Varmt v\u00e4lkommen med din ans\u00f6kan!<\/i><\/p>\n","protected":false},"excerpt":{"rendered":"<p>Ans\u00f6kan till Europaskolan Str\u00e4ngn\u00e4s Har du best\u00e4mt dig f\u00f6r att s\u00f6ka till Europaskolan Str\u00e4ngn\u00e4s? Vad roligt, v\u00e4lkommen! Ans\u00f6ker g\u00f6r\u00a0du genom din kommun. Din nuvarande skola har rutiner f\u00f6r gymnasievalet och skickar din ans\u00f6kan\u00a0och dina betyg till oss. Tala med studie- och yrkesv\u00e4gledaren (syv) p\u00e5 din skola s\u00e5 f\u00e5r du hj\u00e4lp. Hittar du inte det program [&hellip;]<\/p>\n","protected":false},"author":2,"featured_media":0,"parent":0,"menu_order":7,"comment_status":"closed","ping_status":"closed","template":"","meta":{"footnotes":""},"class_list":["post-172","page","type-page","status-publish","hentry"],"blocksy_meta":[],"rttpg_featured_image_url":null,"rttpg_author":{"display_name":"camilla","author_link":"https:\/\/www.europaskolan.se\/strangnas\/author\/camilla\/"},"rttpg_comment":0,"rttpg_category":null,"rttpg_excerpt":"Ans\u00f6kan till Europaskolan Str\u00e4ngn\u00e4s Har du best\u00e4mt dig f\u00f6r att s\u00f6ka till Europaskolan Str\u00e4ngn\u00e4s? Vad roligt, v\u00e4lkommen! Ans\u00f6ker g\u00f6r\u00a0du genom din kommun. Din nuvarande skola har rutiner f\u00f6r gymnasievalet och skickar din ans\u00f6kan\u00a0och dina betyg till oss. Tala med studie- och yrkesv\u00e4gledaren (syv) p\u00e5 din skola s\u00e5 f\u00e5r du hj\u00e4lp. Hittar du inte det program&hellip;","_links":{"self":[{"href":"https:\/\/www.europaskolan.se\/strangnas\/wp-json\/wp\/v2\/pages\/172","targetHints":{"allow":["GET"]}}],"collection":[{"href":"https:\/\/www.europaskolan.se\/strangnas\/wp-json\/wp\/v2\/pages"}],"about":[{"href":"https:\/\/www.europaskolan.se\/strangnas\/wp-json\/wp\/v2\/types\/page"}],"author":[{"embeddable":true,"href":"https:\/\/www.europaskolan.se\/strangnas\/wp-json\/wp\/v2\/users\/2"}],"replies":[{"embeddable":true,"href":"https:\/\/www.europaskolan.se\/strangnas\/wp-json\/wp\/v2\/comments?post=172"}],"version-history":[{"count":0,"href":"https:\/\/www.europaskolan.se\/strangnas\/wp-json\/wp\/v2\/pages\/172\/revisions"}],"wp:attachment":[{"href":"https:\/\/www.europaskolan.se\/strangnas\/wp-json\/wp\/v2\/media?parent=172"}],"curies":[{"name":"wp","href":"https:\/\/api.w.org\/{rel}","templated":true}]}}