{"id":160,"date":"2013-02-18T18:05:23","date_gmt":"2013-02-18T17:05:23","guid":{"rendered":"https:\/\/www.europaskolan.se\/wordpress\/?page_id=160"},"modified":"2024-11-14T14:21:52","modified_gmt":"2024-11-14T13:21:52","slug":"ekonomiprogrammet","status":"publish","type":"page","link":"https:\/\/www.europaskolan.se\/strangnas\/gymnasieprogram\/ekonomiprogrammet\/","title":{"rendered":"Ekonomiprogrammet"},"content":{"rendered":"<h1><img fetchpriority=\"high\" decoding=\"async\" class=\"alignnone size-full wp-image-15873\" src=\"https:\/\/www.europaskolan.se\/strangnas\/wp-content\/uploads\/sites\/2\/2024\/11\/Ekonomiprogrammet-2024.jpg\" alt=\"\" width=\"960\" height=\"300\" srcset=\"https:\/\/www.europaskolan.se\/strangnas\/wp-content\/uploads\/sites\/2\/2024\/11\/Ekonomiprogrammet-2024.jpg 960w, https:\/\/www.europaskolan.se\/strangnas\/wp-content\/uploads\/sites\/2\/2024\/11\/Ekonomiprogrammet-2024-680x213.jpg 680w, https:\/\/www.europaskolan.se\/strangnas\/wp-content\/uploads\/sites\/2\/2024\/11\/Ekonomiprogrammet-2024-200x63.jpg 200w, https:\/\/www.europaskolan.se\/strangnas\/wp-content\/uploads\/sites\/2\/2024\/11\/Ekonomiprogrammet-2024-768x240.jpg 768w\" sizes=\"(max-width: 960px) 100vw, 960px\" \/><\/h1>\n<h3>Ekonomiprogrammet, inriktning ekonomi<\/h3>\n<p><em>Vill du l\u00e4ra dig att starta och driva ett f\u00f6retag? D\u00e5 \u00e4r Ekonomiprogrammet n\u00e5got f\u00f6r dig. Det g\u00f6r dig b\u00e5de attraktiv p\u00e5 arbetsmarknaden och v\u00e4l f\u00f6rberedd f\u00f6r vidare studier p\u00e5 h\u00f6gskola.<\/em><\/p>\n<p><strong>P\u00e5 Ekonomiprogrammet f\u00e5r du,<\/strong> tillsammans med kamrater, skapa, driva och avveckla ett f\u00f6retag. Precis som i verkligheten.<\/p>\n<p><b>\u00c4mnen du l\u00e4ser \u00e4r bland annat f\u00f6retagsekonomi, entrepren\u00f6rskap och juridik.<\/b> Under\u00a0tredje \u00e5ret kan du v\u00e4lja att g\u00e5 djupare in p\u00e5 ett omr\u00e5de som du tycker \u00e4r lockande \u2013 kanske internationell ekonomi, marknadsf\u00f6ring eller redovisning.<\/p>\n<p><b>Med Ekonomi\u00adprogrammet som grund kan du g\u00e5 direkt ut i n\u00e4ringslivet<\/b>. Du kan ocks\u00e5 direkt\u00a0\u2013 eller senare med mer erfarenhet \u2013 g\u00e5 vidare till h\u00f6gre studier.<\/p>\n<h3>Vad kan du bli?<\/h3>\n<p><b>Efter Ekonomiprogrammet<\/b> kan du bland annat vidareutbilda dig till dessa yrken:<\/p>\n<ul>\n<li>Civilekonom<\/li>\n<li>Jurist<\/li>\n<li>\u00c4mnesl\u00e4rare grundskola\/gymnasium<\/li>\n<li>Psykolog<\/li>\n<li>Socionom<\/li>\n<li>Beteendevetare<\/li>\n<li>Samh\u00e4llsvetare<\/li>\n<li>Statsvetare (\u00e4ven inriktning ekonomi och statistik)<\/li>\n<\/ul>\n<p>V\u00e4ljer du Naturkunskap 2 som individuellt val eller inom programf\u00f6rdjupningen, kan du bredda din beh\u00f6righet. D\u00e5 kan du ocks\u00e5 vidareutbilda dig till sjukgymnast, dietist, agronom, arkitekt och sjuksk\u00f6terska.<b><\/b><\/p>\n<p><strong>H\u00e4r kan du ladda ner po\u00e4ngplanen f\u00f6r Ekonomiprogrammet som pdf.\u00a0<\/strong><\/p>\n<p><strong>Po\u00e4ngplan:<\/strong> <a href=\"https:\/\/www.europaskolan.se\/strangnas\/wp-content\/uploads\/sites\/2\/2024\/10\/Poangplaner-EKEKI.pdf\">Ekonomiprogrammet &gt;<\/a><\/p>\n","protected":false},"excerpt":{"rendered":"<p>Vill du l\u00e4ra dig att starta och driva ett f\u00f6retag? D\u00e5 \u00e4r F\u00f6retagarprogrammet n\u00e5got f\u00f6r dig.<\/p>\n","protected":false},"author":2,"featured_media":15873,"parent":153,"menu_order":3,"comment_status":"closed","ping_status":"closed","template":"","meta":{"footnotes":""},"class_list":["post-160","page","type-page","status-publish","has-post-thumbnail","hentry"],"blocksy_meta":[],"rttpg_featured_image_url":{"full":["https:\/\/www.europaskolan.se\/strangnas\/wp-content\/uploads\/sites\/2\/2024\/11\/Ekonomiprogrammet-2024.jpg",960,300,false],"landscape":["https:\/\/www.europaskolan.se\/strangnas\/wp-content\/uploads\/sites\/2\/2024\/11\/Ekonomiprogrammet-2024.jpg",960,300,false],"portraits":["https:\/\/www.europaskolan.se\/strangnas\/wp-content\/uploads\/sites\/2\/2024\/11\/Ekonomiprogrammet-2024.jpg",960,300,false],"thumbnail":["https:\/\/www.europaskolan.se\/strangnas\/wp-content\/uploads\/sites\/2\/2024\/11\/Ekonomiprogrammet-2024-200x63.jpg",200,63,true],"medium":["https:\/\/www.europaskolan.se\/strangnas\/wp-content\/uploads\/sites\/2\/2024\/11\/Ekonomiprogrammet-2024-680x213.jpg",680,213,true],"large":["https:\/\/www.europaskolan.se\/strangnas\/wp-content\/uploads\/sites\/2\/2024\/11\/Ekonomiprogrammet-2024.jpg",960,300,false],"1536x1536":["https:\/\/www.europaskolan.se\/strangnas\/wp-content\/uploads\/sites\/2\/2024\/11\/Ekonomiprogrammet-2024.jpg",960,300,false],"2048x2048":["https:\/\/www.europaskolan.se\/strangnas\/wp-content\/uploads\/sites\/2\/2024\/11\/Ekonomiprogrammet-2024.jpg",960,300,false],"sow-carousel-default":["https:\/\/www.europaskolan.se\/strangnas\/wp-content\/uploads\/sites\/2\/2024\/11\/Ekonomiprogrammet-2024-272x182.jpg",272,182,true]},"rttpg_author":{"display_name":"camilla","author_link":"https:\/\/www.europaskolan.se\/strangnas\/author\/camilla\/"},"rttpg_comment":0,"rttpg_category":null,"rttpg_excerpt":"Vill du l\u00e4ra dig att starta och driva ett f\u00f6retag? D\u00e5 \u00e4r F\u00f6retagarprogrammet n\u00e5got f\u00f6r dig.","_links":{"self":[{"href":"https:\/\/www.europaskolan.se\/strangnas\/wp-json\/wp\/v2\/pages\/160","targetHints":{"allow":["GET"]}}],"collection":[{"href":"https:\/\/www.europaskolan.se\/strangnas\/wp-json\/wp\/v2\/pages"}],"about":[{"href":"https:\/\/www.europaskolan.se\/strangnas\/wp-json\/wp\/v2\/types\/page"}],"author":[{"embeddable":true,"href":"https:\/\/www.europaskolan.se\/strangnas\/wp-json\/wp\/v2\/users\/2"}],"replies":[{"embeddable":true,"href":"https:\/\/www.europaskolan.se\/strangnas\/wp-json\/wp\/v2\/comments?post=160"}],"version-history":[{"count":0,"href":"https:\/\/www.europaskolan.se\/strangnas\/wp-json\/wp\/v2\/pages\/160\/revisions"}],"up":[{"embeddable":true,"href":"https:\/\/www.europaskolan.se\/strangnas\/wp-json\/wp\/v2\/pages\/153"}],"wp:featuredmedia":[{"embeddable":true,"href":"https:\/\/www.europaskolan.se\/strangnas\/wp-json\/wp\/v2\/media\/15873"}],"wp:attachment":[{"href":"https:\/\/www.europaskolan.se\/strangnas\/wp-json\/wp\/v2\/media?parent=160"}],"curies":[{"name":"wp","href":"https:\/\/api.w.org\/{rel}","templated":true}]}}