{"id":158,"date":"2013-02-18T18:05:01","date_gmt":"2013-02-18T17:05:01","guid":{"rendered":"https:\/\/www.europaskolan.se\/wordpress\/?page_id=158"},"modified":"2025-09-30T15:50:22","modified_gmt":"2025-09-30T13:50:22","slug":"samhallsvetenskapsprogrammet","status":"publish","type":"page","link":"https:\/\/www.europaskolan.se\/strangnas\/gymnasieprogram\/samhallsvetenskapsprogrammet\/","title":{"rendered":"Samh\u00e4llsvetenskapsprogrammet"},"content":{"rendered":"<h1><img fetchpriority=\"high\" decoding=\"async\" class=\"alignnone size-full wp-image-15890\" src=\"https:\/\/www.europaskolan.se\/strangnas\/wp-content\/uploads\/sites\/2\/2024\/11\/Samallsvetenskapligaprogrammet-2024-2.jpg\" alt=\"\" width=\"960\" height=\"300\" srcset=\"https:\/\/www.europaskolan.se\/strangnas\/wp-content\/uploads\/sites\/2\/2024\/11\/Samallsvetenskapligaprogrammet-2024-2.jpg 960w, https:\/\/www.europaskolan.se\/strangnas\/wp-content\/uploads\/sites\/2\/2024\/11\/Samallsvetenskapligaprogrammet-2024-2-680x213.jpg 680w, https:\/\/www.europaskolan.se\/strangnas\/wp-content\/uploads\/sites\/2\/2024\/11\/Samallsvetenskapligaprogrammet-2024-2-200x63.jpg 200w, https:\/\/www.europaskolan.se\/strangnas\/wp-content\/uploads\/sites\/2\/2024\/11\/Samallsvetenskapligaprogrammet-2024-2-768x240.jpg 768w\" sizes=\"(max-width: 960px) 100vw, 960px\" \/><\/h1>\n<h3>Samh\u00e4llsvetenskapsprogrammet \u2013 inriktning samh\u00e4llsvetenskap eller beteendevetenskap<\/h3>\n<p><em>Ser du en framtid med internationell inriktning? Kanske som jurist, arkitekt, psykolog eller l\u00e4rare? Samh\u00e4llsvetenskapsprogrammet<\/em> <em>ger en samh\u00e4llsvetenskaplig bas; du v\u00e4ljer inriktning \u2013<\/em><em>\u00a0<\/em><em>antingen samh\u00e4llsvetenskap eller beteendevetenskap.<\/em><\/p>\n<p><strong>Samh\u00e4llsvetenskapsprogrammens studier utg\u00e5r fr\u00e5n Europa.<\/strong> Det handlar om allt fr\u00e5n samarbete och konflikter\u00a0till konst och kultur. Inte minst studerar vi de stora politiska f\u00f6r\u00e4ndringar som format v\u00e5r v\u00e4rldsdel.<\/p>\n<p><strong>F\u00f6rdjupningar i humaniora, samh\u00e4llskunskap och historia<\/strong> ger dig m\u00f6jlighet att vidga ditt internationella perspektiv. \u00c4r du intresserad av juridik och hur det svenska r\u00e4ttssystemet fungerar, vill du l\u00e4ra dig diskutera juridiska fr\u00e5gor ur olika perspektiv? P\u00e5 samh\u00e4llsvetenskapsprogrammet med inriktning samh\u00e4llsvetenskap kan du v\u00e4lja v\u00e5r juridikprofil.<\/p>\n<p><strong>Har du ett intresse f\u00f6r m\u00e4nniskor och samspelet dem emellan<\/strong>, d\u00e5 \u00e4r inriktningen beteendevetenskap n\u00e5got f\u00f6r dig. Du kommer speciellt att f\u00e5 kunskaper inom psykologi, sociologi, kommunikation och ledarskap.<\/p>\n<p><strong>Samh\u00e4llsvetenskapsprogrammen g\u00f6r dig ocks\u00e5 v\u00e4l f\u00f6rberedd f\u00f6r h\u00f6gskolestudier<\/strong> \u2013 precis som\u00a0\u00f6vriga program p\u00e5 Europaskolan Str\u00e4ngn\u00e4s.<\/p>\n<h3>Vad kan du bli?<\/h3>\n<p><strong>Efter Samh\u00e4llsvetenskapsprogrammet<\/strong>\u00a0kan du\u00a0bland annat vidareutbilda dig till dessa yrken:<\/p>\n<ul>\n<li>Arkitekt<\/li>\n<li>Beteendevetare<\/li>\n<li>Ekonom<\/li>\n<li>Journalist<\/li>\n<li>Jurist<\/li>\n<li>Kurator<\/li>\n<li>L\u00e4rare (\u00e4mnesl\u00e4rare p\u00e5 grundskola\/gymnasium)<\/li>\n<li>M\u00e4klare<\/li>\n<li>Polis<\/li>\n<li>Psykolog<\/li>\n<li>Samh\u00e4llsvetare<\/li>\n<li>Socionom<\/li>\n<li>Spr\u00e5kvetare<\/li>\n<li>Statsvetare<\/li>\n<li>Tolk<\/li>\n<li>\u00d6vers\u00e4ttare<\/li>\n<\/ul>\n<p><strong>H\u00e4r kan du ladda ner po\u00e4ngplanerna f\u00f6r Samh\u00e4llsvetenskapsprogrammet\u00a0som pdf:er.<\/strong><\/p>\n<p><strong>Po\u00e4ngplan:<\/strong> <a href=\"https:\/\/www.europaskolan.se\/strangnas\/wp-content\/uploads\/sites\/2\/2024\/10\/Poangplaner-SASAP.pdf\">Samh\u00e4llsvetenskap \u2013 inriktning samh\u00e4llsvetenskap &gt;<\/a><u><br \/>\n<\/u><strong>Po\u00e4ngplan:<\/strong> <a href=\"https:\/\/www.europaskolan.se\/strangnas\/wp-content\/uploads\/sites\/2\/2024\/10\/Poangplaner-SABEP.pdf\">Samh\u00e4llsvetenskap \u2013 inriktning beteendevetenskap &gt;<\/a><\/p>\n","protected":false},"excerpt":{"rendered":"<p>Ser du en framtid med internationell inriktning? Kanske som jurist, arkitekt, psykolog eller l\u00e4rare? <\/p>\n","protected":false},"author":2,"featured_media":15875,"parent":153,"menu_order":2,"comment_status":"closed","ping_status":"closed","template":"","meta":{"footnotes":""},"class_list":["post-158","page","type-page","status-publish","has-post-thumbnail","hentry"],"blocksy_meta":[],"rttpg_featured_image_url":{"full":["https:\/\/www.europaskolan.se\/strangnas\/wp-content\/uploads\/sites\/2\/2024\/11\/Mod-programmet-2024-1.jpg",960,300,false],"landscape":["https:\/\/www.europaskolan.se\/strangnas\/wp-content\/uploads\/sites\/2\/2024\/11\/Mod-programmet-2024-1.jpg",960,300,false],"portraits":["https:\/\/www.europaskolan.se\/strangnas\/wp-content\/uploads\/sites\/2\/2024\/11\/Mod-programmet-2024-1.jpg",960,300,false],"thumbnail":["https:\/\/www.europaskolan.se\/strangnas\/wp-content\/uploads\/sites\/2\/2024\/11\/Mod-programmet-2024-1-200x63.jpg",200,63,true],"medium":["https:\/\/www.europaskolan.se\/strangnas\/wp-content\/uploads\/sites\/2\/2024\/11\/Mod-programmet-2024-1-680x213.jpg",680,213,true],"large":["https:\/\/www.europaskolan.se\/strangnas\/wp-content\/uploads\/sites\/2\/2024\/11\/Mod-programmet-2024-1.jpg",960,300,false],"1536x1536":["https:\/\/www.europaskolan.se\/strangnas\/wp-content\/uploads\/sites\/2\/2024\/11\/Mod-programmet-2024-1.jpg",960,300,false],"2048x2048":["https:\/\/www.europaskolan.se\/strangnas\/wp-content\/uploads\/sites\/2\/2024\/11\/Mod-programmet-2024-1.jpg",960,300,false],"sow-carousel-default":["https:\/\/www.europaskolan.se\/strangnas\/wp-content\/uploads\/sites\/2\/2024\/11\/Mod-programmet-2024-1-272x182.jpg",272,182,true]},"rttpg_author":{"display_name":"camilla","author_link":"https:\/\/www.europaskolan.se\/strangnas\/author\/camilla\/"},"rttpg_comment":0,"rttpg_category":null,"rttpg_excerpt":"Ser du en framtid med internationell inriktning? Kanske som jurist, arkitekt, psykolog eller l\u00e4rare?","_links":{"self":[{"href":"https:\/\/www.europaskolan.se\/strangnas\/wp-json\/wp\/v2\/pages\/158","targetHints":{"allow":["GET"]}}],"collection":[{"href":"https:\/\/www.europaskolan.se\/strangnas\/wp-json\/wp\/v2\/pages"}],"about":[{"href":"https:\/\/www.europaskolan.se\/strangnas\/wp-json\/wp\/v2\/types\/page"}],"author":[{"embeddable":true,"href":"https:\/\/www.europaskolan.se\/strangnas\/wp-json\/wp\/v2\/users\/2"}],"replies":[{"embeddable":true,"href":"https:\/\/www.europaskolan.se\/strangnas\/wp-json\/wp\/v2\/comments?post=158"}],"version-history":[{"count":0,"href":"https:\/\/www.europaskolan.se\/strangnas\/wp-json\/wp\/v2\/pages\/158\/revisions"}],"up":[{"embeddable":true,"href":"https:\/\/www.europaskolan.se\/strangnas\/wp-json\/wp\/v2\/pages\/153"}],"wp:featuredmedia":[{"embeddable":true,"href":"https:\/\/www.europaskolan.se\/strangnas\/wp-json\/wp\/v2\/media\/15875"}],"wp:attachment":[{"href":"https:\/\/www.europaskolan.se\/strangnas\/wp-json\/wp\/v2\/media?parent=158"}],"curies":[{"name":"wp","href":"https:\/\/api.w.org\/{rel}","templated":true}]}}