{"id":131,"date":"2013-02-18T17:28:27","date_gmt":"2013-02-18T16:28:27","guid":{"rendered":"https:\/\/www.europaskolan.se\/wordpress\/?page_id=131"},"modified":"2025-08-28T18:26:15","modified_gmt":"2025-08-28T16:26:15","slug":"hitta-pa-skolan","status":"publish","type":"page","link":"https:\/\/www.europaskolan.se\/strangnas\/hitta-pa-skolan\/","title":{"rendered":"Stadscampus \u2013 skolomr\u00e5det"},"content":{"rendered":"<h3><img fetchpriority=\"high\" decoding=\"async\" class=\"alignnone size-full wp-image-10081\" src=\"https:\/\/www.europaskolan.se\/strangnas\/wp-content\/uploads\/sites\/2\/2019\/04\/byggnader_stadscampus.jpg\" alt=\"\" width=\"680\" height=\"213\" srcset=\"https:\/\/www.europaskolan.se\/strangnas\/wp-content\/uploads\/sites\/2\/2019\/04\/byggnader_stadscampus.jpg 680w, https:\/\/www.europaskolan.se\/strangnas\/wp-content\/uploads\/sites\/2\/2019\/04\/byggnader_stadscampus-200x63.jpg 200w\" sizes=\"(max-width: 680px) 100vw, 680px\" \/><\/h3>\n<p><em>Europaskolan Str\u00e4ngn\u00e4s ligger i centrala Str\u00e4ngn\u00e4s, alldeles vid M\u00e4laren. H\u00e4r har varje gymnasieprogram sin egen byggnad, precis som p\u00e5 ett universitet. Vi kallar det stadscampus,\u00a0eftersom omr\u00e5det \u00e4r en integrerad del av staden. V\u00e4lkommen till den historiska l\u00e4rostaden Str\u00e4ngn\u00e4s.<\/em><\/p>\n<p><strong>P\u00e5 Europaskolan Str\u00e4ngn\u00e4s<\/strong> studerar du bara ett stenkast fr\u00e5n domkyrkan och\u00a0Roggeborgen \u2013 d\u00e4r ett gymnasium startade f\u00f6r 400 \u00e5r sedan.<\/p>\n<p><b>Nedan hittar du bilder p\u00e5 de olika byggnaderna, en <a href=\"https:\/\/europaskolan.view360.se\/\">virtuell rundvandring<\/a> och en karta \u00f6ver v\u00e5rt stadscampus. <\/b>Det \u00e4r l\u00e4tt att hitta p\u00e5 skolan \u2013 att g\u00e5 mellan husen tar bara n\u00e5gra minuter.<\/p>\n<hr \/>\n<h3>Virtuell rundvandring<\/h3>\n<p><span style=\"font-size: 13pt;\">H\u00e4r kan du f\u00f6lja med oss p\u00e5 en virtuell rundvandring p\u00e5 v\u00e5rt stadscampus och titta in i de olika skolbyggnaderna.<\/span><\/p>\n<p><strong><a style=\"color: #243487;\" href=\"https:\/\/europaskolan.view360.se\/\">F\u00f6lj l\u00e4nken eller klicka p\u00e5 bilden och h\u00e4ng med &gt;<\/a><\/strong><\/p>\n<p><a href=\"https:\/\/europaskolan.view360.se\/\"><img decoding=\"async\" class=\"alignnone wp-image-14969 size-full\" src=\"https:\/\/www.europaskolan.se\/strangnas\/wp-content\/uploads\/sites\/2\/2024\/04\/Europaskolan_Strangnas_Stadscampus.jpg\" alt=\"\" width=\"1548\" height=\"819\" srcset=\"https:\/\/www.europaskolan.se\/strangnas\/wp-content\/uploads\/sites\/2\/2024\/04\/Europaskolan_Strangnas_Stadscampus.jpg 1548w, https:\/\/www.europaskolan.se\/strangnas\/wp-content\/uploads\/sites\/2\/2024\/04\/Europaskolan_Strangnas_Stadscampus-567x300.jpg 567w, https:\/\/www.europaskolan.se\/strangnas\/wp-content\/uploads\/sites\/2\/2024\/04\/Europaskolan_Strangnas_Stadscampus-1024x542.jpg 1024w, https:\/\/www.europaskolan.se\/strangnas\/wp-content\/uploads\/sites\/2\/2024\/04\/Europaskolan_Strangnas_Stadscampus-200x106.jpg 200w, https:\/\/www.europaskolan.se\/strangnas\/wp-content\/uploads\/sites\/2\/2024\/04\/Europaskolan_Strangnas_Stadscampus-768x406.jpg 768w, https:\/\/www.europaskolan.se\/strangnas\/wp-content\/uploads\/sites\/2\/2024\/04\/Europaskolan_Strangnas_Stadscampus-1536x813.jpg 1536w\" sizes=\"(max-width: 1548px) 100vw, 1548px\" \/><\/a><\/p>\n<hr \/>\n<h3>V\u00e5ra skolbyggnader<\/h3>\n<p><b><img decoding=\"async\" class=\"alignnone wp-image-10638\" src=\"https:\/\/www.europaskolan.se\/strangnas\/wp-content\/uploads\/sites\/2\/2019\/09\/Europaskolan_Strangnas_Philosophicum1.jpg\" alt=\"\" width=\"564\" height=\"360\" srcset=\"https:\/\/www.europaskolan.se\/strangnas\/wp-content\/uploads\/sites\/2\/2019\/09\/Europaskolan_Strangnas_Philosophicum1.jpg 940w, https:\/\/www.europaskolan.se\/strangnas\/wp-content\/uploads\/sites\/2\/2019\/09\/Europaskolan_Strangnas_Philosophicum1-200x128.jpg 200w, https:\/\/www.europaskolan.se\/strangnas\/wp-content\/uploads\/sites\/2\/2019\/09\/Europaskolan_Strangnas_Philosophicum1-470x300.jpg 470w, https:\/\/www.europaskolan.se\/strangnas\/wp-content\/uploads\/sites\/2\/2019\/09\/Europaskolan_Strangnas_Philosophicum1-768x490.jpg 768w\" sizes=\"(max-width: 564px) 100vw, 564px\" \/><br \/>\n<\/b><\/p>\n<p><strong>1. Philosophicum<\/strong> \u00e4r skolans huvudbyggnad, som ligger vid \u00c5ngb\u00e5tsbron intill M\u00e4laren.\u00a0H\u00e4r g\u00e5r eleverna p\u00e5 Europaprogrammen, som delar huset med rektor, l\u00e4rare och reception.<\/p>\n<hr \/>\n<p><b><span style=\"color: #ffffff;\">Europaskolan Str\u00e4ngn\u00e4s<\/span><br \/>\n<img loading=\"lazy\" decoding=\"async\" class=\"alignnone wp-image-5314\" src=\"https:\/\/www.europaskolan.se\/strangnas\/wp-content\/uploads\/2013\/02\/Europaskolan_Strangnas_Technicum.jpg\" alt=\"Europaskolan_Strangnas_Technicum\" width=\"564\" height=\"360\" \/><\/b><\/p>\n<p><b>2. Technicum<\/b> \u00e4r naturvetarnas hus och den nyaste byggnaden p\u00e5 stadscampus.\u00a0H\u00e4r g\u00e5r eleverna p\u00e5 Kemi\/Fysikprogrammet och Scienceprogrammet, v\u00e5r naturvetenskapliga\u00a0spetsutbildning.<\/p>\n<hr \/>\n<p><b><span style=\"color: #ffffff;\">Europaskolan Str\u00e4ngn\u00e4s<\/span><br \/>\n<img loading=\"lazy\" decoding=\"async\" class=\"alignnone wp-image-5302\" src=\"https:\/\/www.europaskolan.se\/strangnas\/wp-content\/uploads\/2013\/02\/Europaskolan_Strangnas_.jpg\" alt=\"Europaskolan_Strangnas_Economicum\" width=\"564\" height=\"360\" \/><\/b><\/p>\n<p><b>3.<\/b> <strong>Civitas<\/strong> har tv\u00e5 plan i huset f\u00f6r eleverna p\u00e5 programmet Modern Humanities.<\/p>\n<hr \/>\n<p><b><span style=\"color: #ffffff;\">Europaskolan Str\u00e4ngn\u00e4s<\/span><br \/>\n<img loading=\"lazy\" decoding=\"async\" class=\"alignnone wp-image-11984\" src=\"https:\/\/www.europaskolan.se\/strangnas\/wp-content\/uploads\/sites\/2\/2021\/03\/Europaskolan_Strangnas_Economicum-470x300.jpg\" alt=\"\" width=\"564\" height=\"360\" srcset=\"https:\/\/www.europaskolan.se\/strangnas\/wp-content\/uploads\/sites\/2\/2021\/03\/Europaskolan_Strangnas_Economicum-470x300.jpg 470w, https:\/\/www.europaskolan.se\/strangnas\/wp-content\/uploads\/sites\/2\/2021\/03\/Europaskolan_Strangnas_Economicum-200x128.jpg 200w, https:\/\/www.europaskolan.se\/strangnas\/wp-content\/uploads\/sites\/2\/2021\/03\/Europaskolan_Strangnas_Economicum-768x490.jpg 768w, https:\/\/www.europaskolan.se\/strangnas\/wp-content\/uploads\/sites\/2\/2021\/03\/Europaskolan_Strangnas_Economicum.jpg 940w\" sizes=\"(max-width: 564px) 100vw, 564px\" \/><br \/>\n<\/b><\/p>\n<p><strong>4. Economicum <\/strong>\u00e4r en vacker byggnad fr\u00e5n 1898 som tidigare var folkskola. H\u00e4r bedrivs undervisning f\u00f6r eleverna p\u00e5 F\u00f6retagarprogrammet. I denna byggnad finns \u00e4ven bildsalen och skolans IT-avdelning.<\/p>\n<hr \/>\n<p><b><span style=\"color: #ffffff;\">Europaskolan Str\u00e4ngn\u00e4s<\/span><br \/>\n<img loading=\"lazy\" decoding=\"async\" class=\"alignnone wp-image-11983\" src=\"https:\/\/www.europaskolan.se\/strangnas\/wp-content\/uploads\/sites\/2\/2021\/03\/Europaskolan_Strangnas_Djakne-470x300.jpg\" alt=\"\" width=\"564\" height=\"360\" srcset=\"https:\/\/www.europaskolan.se\/strangnas\/wp-content\/uploads\/sites\/2\/2021\/03\/Europaskolan_Strangnas_Djakne-470x300.jpg 470w, https:\/\/www.europaskolan.se\/strangnas\/wp-content\/uploads\/sites\/2\/2021\/03\/Europaskolan_Strangnas_Djakne-200x128.jpg 200w, https:\/\/www.europaskolan.se\/strangnas\/wp-content\/uploads\/sites\/2\/2021\/03\/Europaskolan_Strangnas_Djakne-768x490.jpg 768w, https:\/\/www.europaskolan.se\/strangnas\/wp-content\/uploads\/sites\/2\/2021\/03\/Europaskolan_Strangnas_Djakne.jpg 940w\" sizes=\"(max-width: 564px) 100vw, 564px\" \/><br \/>\n<\/b><\/p>\n<p><b>5. Dj\u00e4kneg\u00e5rden<\/b> \u00e4r 100 \u00e5r gammal och rymmer skolans aula, Dj\u00e4knehallen.<\/p>\n<hr \/>\n<p><b><span style=\"color: #ffffff;\">Europaskolan Str\u00e4ngn\u00e4s<\/span><br \/>\n<img loading=\"lazy\" decoding=\"async\" class=\"alignnone wp-image-5310\" src=\"https:\/\/www.europaskolan.se\/strangnas\/wp-content\/uploads\/2013\/02\/Europaskolan_Strangnas_Mediateket.jpg\" alt=\"Europaskolan_Strangnas_Mediateket\" width=\"564\" height=\"360\" \/><\/b><\/p>\n<p><b>6. Mediateket<\/b> ligger i Sveriges f\u00f6rsta gymnastikhus, fr\u00e5n 1854. Det \u00e4r elevernas eget bibliotek\u00a0och studierum med tidskrifter. H\u00e4r finns tr\u00e5dl\u00f6st n\u00e4tverk och en lugn studiemilj\u00f6. <a href=\"https:\/\/www.europaskolan.se\/strangnas\/europaskolan-strangnas\/mediateket-skolbiblioteket\/\">L\u00e4s mer h\u00e4r &gt;<\/a><\/p>\n<hr \/>\n<p><b><span style=\"color: #ffffff;\">Europaskolan Str\u00e4ngn\u00e4s<\/span><\/b><br \/>\n<img loading=\"lazy\" decoding=\"async\" class=\"alignnone wp-image-8808\" src=\"https:\/\/www.europaskolan.se\/strangnas\/wp-content\/uploads\/2013\/02\/Angbatsbron.jpg\" alt=\"\" width=\"564\" height=\"360\" \/><\/p>\n<p>7. <strong>\u00c5ngb\u00e5tsbron <\/strong>ligger vid M\u00e4laren, precis d\u00e4r Storgatan b\u00f6rjar. Ta en paus p\u00e5 bryggan med str\u00e5lande sj\u00f6utsikt. H\u00e4r ordnar vi ibland aktiviteter p\u00e5 vatten, till exempel kajakpaddling. \u00c5ngb\u00e5tsbron anv\u00e4nds i perioder ocks\u00e5 f\u00f6r caf\u00e9verksamhet.<\/p>\n<hr \/>\n<p><b><span style=\"color: #ffffff;\">Europaskolan Str\u00e4ngn\u00e4s<\/span><br \/>\n<img loading=\"lazy\" decoding=\"async\" class=\"alignnone wp-image-5307\" src=\"https:\/\/www.europaskolan.se\/strangnas\/wp-content\/uploads\/2013\/02\/Europaskolan_Strangnas_Jarnhandeln.jpg\" alt=\"Europaskolan_Strangnas_Jarnhandeln\" width=\"564\" height=\"360\" \/><\/b><\/p>\n<p><strong>8. Skolans matsal \u2013 J\u00e4rnhandeln <\/strong>ligger i de tidigare lokalerna f\u00f6r en j\u00e4rnhandel p\u00e5 Storgatan 11, d\u00e4rav namnet. Maten lagas av v\u00e5ra egna kockar. I matsalen finns det plats f\u00f6r 120\u2013130 g\u00e4ster, s\u00e5 skolans elever och l\u00e4rare \u00e4ter lunch i tre matlag. Intill ligger J\u00e4rnlagret, som \u00e4r elevernas caf\u00e9.<\/p>\n<hr \/>\n<p><b><span style=\"color: #ffffff;\">Europaskolan Str\u00e4ngn\u00e4s<br \/>\n<img loading=\"lazy\" decoding=\"async\" class=\"alignnone size-full wp-image-16439\" src=\"https:\/\/www.europaskolan.se\/strangnas\/wp-content\/uploads\/sites\/2\/2025\/08\/ESS_Arena.jpg\" alt=\"\" width=\"532\" height=\"300\" srcset=\"https:\/\/www.europaskolan.se\/strangnas\/wp-content\/uploads\/sites\/2\/2025\/08\/ESS_Arena.jpg 532w, https:\/\/www.europaskolan.se\/strangnas\/wp-content\/uploads\/sites\/2\/2025\/08\/ESS_Arena-200x113.jpg 200w\" sizes=\"(max-width: 532px) 100vw, 532px\" \/><br \/>\nEuropaskolan Str\u00e4ngn\u00e4s<br \/>\n<\/span><b>9. <\/b><\/b><strong>Lokaler f\u00f6r idrott finns i idrottsarenan p\u00e5 Larslunda Sport- och fritidscenter.<\/strong> I anslutning till centret finns \u00e4ven simhall med en 25-metersbass\u00e4ng. Det tar cirka 15\u201320 minuter att g\u00e5 fr\u00e5n stadscampus till Larslunda.<\/p>\n<hr \/>\n<h3>Karta \u00f6ver skolomr\u00e5det<\/h3>\n<p><b><span style=\"color: #ffffff;\">Europaskolan Str\u00e4ngn\u00e4s<\/span><\/b><b><br \/>\n<img loading=\"lazy\" decoding=\"async\" class=\"alignnone size-full wp-image-1469\" src=\"https:\/\/www.europaskolan.se\/strangnas\/wp-content\/uploads\/Karta-Stadscampus.jpg\" alt=\"Karta-Stadscampus\" width=\"478\" height=\"440\" \/><\/b><\/p>\n","protected":false},"excerpt":{"rendered":"<p>Europaskolan Str\u00e4ngn\u00e4s ligger i centrala Str\u00e4ngn\u00e4s, alldeles vid M\u00e4laren. H\u00e4r har varje gymnasieprogram sin egen byggnad, precis som p\u00e5 ett universitet. Vi kallar det stadscampus,\u00a0eftersom omr\u00e5det \u00e4r en integrerad del av staden. V\u00e4lkommen till den historiska l\u00e4rostaden Str\u00e4ngn\u00e4s. P\u00e5 Europaskolan Str\u00e4ngn\u00e4s studerar du bara ett stenkast fr\u00e5n domkyrkan och\u00a0Roggeborgen \u2013 d\u00e4r ett gymnasium startade f\u00f6r [&hellip;]<\/p>\n","protected":false},"author":2,"featured_media":0,"parent":0,"menu_order":0,"comment_status":"closed","ping_status":"closed","template":"","meta":{"footnotes":""},"class_list":["post-131","page","type-page","status-publish","hentry"],"blocksy_meta":[],"rttpg_featured_image_url":null,"rttpg_author":{"display_name":"camilla","author_link":"https:\/\/www.europaskolan.se\/strangnas\/author\/camilla\/"},"rttpg_comment":0,"rttpg_category":null,"rttpg_excerpt":"Europaskolan Str\u00e4ngn\u00e4s ligger i centrala Str\u00e4ngn\u00e4s, alldeles vid M\u00e4laren. H\u00e4r har varje gymnasieprogram sin egen byggnad, precis som p\u00e5 ett universitet. Vi kallar det stadscampus,\u00a0eftersom omr\u00e5det \u00e4r en integrerad del av staden. V\u00e4lkommen till den historiska l\u00e4rostaden Str\u00e4ngn\u00e4s. P\u00e5 Europaskolan Str\u00e4ngn\u00e4s studerar du bara ett stenkast fr\u00e5n domkyrkan och\u00a0Roggeborgen \u2013 d\u00e4r ett gymnasium startade f\u00f6r&hellip;","_links":{"self":[{"href":"https:\/\/www.europaskolan.se\/strangnas\/wp-json\/wp\/v2\/pages\/131","targetHints":{"allow":["GET"]}}],"collection":[{"href":"https:\/\/www.europaskolan.se\/strangnas\/wp-json\/wp\/v2\/pages"}],"about":[{"href":"https:\/\/www.europaskolan.se\/strangnas\/wp-json\/wp\/v2\/types\/page"}],"author":[{"embeddable":true,"href":"https:\/\/www.europaskolan.se\/strangnas\/wp-json\/wp\/v2\/users\/2"}],"replies":[{"embeddable":true,"href":"https:\/\/www.europaskolan.se\/strangnas\/wp-json\/wp\/v2\/comments?post=131"}],"version-history":[{"count":0,"href":"https:\/\/www.europaskolan.se\/strangnas\/wp-json\/wp\/v2\/pages\/131\/revisions"}],"wp:attachment":[{"href":"https:\/\/www.europaskolan.se\/strangnas\/wp-json\/wp\/v2\/media?parent=131"}],"curies":[{"name":"wp","href":"https:\/\/api.w.org\/{rel}","templated":true}]}}