{"id":9655,"date":"2021-03-29T11:29:23","date_gmt":"2021-03-29T09:29:23","guid":{"rendered":"https:\/\/www.europaskolan.se\/rogge\/?page_id=9655"},"modified":"2025-10-31T14:18:23","modified_gmt":"2025-10-31T13:18:23","slug":"benninge-en-anrik-plats-for-utbildning-i-strangnas","status":"publish","type":"page","link":"https:\/\/www.europaskolan.se\/rogge\/benninge-en-anrik-plats-for-utbildning-i-strangnas\/","title":{"rendered":"Benninge \u2013 en anrik plats f\u00f6r utbildning i Str\u00e4ngn\u00e4s"},"content":{"rendered":"<p><img fetchpriority=\"high\" decoding=\"async\" class=\"alignnone size-full wp-image-9659\" src=\"https:\/\/www.europaskolan.se\/rogge\/wp-content\/uploads\/sites\/3\/2021\/03\/ESR_Benningeskolomrade-1-1.jpg\" alt=\"\" width=\"1024\" height=\"654\" srcset=\"https:\/\/www.europaskolan.se\/rogge\/wp-content\/uploads\/sites\/3\/2021\/03\/ESR_Benningeskolomrade-1-1.jpg 1024w, https:\/\/www.europaskolan.se\/rogge\/wp-content\/uploads\/sites\/3\/2021\/03\/ESR_Benningeskolomrade-1-1-470x300.jpg 470w, https:\/\/www.europaskolan.se\/rogge\/wp-content\/uploads\/sites\/3\/2021\/03\/ESR_Benningeskolomrade-1-1-200x128.jpg 200w, https:\/\/www.europaskolan.se\/rogge\/wp-content\/uploads\/sites\/3\/2021\/03\/ESR_Benningeskolomrade-1-1-768x491.jpg 768w\" sizes=\"(max-width: 1024px) 100vw, 1024px\" \/><em>Europaskolan Rogge ligger i Benninge, som inte bara \u00e4r ett natursk\u00f6nt omr\u00e5de p\u00e5 L\u00e5ngberget. Det \u00e4r ocks\u00e5 en anrik plats f\u00f6r utbildning, som en del av skolstaden Str\u00e4ngn\u00e4s. H\u00e4r startades den popul\u00e4ra Benninge Hemskola \u00e5r 1908, av entrepren\u00f6ren Eva Sack. I n\u00e4stan 80 \u00e5r fick framf\u00f6r allt kvinnor l\u00e4ra sig allt fr\u00e5n djursk\u00f6tsel och slakt till v\u00e4vning, matlagning och heminredning. F\u00f6lj med p\u00e5 Benninges tidsresa fram till i dag, n\u00e4r \u201dSackska huset\u201d \u00e4r en del av Europaskolan Rogge \u2013 och cirkeln \u00e4r sluten.<\/em><\/p>\n<h3>Benninge Hemskola 1908<\/h3>\n<p><strong>Att l\u00e4ra unga kvinnor \u201dallt till ett hems v\u00e5rdande h\u00f6rande sysslor\u201d, <\/strong>det var syftet med Benninge Hemskola. H\u00e4r skulle, kort sagt, allt ing\u00e5 som man beh\u00f6ver veta f\u00f6r att sk\u00f6ta ett hem \u2013 inklusive h\u00e4lsol\u00e4ra och barnav\u00e5rd.<\/p>\n<p><strong>Bakom Benninge Hemskola stod friherrinnan Eva Sack,<\/strong> f\u00f6dd 1869 i Fogd\u00f6 socken, en kvinna som visade sig vara en sann entrepren\u00f6r. Redan som barn p\u00e5 godset Bergshammar v\u00e4vde hon egna handdukar till lekstugan, och hon h\u00f6ll \u00e4ven kurser i s\u00f6mnad och v\u00e4vning f\u00f6r traktens statarbarn.<\/p>\n<p><img decoding=\"async\" class=\"alignnone size-full wp-image-9661\" src=\"https:\/\/www.europaskolan.se\/rogge\/wp-content\/uploads\/sites\/3\/2021\/03\/ESR_Benninge_Hushallsskola_Eva_Sack-3.jpg\" alt=\"\" width=\"1000\" height=\"1297\" srcset=\"https:\/\/www.europaskolan.se\/rogge\/wp-content\/uploads\/sites\/3\/2021\/03\/ESR_Benninge_Hushallsskola_Eva_Sack-3.jpg 1000w, https:\/\/www.europaskolan.se\/rogge\/wp-content\/uploads\/sites\/3\/2021\/03\/ESR_Benninge_Hushallsskola_Eva_Sack-3-231x300.jpg 231w, https:\/\/www.europaskolan.se\/rogge\/wp-content\/uploads\/sites\/3\/2021\/03\/ESR_Benninge_Hushallsskola_Eva_Sack-3-790x1024.jpg 790w, https:\/\/www.europaskolan.se\/rogge\/wp-content\/uploads\/sites\/3\/2021\/03\/ESR_Benninge_Hushallsskola_Eva_Sack-3-116x150.jpg 116w, https:\/\/www.europaskolan.se\/rogge\/wp-content\/uploads\/sites\/3\/2021\/03\/ESR_Benninge_Hushallsskola_Eva_Sack-3-768x996.jpg 768w\" sizes=\"(max-width: 1000px) 100vw, 1000px\" \/><\/p>\n<p><strong>Trots sin adliga titel skaffade sig Eva en gedigen utbildning,<\/strong> b\u00e5de inom teknik och konstindustri, i Stockholm. Efter en tid p\u00e5 Handarbetets V\u00e4nner k\u00e4nde hon att tj\u00e4nsten som assistent inte var tillr\u00e4ckligt givande. I st\u00e4llet flyttade hon till Malm\u00f6 f\u00f6r att \u00f6ppna hemsl\u00f6jdsbod tillsammans med en sk\u00e5nsk v\u00e4ninna. H\u00e4r v\u00e4ntade en slitsam tid, d\u00e4r butiksinnehavarna \u201d\u00e4ngsligt spanade genom f\u00f6nstret efter kunder\u201d f\u00f6r att f\u00e5 mat p\u00e5 bordet. Aff\u00e4rerna tog dock senare fart och de startade en lyckad export av sp\u00e5nkorgar. S\u00e5 sm\u00e5ningom blev Eva handplockad till det som skulle bli Nordiska Kompaniet, mer k\u00e4nt som NK. H\u00e4r ansvarade hon f\u00f6r antikvitetsavdelningen. Efter detta \u00e5terv\u00e4nde hon till Handarbetets V\u00e4nner men nu som direktris. \u00c5r 1907 satte dock allvarlig sjukdom stopp f\u00f6r vidare arbete. Eva \u00e5terv\u00e4nde till sitt barndomshem Bergshammar f\u00f6r konvalescens, men var hela tiden \u201dvid gladt mod\u201d enligt omgivningen. Det var ocks\u00e5 nu som id\u00e9n om en hush\u00e5llsskola tog form.<\/p>\n<h3>Hush\u00e5llsskola f\u00f6r alla samh\u00e4llsklasser<\/h3>\n<p><img decoding=\"async\" class=\"alignnone size-full wp-image-9669\" src=\"https:\/\/www.europaskolan.se\/rogge\/wp-content\/uploads\/sites\/3\/2021\/03\/ESR_Benningeskolomrade-Benninge_Hemskola-1-1.jpg\" alt=\"\" width=\"868\" height=\"624\" srcset=\"https:\/\/www.europaskolan.se\/rogge\/wp-content\/uploads\/sites\/3\/2021\/03\/ESR_Benningeskolomrade-Benninge_Hemskola-1-1.jpg 868w, https:\/\/www.europaskolan.se\/rogge\/wp-content\/uploads\/sites\/3\/2021\/03\/ESR_Benningeskolomrade-Benninge_Hemskola-1-1-417x300.jpg 417w, https:\/\/www.europaskolan.se\/rogge\/wp-content\/uploads\/sites\/3\/2021\/03\/ESR_Benningeskolomrade-Benninge_Hemskola-1-1-200x144.jpg 200w, https:\/\/www.europaskolan.se\/rogge\/wp-content\/uploads\/sites\/3\/2021\/03\/ESR_Benningeskolomrade-Benninge_Hemskola-1-1-768x552.jpg 768w\" sizes=\"(max-width: 868px) 100vw, 868px\" \/><\/p>\n<p><strong>Att som kvinna starta en hush\u00e5llsskola<\/strong> i tider av kamp f\u00f6r r\u00f6str\u00e4tt och \u00f6kad j\u00e4mlikhet s\u00e5gs av vissa som kontroversiellt. Men tanken bakom skolan var inte bara att l\u00e4ra ut hemmets sysslor utan ocks\u00e5 att sprida kunskap om hemarbetet och d\u00e4rmed \u00f6ka omv\u00e4rldens f\u00f6rst\u00e5else f\u00f6r dess v\u00e4rde.<\/p>\n<p><em>\u201dAndra m\u00e5 g\u00e4rna utbilda kvinnan till en politikens och det sociala arbetets framtidskraft, jag \u00e4mnar h\u00e5lla mig till den begr\u00e4nsade plats vi kalla hemmets omr\u00e5de.\u201d<\/em><\/p>\n<p>Det var Eva Sacks egna ord n\u00e4r hon presenterade sin id\u00e9 inf\u00f6r en artikel i tidningen Idun.<\/p>\n<p><strong>M\u00e5let med hush\u00e5llsskolan var att utbilda kvinnor fr\u00e5n alla samh\u00e4llsklasser.<\/strong> P\u00e5 s\u00e5 vis skulle ocks\u00e5 husmodern som arbetsgivare ha en b\u00e4ttre f\u00f6rst\u00e5else f\u00f6r sina anst\u00e4lldas sysslor.<\/p>\n<p><img loading=\"lazy\" decoding=\"async\" class=\"alignnone size-full wp-image-9668\" src=\"https:\/\/www.europaskolan.se\/rogge\/wp-content\/uploads\/sites\/3\/2021\/03\/ESR_Benningeskolomrade-Benninge_Hemskola-2-1.jpg\" alt=\"\" width=\"868\" height=\"624\" srcset=\"https:\/\/www.europaskolan.se\/rogge\/wp-content\/uploads\/sites\/3\/2021\/03\/ESR_Benningeskolomrade-Benninge_Hemskola-2-1.jpg 868w, https:\/\/www.europaskolan.se\/rogge\/wp-content\/uploads\/sites\/3\/2021\/03\/ESR_Benningeskolomrade-Benninge_Hemskola-2-1-417x300.jpg 417w, https:\/\/www.europaskolan.se\/rogge\/wp-content\/uploads\/sites\/3\/2021\/03\/ESR_Benningeskolomrade-Benninge_Hemskola-2-1-200x144.jpg 200w, https:\/\/www.europaskolan.se\/rogge\/wp-content\/uploads\/sites\/3\/2021\/03\/ESR_Benningeskolomrade-Benninge_Hemskola-2-1-768x552.jpg 768w\" sizes=\"(max-width: 868px) 100vw, 868px\" \/><\/p>\n<p><strong>Eva Sacks id\u00e9 var lyckosam.<\/strong> <strong>Benninge Hemskola tog emot den f\u00f6rsta elevkullen \u00e5r 1908,<\/strong> med Eva sj\u00e4lv som rektor. Skolan, som byggdes p\u00e5 L\u00e5ngberget i Str\u00e4ngn\u00e4s, fick d\u00e4refter ett mycket gott renomm\u00e9. Den lockade studerande fr\u00e5n hela landet, inte minst fr\u00e5n Stockholm, f\u00f6r att l\u00e4ra sig allt fr\u00e5n s\u00f6mnad och syltning till slakt. (Det sistn\u00e4mnda med \u201dsvimf\u00e4rdig uppsyn\u201d hos vissa elever, enligt vittnesm\u00e5l fr\u00e5n skolans l\u00e4rare.)<\/p>\n<p><strong>I Fredrika Bremer-f\u00f6rbundets tidning Dagny kunde man \u00e5r 1909 l\u00e4sa f\u00f6ljande annons<\/strong> fr\u00e5n hush\u00e5llsskolan i Benninge:<\/p>\n<p><img loading=\"lazy\" decoding=\"async\" class=\"alignnone wp-image-9657 \" src=\"https:\/\/www.europaskolan.se\/rogge\/wp-content\/uploads\/sites\/3\/2021\/03\/ESR_Benningeskolomrade-Benninge_Hemskola_Annons.jpg\" alt=\"\" width=\"686\" height=\"438\" srcset=\"https:\/\/www.europaskolan.se\/rogge\/wp-content\/uploads\/sites\/3\/2021\/03\/ESR_Benningeskolomrade-Benninge_Hemskola_Annons.jpg 940w, https:\/\/www.europaskolan.se\/rogge\/wp-content\/uploads\/sites\/3\/2021\/03\/ESR_Benningeskolomrade-Benninge_Hemskola_Annons-470x300.jpg 470w, https:\/\/www.europaskolan.se\/rogge\/wp-content\/uploads\/sites\/3\/2021\/03\/ESR_Benningeskolomrade-Benninge_Hemskola_Annons-200x128.jpg 200w, https:\/\/www.europaskolan.se\/rogge\/wp-content\/uploads\/sites\/3\/2021\/03\/ESR_Benningeskolomrade-Benninge_Hemskola_Annons-768x490.jpg 768w\" sizes=\"(max-width: 686px) 100vw, 686px\" \/><\/p>\n<h3>Finurlig utbyggnad 1912\u201313<\/h3>\n<p><strong>N\u00e5gra \u00e5r efter skolstarten beh\u00f6vdes mer plats f\u00f6r eleverna. <\/strong>Vissa bodde ju p\u00e5 skolan och som mest kunde varje elevrum delas av tre kvinnor. L\u00f6sningen var delvis att inkvartera en del elever p\u00e5 andra sidan v\u00e4gen, p\u00e5 Villa Fridhem. Denna g\u00e5rd bistod f\u00f6r \u00f6vrigt ocks\u00e5 med b\u00e5de brunns- och sj\u00f6vatten, d\u00e5 Benninge inte hade n\u00e5gon egen vattent\u00e4kt.<\/p>\n<p><strong>F\u00f6r att kunna bygga till en extra v\u00e5ning p\u00e5 skolans tv\u00e5v\u00e5ningshus,<\/strong> tog Eva Sack vara p\u00e5 ett finurligt kryph\u00e5l i lagen. Det beh\u00f6vdes n\u00e4mligen inte bygglov f\u00f6r att \u201df\u00e5 bygga p\u00e5 en v\u00e5ning p\u00e5 ett befintligt hus\u201d. Huset fick d\u00e4rmed sin n\u00e5got ovanliga konstruktion \u2026<\/p>\n<p><img loading=\"lazy\" decoding=\"async\" class=\"alignnone size-full wp-image-9667\" src=\"https:\/\/www.europaskolan.se\/rogge\/wp-content\/uploads\/sites\/3\/2021\/03\/ESR_Benningeskolomrade-Benninge_Hemskola-3-1.jpg\" alt=\"\" width=\"868\" height=\"624\" srcset=\"https:\/\/www.europaskolan.se\/rogge\/wp-content\/uploads\/sites\/3\/2021\/03\/ESR_Benningeskolomrade-Benninge_Hemskola-3-1.jpg 868w, https:\/\/www.europaskolan.se\/rogge\/wp-content\/uploads\/sites\/3\/2021\/03\/ESR_Benningeskolomrade-Benninge_Hemskola-3-1-417x300.jpg 417w, https:\/\/www.europaskolan.se\/rogge\/wp-content\/uploads\/sites\/3\/2021\/03\/ESR_Benningeskolomrade-Benninge_Hemskola-3-1-200x144.jpg 200w, https:\/\/www.europaskolan.se\/rogge\/wp-content\/uploads\/sites\/3\/2021\/03\/ESR_Benningeskolomrade-Benninge_Hemskola-3-1-768x552.jpg 768w\" sizes=\"(max-width: 868px) 100vw, 868px\" \/><\/p>\n<h3>Benninge Lanthush\u00e5llsskola 1916<\/h3>\n<p><strong>\u201dAlla lanthush\u00e5llsskolor ska f\u00e5 statsbidrag!\u201d<\/strong> Det var ett v\u00e4lkommet riksdagsbeslut \u00e5r 1912. S\u00f6dermanlands l\u00e4ns landsting tog fasta p\u00e5 detta och ville inr\u00e4tta en lanthush\u00e5llsskola. H\u00e4r var f\u00f6rst\u00e5s Benninge av intresse.<\/p>\n<p><strong>Benninge Hemskola omvandlades nu till en lanthush\u00e5llsskola<\/strong> \u2013 till Eva Sacks gl\u00e4dje. Hennes skola fick d\u00e4rmed en fastare form, och dessutom anslag fr\u00e5n b\u00e5de stat och landsting.<\/p>\n<p><strong>Undervisningen ut\u00f6kades nu med djursk\u00f6tsel, <\/strong>d\u00e5 tv\u00e5 kor (fler fick inte plats!) h\u00e4mtades fr\u00e5n Evas barndomshem Bergshammar. N\u00e5gra getter, grisar och h\u00f6ns fick ocks\u00e5 komplettera studierna.<\/p>\n<h3>Ny \u00e4gare, djurstallar och frukttr\u00e4dg\u00e5rd<\/h3>\n<p><strong>I b\u00f6rjan av 1920-talet bl\u00e5ste f\u00f6r\u00e4ndringens vindar. <\/strong>Med vacklande h\u00e4lsa besl\u00f6t sig Eva Sack f\u00f6r att s\u00e4lja skolan, och hon gick sedan ur tiden 1931.<\/p>\n<p><strong>Skolans nya \u00e4gare blev Signe Johansson,<\/strong> som tidigare varit f\u00f6rest\u00e5ndarinna f\u00f6r en annan lanthush\u00e5llsskola: i Sk\u00e5ne. Tillsammans med sin kollega och goda v\u00e4n Agda Vikstr\u00f6m, tog Signe \u00f6ver verksamheten p\u00e5 Benninge.<\/p>\n<p><strong>Lanthush\u00e5llsskolan fortsatte sedan att v\u00e4xa med framg\u00e5ng. <\/strong>\u00c5r 1930 byggdes \u201dR\u00f6da flygeln\u201d och \u00e5tta \u00e5r senare k\u00f6ptes grannfastigheten S\u00f6derbacka, som bland annat gav skolan fler elevrum och \u00e4nnu ett hemk\u00f6k.<\/p>\n<p><strong>Skolan fick nu ocks\u00e5 en egen dignande frukttr\u00e4dg\u00e5rd,<\/strong> som l\u00e5g vid platsen f\u00f6r det nutida \u00e4ldreboendet Mariag\u00e5rden. H\u00e4rifr\u00e5n h\u00e4mtades mycket r\u00e5varor till saftning och syltning.<\/p>\n<p><strong>Att ha ett eget skoljordbruk var viktigt f\u00f6r en lanthush\u00e5llsskola,<\/strong> men h\u00e4r h\u00f6ll det p\u00e5 att g\u00e5 \u00e5t pipan. Det var till och med tal om att flytta skolan, innan problemet l\u00f6stes. Benninge fick n\u00e4mligen dispens att undervisa i n\u00f6tkreaturssk\u00f6tsel och mj\u00f6lkning p\u00e5 n\u00e4rbel\u00e4gna Ulfh\u00e4lls lantbruksskola.<\/p>\n<p><strong>Landstinget, som tidigare hade hyrt Benninge Lanthush\u00e5llsskola, k\u00f6pte den 1945 <\/strong>och tog d\u00e4rmed helt \u00f6ver ansvaret. Nu skulle skolan byggas ut \u00e4nnu mer, bland annat med svinal\u00e4ngor.<\/p>\n<p><strong>Det var inte alla villa\u00e4gare vid L\u00e5ngberget som var positiva till att f\u00e5 grisar som grannar<\/strong> men deras protester hj\u00e4lpte f\u00f6ga: \u00c5r 1946 byggdes djurstallar p\u00e5 L\u00e5ngberget strax ovanf\u00f6r villasamh\u00e4llet. Signe Johansson fick dock inte uppleva detta, d\u00e5 hon gick bort samma \u00e5r, men Agda Vikstr\u00f6m tog \u00f6ver \u2013 och kom att verka p\u00e5 skolan i hela 35 \u00e5r!<\/p>\n<h3>Gymnasieskola p\u00e5 1970-talet<\/h3>\n<p><strong>\u00c5r 1971 blev Benninge Lanthush\u00e5llsskola omvandlad till gymnasieskola, <\/strong>med specialkurser inom konsumtions- och hush\u00e5llsomr\u00e5det. H\u00e4r kunde eleverna v\u00e4lja mellan att studera per termin eller hel\u00e5r. Nu tog skolan f\u00f6rst\u00e5s ocks\u00e5 emot b\u00e5de kvinnliga och manliga elever.<\/p>\n<p><img loading=\"lazy\" decoding=\"async\" class=\"alignnone size-full wp-image-9673\" src=\"https:\/\/www.europaskolan.se\/rogge\/wp-content\/uploads\/sites\/3\/2021\/03\/ESR_Benningeskolomrade-Benninge_Gymnasieskola-1.jpg\" alt=\"\" width=\"868\" height=\"624\" srcset=\"https:\/\/www.europaskolan.se\/rogge\/wp-content\/uploads\/sites\/3\/2021\/03\/ESR_Benningeskolomrade-Benninge_Gymnasieskola-1.jpg 868w, https:\/\/www.europaskolan.se\/rogge\/wp-content\/uploads\/sites\/3\/2021\/03\/ESR_Benningeskolomrade-Benninge_Gymnasieskola-1-417x300.jpg 417w, https:\/\/www.europaskolan.se\/rogge\/wp-content\/uploads\/sites\/3\/2021\/03\/ESR_Benningeskolomrade-Benninge_Gymnasieskola-1-200x144.jpg 200w, https:\/\/www.europaskolan.se\/rogge\/wp-content\/uploads\/sites\/3\/2021\/03\/ESR_Benningeskolomrade-Benninge_Gymnasieskola-1-768x552.jpg 768w\" sizes=\"(max-width: 868px) 100vw, 868px\" \/><\/p>\n<p><strong>Att konsumtionslinjen var en omtyckt utbildning<\/strong> framg\u00e5r bland annat av en f\u00f6re detta elevs positiva omd\u00f6me, i en intervju f\u00f6r Eskilstuna-Kuriren:<\/p>\n<p><em>\u201dJag och en kompis gick ett\u00e5rig hush\u00e5llsskola p\u00e5 Benninge i Str\u00e4ngn\u00e4s, och det \u00e5ret blev en enda l\u00e5ng njutning. Hur roligt som helst att l\u00e4ra sig allt detta, att sy, knyppla och brodera, mangla, stycka k\u00f6tt, m\u00f6blera ett rum och allt d\u00e4remellan.\u201d <\/em>(K\u00e4lla: <a href=\"https:\/\/ekuriren.se\/personligt\/kanner-mig-inte-gammal-for-fem-ore\">Eskilstuna-Kuriren<\/a>.)<\/p>\n<p><strong>Under 70-talet minskade dock antalet s\u00f6kande<\/strong> <strong>till Benninge<\/strong>. Utbildnings- och kulturn\u00e4mnden i Str\u00e4ngn\u00e4s fick vid flera tillf\u00e4llen ta st\u00e4llning till om verksamheten verkligen skulle forts\u00e4tta.<\/p>\n<p><strong>\u00c5r 1987 fick Benninge gymnasieskola till slut st\u00e4ngas,<\/strong> trots protester fr\u00e5n b\u00e5de elever och l\u00e4rare.<\/p>\n<h3>Friskolan Europaskolan Rogge \u00e5r 2008<\/h3>\n<p><strong>Under de kommande \u00e5ren anv\u00e4ndes Benningeskolans lokaler f\u00f6r kommunal vuxenutbildning, <\/strong>men stod ocks\u00e5 delvis oanv\u00e4nda. Det skulle sedan dr\u00f6ja till efter n\u00e4sta sekelskifte innan en ny skola etablerades p\u00e5 L\u00e5ngberget.<\/p>\n<p><strong>N\u00e4stan exakt 100 \u00e5r efter starten f\u00f6r Eva Sacks hemskola var det dags. <\/strong>D\u00e5 beslutade den ideella Stiftelsen Europaskolan att komplettera det frist\u00e5ende gymnasiet Europaskolan Str\u00e4ngn\u00e4s med en grundskola.<\/p>\n<p><img loading=\"lazy\" decoding=\"async\" class=\"alignnone size-full wp-image-9674\" src=\"https:\/\/www.europaskolan.se\/rogge\/wp-content\/uploads\/sites\/3\/2021\/03\/OMS02.jpg\" alt=\"\" width=\"1000\" height=\"666\" srcset=\"https:\/\/www.europaskolan.se\/rogge\/wp-content\/uploads\/sites\/3\/2021\/03\/OMS02.jpg 1000w, https:\/\/www.europaskolan.se\/rogge\/wp-content\/uploads\/sites\/3\/2021\/03\/OMS02-450x300.jpg 450w, https:\/\/www.europaskolan.se\/rogge\/wp-content\/uploads\/sites\/3\/2021\/03\/OMS02-200x133.jpg 200w, https:\/\/www.europaskolan.se\/rogge\/wp-content\/uploads\/sites\/3\/2021\/03\/OMS02-768x511.jpg 768w, https:\/\/www.europaskolan.se\/rogge\/wp-content\/uploads\/sites\/3\/2021\/03\/OMS02-272x182.jpg 272w\" sizes=\"(max-width: 1000px) 100vw, 1000px\" \/><\/p>\n<p><strong>\u00c5r 2008 slog Europaskolan Rogge upp portarna i Benninge, <\/strong>f\u00f6r att v\u00e4lkomna elever till ett nytt h\u00f6gstadium. N\u00e5gra \u00e5r senare ut\u00f6kades skolan \u00e4ven med ett mellanstadium.<\/p>\n<h3>Benninge kamratf\u00f6rening och Benninge stipendiefond<\/h3>\n<p><strong>\u00c5r 1989, tv\u00e5 \u00e5r efter skolans nedl\u00e4ggning, hade Benninge kamratf\u00f6rening grundats: <\/strong>en mycket uppskattad f\u00f6rening f\u00f6r de elever som en g\u00e5ng g\u00e5tt p\u00e5 skolan.<\/p>\n<p><strong>N\u00e4r f\u00f6reningen lades ner \u00e5r 2014<\/strong> <strong>\u00f6verf\u00f6rde de en summa pengar till Europaskolan Rogge. <\/strong><br \/>\nTanken var att dessa medel skulle anv\u00e4ndas till elevstipendier i Benninge kamratf\u00f6renings anda, f\u00f6r att<\/p>\n<ul>\n<li>st\u00e4rka och utveckla grundl\u00e4ggande hantering av svensk mat (husmanskost)<\/li>\n<li>uppmuntra till ekologisk produktion av matr\u00e5varor<\/li>\n<li>fr\u00e4mja textil utbildning.<\/li>\n<\/ul>\n<p><strong>Varje \u00e5r sedan dess delas varsitt stipendium ut till tv\u00e5 avg\u00e5ngselever<\/strong> <strong>p\u00e5 Europaskolan Rogge. <\/strong>Stipendierna best\u00e5r av 1\u00a0000 kronor vardera, och ges till elever som s\u00e4rskilt har utm\u00e4rkt sig inom textilsl\u00f6jd samt hem- och konsumentkunskap.<\/p>\n<h3>Sackska huset och Benninge i dag<\/h3>\n<p><img loading=\"lazy\" decoding=\"async\" class=\"alignnone size-full wp-image-9683\" src=\"https:\/\/www.europaskolan.se\/rogge\/wp-content\/uploads\/sites\/3\/2021\/03\/ESR_Sackska-Huset-Idag-2.jpg\" alt=\"\" width=\"952\" height=\"636\" srcset=\"https:\/\/www.europaskolan.se\/rogge\/wp-content\/uploads\/sites\/3\/2021\/03\/ESR_Sackska-Huset-Idag-2.jpg 952w, https:\/\/www.europaskolan.se\/rogge\/wp-content\/uploads\/sites\/3\/2021\/03\/ESR_Sackska-Huset-Idag-2-449x300.jpg 449w, https:\/\/www.europaskolan.se\/rogge\/wp-content\/uploads\/sites\/3\/2021\/03\/ESR_Sackska-Huset-Idag-2-200x134.jpg 200w, https:\/\/www.europaskolan.se\/rogge\/wp-content\/uploads\/sites\/3\/2021\/03\/ESR_Sackska-Huset-Idag-2-768x513.jpg 768w, https:\/\/www.europaskolan.se\/rogge\/wp-content\/uploads\/sites\/3\/2021\/03\/ESR_Sackska-Huset-Idag-2-272x182.jpg 272w\" sizes=\"(max-width: 952px) 100vw, 952px\" \/><\/p>\n<p><strong>I dag \u00e4r Benninge \u00e5terigen ett levande skolomr\u00e5de,<\/strong> d\u00e4r Eva Sacks g\u00e4rning lever kvar. Det ursprungliga r\u00f6da tr\u00e4huset har fortfarande namnet Sackska huset, och h\u00e4r finns i dag personalutrymmen och en tekniksal. De tv\u00e5 \u00f6versta planen \u00e5terinvigdes \u00e5r 2021 med nyrenoverade utrymmen f\u00f6r eleverna.<\/p>\n<p><img loading=\"lazy\" decoding=\"async\" class=\"alignnone size-full wp-image-9676\" src=\"https:\/\/www.europaskolan.se\/rogge\/wp-content\/uploads\/sites\/3\/2021\/03\/09.jpg\" alt=\"\" width=\"1000\" height=\"666\" srcset=\"https:\/\/www.europaskolan.se\/rogge\/wp-content\/uploads\/sites\/3\/2021\/03\/09.jpg 1000w, https:\/\/www.europaskolan.se\/rogge\/wp-content\/uploads\/sites\/3\/2021\/03\/09-450x300.jpg 450w, https:\/\/www.europaskolan.se\/rogge\/wp-content\/uploads\/sites\/3\/2021\/03\/09-200x133.jpg 200w, https:\/\/www.europaskolan.se\/rogge\/wp-content\/uploads\/sites\/3\/2021\/03\/09-768x511.jpg 768w, https:\/\/www.europaskolan.se\/rogge\/wp-content\/uploads\/sites\/3\/2021\/03\/09-272x182.jpg 272w\" sizes=\"(max-width: 1000px) 100vw, 1000px\" \/><\/p>\n<p><strong>\u00d6verst i Sackska huset finns nu elevernas egna trivsellokaler<\/strong>\u00a0som har namnet \u201dLadan\u201d (beroende p\u00e5 att dessa tidigare l\u00e5g i just en lada). H\u00e4r har eleverna nio rum p\u00e5 tv\u00e5 plan, f\u00f6r avkoppling och aktivitet mellan lektionerna. S\u00e5v\u00e4l pingisbord som sk\u00f6na soffor st\u00e5r till deras f\u00f6rfogande, och det finns \u00e4ven ett caf\u00e9. P\u00e5 Ladan erbjuds ocks\u00e5 l\u00e4xhj\u00e4lp f\u00f6r hela skolan, efter skoltid.<\/p>\n<p><strong>Kanske torkas disken just med tidigare elevers studiealster?<\/strong> P\u00e5 Europaskolan Rogge anv\u00e4nds n\u00e4mligen fortfarande handv\u00e4vda handdukar fr\u00e5n hush\u00e5llsskolans tid. Elevstipendiet forts\u00e4tter att delas ut, helt i Benninge kamratf\u00f6renings anda, och \u00e4n i dag kommer skolans naturn\u00e4ra l\u00e4ge till nytta, liksom det bekv\u00e4ma avst\u00e5ndet till Str\u00e4ngn\u00e4s resecentrum.<\/p>\n<p><strong>Men framf\u00f6r allt: Precis som Eva Sacks hemskola \u00e4r Europaskolan en skola som vill g\u00f6ra skillnad,<\/strong> b\u00e5de f\u00f6r den enskilde eleven och i samh\u00e4llet. Cirkeln \u00e4r sluten.<\/p>\n<blockquote><p>&nbsp;<\/p>\n<hr \/>\n<p><strong>Vill du veta mer?<\/strong><\/p>\n<p><strong>P\u00e5 S\u00f6rmlands l\u00e4ns museum finns Benninge-samlingen: <\/strong>en stor samling av m\u00e5nga alster av tidigare elever p\u00e5 Benninge Lanthush\u00e5llsskola, bland annat handv\u00e4vda handdukar och kl\u00e4der, anteckningsb\u00f6cker, hush\u00e5llsb\u00f6cker, fotografier och \u00f6vriga f\u00f6rem\u00e5l fr\u00e5n Benninge.<\/p>\n<p><strong>Museet anser att Benninge-samlingen \u00e4r viktig att bevara,<\/strong> d\u00e5 den \u00e4r en av de viktigaste samlingarna inom \u201dSkolsamlingen\u201d och illustrerar Str\u00e4ngn\u00e4s historia som l\u00e4rostad:<\/p>\n<p>\u201dBenninge har en stark lokal f\u00f6rankring och historia i Str\u00e4ngn\u00e4s.\u201d \/ &#8211; &#8211; &#8211; \/ D\u00e5 Benninge \u00e4r en stor del av Str\u00e4ngn\u00e4s lokalhistoria skulle samlingen kunna bed\u00f6mas ha en stor kulturhistorisk potential.\u201d<\/p>\n<p><a href=\"https:\/\/docplayer.se\/68725169-Strangnas-museum-och-dess-samlingar.html\">L\u00e4s mer och se bilder h\u00e4r &gt;<\/a><\/p>\n<hr \/>\n<p>&nbsp;<\/p><\/blockquote>\n<p><em>K\u00e4llor:<\/em> <a href=\"https:\/\/sokisamlingar.sormlandsmuseum.se\/collections\/show\/251\">S\u00f6rmlands l\u00e4ns museum<\/a>, <a href=\"http:\/\/www2.ub.gu.se\/kvinn\/digtid\/03\/1909\/dagny1909_22.pdf\">Dagny<\/a>: en tidning f\u00f6r den svenska kvinnor\u00f6relsen; En historik om Benningeskolan, av Sven Thorgren; <a href=\"http:\/\/digitalisering.ub.gu.se\/fasta\/laban\/erez\/kvinnohistoriska\/tidskrifter\/idun\/1908\/pdf\/1908_15.pdf\">Idun<\/a>: en veckotidning f\u00f6r \u201dkvinnan och hemmet\u201d; Benninge 1908\u20131972 av Anna-Maria Andersson, samt Yvonne Hedman, elev p\u00e5 Benninge 1976.<\/p>\n<p>&nbsp;<\/p>\n<p>&nbsp;<\/p>\n","protected":false},"excerpt":{"rendered":"<p>Europaskolan Rogge ligger i Benninge, som inte bara \u00e4r ett natursk\u00f6nt omr\u00e5de p\u00e5 L\u00e5ngberget. Det \u00e4r ocks\u00e5 en anrik plats f\u00f6r utbildning, som en del av skolstaden Str\u00e4ngn\u00e4s. H\u00e4r startades den popul\u00e4ra Benninge Hemskola \u00e5r 1908, av entrepren\u00f6ren Eva Sack. I n\u00e4stan 80 \u00e5r fick framf\u00f6r allt kvinnor l\u00e4ra sig allt fr\u00e5n djursk\u00f6tsel och slakt [&hellip;]<\/p>\n","protected":false},"author":1,"featured_media":0,"parent":0,"menu_order":0,"comment_status":"closed","ping_status":"closed","template":"","meta":{"footnotes":""},"class_list":["post-9655","page","type-page","status-publish","hentry"],"blocksy_meta":[],"rttpg_featured_image_url":null,"rttpg_author":{"display_name":"admin","author_link":"https:\/\/www.europaskolan.se\/rogge\/author\/admin\/"},"rttpg_comment":0,"rttpg_category":null,"rttpg_excerpt":"Europaskolan Rogge ligger i Benninge, som inte bara \u00e4r ett natursk\u00f6nt omr\u00e5de p\u00e5 L\u00e5ngberget. Det \u00e4r ocks\u00e5 en anrik plats f\u00f6r utbildning, som en del av skolstaden Str\u00e4ngn\u00e4s. H\u00e4r startades den popul\u00e4ra Benninge Hemskola \u00e5r 1908, av entrepren\u00f6ren Eva Sack. I n\u00e4stan 80 \u00e5r fick framf\u00f6r allt kvinnor l\u00e4ra sig allt fr\u00e5n djursk\u00f6tsel och slakt&hellip;","_links":{"self":[{"href":"https:\/\/www.europaskolan.se\/rogge\/wp-json\/wp\/v2\/pages\/9655","targetHints":{"allow":["GET"]}}],"collection":[{"href":"https:\/\/www.europaskolan.se\/rogge\/wp-json\/wp\/v2\/pages"}],"about":[{"href":"https:\/\/www.europaskolan.se\/rogge\/wp-json\/wp\/v2\/types\/page"}],"author":[{"embeddable":true,"href":"https:\/\/www.europaskolan.se\/rogge\/wp-json\/wp\/v2\/users\/1"}],"replies":[{"embeddable":true,"href":"https:\/\/www.europaskolan.se\/rogge\/wp-json\/wp\/v2\/comments?post=9655"}],"version-history":[{"count":0,"href":"https:\/\/www.europaskolan.se\/rogge\/wp-json\/wp\/v2\/pages\/9655\/revisions"}],"wp:attachment":[{"href":"https:\/\/www.europaskolan.se\/rogge\/wp-json\/wp\/v2\/media?parent=9655"}],"curies":[{"name":"wp","href":"https:\/\/api.w.org\/{rel}","templated":true}]}}