{"id":20,"date":"2013-02-15T15:14:32","date_gmt":"2013-02-15T14:14:32","guid":{"rendered":"https:\/\/www.europaskolan.se\/wordpress\/?page_id=20"},"modified":"2026-04-14T13:21:44","modified_gmt":"2026-04-14T11:21:44","slug":"europaskolan-rogge","status":"publish","type":"page","link":"https:\/\/www.europaskolan.se\/rogge\/","title":{"rendered":"V\u00e4lkommen till Europaskolan Rogge"},"content":{"rendered":"\t\t<div data-elementor-type=\"wp-page\" data-elementor-id=\"20\" class=\"elementor elementor-20\" data-elementor-post-type=\"page\">\n\t\t\t\t\t\t<section class=\"elementor-section elementor-top-section elementor-element elementor-element-579ebc30 ct-section-stretched elementor-section-full_width elementor-section-height-default elementor-section-height-default\" data-id=\"579ebc30\" data-element_type=\"section\" data-e-type=\"section\">\n\t\t\t\t\t\t<div class=\"elementor-container elementor-column-gap-no\">\n\t\t\t\t\t<div class=\"elementor-column elementor-col-100 elementor-top-column elementor-element elementor-element-5addd282\" data-id=\"5addd282\" data-element_type=\"column\" data-e-type=\"column\">\n\t\t\t<div class=\"elementor-widget-wrap elementor-element-populated\">\n\t\t\t\t\t\t<div class=\"elementor-element elementor-element-72b15503 elementor-widget elementor-widget-heading\" data-id=\"72b15503\" data-element_type=\"widget\" data-e-type=\"widget\" data-widget_type=\"heading.default\">\n\t\t\t\t<div class=\"elementor-widget-container\">\n\t\t\t\t\t<p class=\"elementor-heading-title elementor-size-default\"><span style=\"color: var(--heading-color, var(--heading-2-color, var(--headings-color)));font-family: var(--fontFamily);font-size: var(--fontSize);font-style: var(--fontStyle, inherit);font-weight: var(--fontWeight);letter-spacing: var(--letterSpacing);text-align: inherit;text-transform: var(--textTransform)\"><\/span><\/p>\t\t\t\t<\/div>\n\t\t\t\t<\/div>\n\t\t\t\t\t<\/div>\n\t\t<\/div>\n\t\t\t\t\t<\/div>\n\t\t<\/section>\n\t\t<div class=\"elementor-element elementor-element-8668b03 e-flex e-con-boxed e-con e-parent\" data-id=\"8668b03\" data-element_type=\"container\" data-e-type=\"container\">\n\t\t\t\t\t<div class=\"e-con-inner\">\n\t\t\t\t<div class=\"elementor-element elementor-element-56cc63f elementor-hidden-mobile elementor-widget elementor-widget-spacer\" data-id=\"56cc63f\" data-element_type=\"widget\" data-e-type=\"widget\" data-widget_type=\"spacer.default\">\n\t\t\t\t<div class=\"elementor-widget-container\">\n\t\t\t\t\t\t\t<div class=\"elementor-spacer\">\n\t\t\t<div class=\"elementor-spacer-inner\"><\/div>\n\t\t<\/div>\n\t\t\t\t\t\t<\/div>\n\t\t\t\t<\/div>\n\t\t\t\t<div class=\"elementor-element elementor-element-48d0ee0 elementor-widget elementor-widget-heading\" data-id=\"48d0ee0\" data-element_type=\"widget\" data-e-type=\"widget\" data-widget_type=\"heading.default\">\n\t\t\t\t<div class=\"elementor-widget-container\">\n\t\t\t\t\t<h1 class=\"elementor-heading-title elementor-size-default\">V\u00e4lkommen till\nEuropaskolan Rogge<\/h1>\t\t\t\t<\/div>\n\t\t\t\t<\/div>\n\t\t\t\t<div class=\"elementor-element elementor-element-f20986f elementor-widget elementor-widget-text-editor\" data-id=\"f20986f\" data-element_type=\"widget\" data-e-type=\"widget\" data-widget_type=\"text-editor.default\">\n\t\t\t\t<div class=\"elementor-widget-container\">\n\t\t\t\t\t\t\t\t\t<p>Vi ger dig en bra\u00a0grund inf\u00f6r gymnasiet,\u00a0med fokus p\u00e5 kunskaper och bildning. Hos oss ska du inte bara l\u00e4ra f\u00f6r skolan, h\u00e4r l\u00e4r du f\u00f6r livet, med b\u00e5de hj\u00e4rta och hj\u00e4rna!<\/p>\t\t\t\t\t\t\t\t<\/div>\n\t\t\t\t<\/div>\n\t\t\t\t<div class=\"elementor-element elementor-element-580c34b elementor-widget elementor-widget-spacer\" data-id=\"580c34b\" data-element_type=\"widget\" data-e-type=\"widget\" data-widget_type=\"spacer.default\">\n\t\t\t\t<div class=\"elementor-widget-container\">\n\t\t\t\t\t\t\t<div class=\"elementor-spacer\">\n\t\t\t<div class=\"elementor-spacer-inner\"><\/div>\n\t\t<\/div>\n\t\t\t\t\t\t<\/div>\n\t\t\t\t<\/div>\n\t\t\t\t\t<\/div>\n\t\t\t\t<\/div>\n\t\t\t\t<section class=\"elementor-section elementor-top-section elementor-element elementor-element-5fd1fe7f elementor-section-boxed elementor-section-height-default elementor-section-height-default\" data-id=\"5fd1fe7f\" data-element_type=\"section\" data-e-type=\"section\">\n\t\t\t\t\t\t<div class=\"elementor-container elementor-column-gap-wider\">\n\t\t\t\t\t<div class=\"elementor-column elementor-col-33 elementor-top-column elementor-element elementor-element-682252c5\" data-id=\"682252c5\" data-element_type=\"column\" data-e-type=\"column\">\n\t\t\t<div class=\"elementor-widget-wrap elementor-element-populated\">\n\t\t\t\t\t\t<div class=\"elementor-element elementor-element-7c893cbf elementor-widget elementor-widget-image\" data-id=\"7c893cbf\" data-element_type=\"widget\" data-e-type=\"widget\" data-widget_type=\"image.default\">\n\t\t\t\t<div class=\"elementor-widget-container\">\n\t\t\t\t\t\t\t\t\t\t\t\t\t\t\t<img fetchpriority=\"high\" decoding=\"async\" width=\"1024\" height=\"683\" src=\"https:\/\/www.europaskolan.se\/rogge\/wp-content\/uploads\/sites\/3\/2023\/09\/ESR_bildspel-16-1024x683.jpg\" class=\"attachment-large size-large wp-image-10505\" alt=\"\" srcset=\"https:\/\/www.europaskolan.se\/rogge\/wp-content\/uploads\/sites\/3\/2023\/09\/ESR_bildspel-16-1024x683.jpg 1024w, https:\/\/www.europaskolan.se\/rogge\/wp-content\/uploads\/sites\/3\/2023\/09\/ESR_bildspel-16-450x300.jpg 450w, https:\/\/www.europaskolan.se\/rogge\/wp-content\/uploads\/sites\/3\/2023\/09\/ESR_bildspel-16-200x133.jpg 200w, https:\/\/www.europaskolan.se\/rogge\/wp-content\/uploads\/sites\/3\/2023\/09\/ESR_bildspel-16-768x512.jpg 768w, https:\/\/www.europaskolan.se\/rogge\/wp-content\/uploads\/sites\/3\/2023\/09\/ESR_bildspel-16-1536x1024.jpg 1536w, https:\/\/www.europaskolan.se\/rogge\/wp-content\/uploads\/sites\/3\/2023\/09\/ESR_bildspel-16-272x182.jpg 272w, https:\/\/www.europaskolan.se\/rogge\/wp-content\/uploads\/sites\/3\/2023\/09\/ESR_bildspel-16.jpg 2048w\" sizes=\"(max-width: 1024px) 100vw, 1024px\" \/>\t\t\t\t\t\t\t\t\t\t\t\t\t\t\t<\/div>\n\t\t\t\t<\/div>\n\t\t\t\t<div class=\"elementor-element elementor-element-30eb3aef elementor-widget elementor-widget-heading\" data-id=\"30eb3aef\" data-element_type=\"widget\" data-e-type=\"widget\" data-widget_type=\"heading.default\">\n\t\t\t\t<div class=\"elementor-widget-container\">\n\t\t\t\t\t<h5 class=\"elementor-heading-title elementor-size-default\">Om Europaskolan Rogge<\/h5>\t\t\t\t<\/div>\n\t\t\t\t<\/div>\n\t\t\t\t<div class=\"elementor-element elementor-element-35d1273d elementor-widget elementor-widget-text-editor\" data-id=\"35d1273d\" data-element_type=\"widget\" data-e-type=\"widget\" data-widget_type=\"text-editor.default\">\n\t\t\t\t<div class=\"elementor-widget-container\">\n\t\t\t\t\t\t\t\t\t<p><strong>Europaskolan Rogge \u00e4r en friskola i Str\u00e4ngn\u00e4s,<\/strong> med mellanstadium och h\u00f6gstadium. Skolan startades \u00e5r 2008 och \u00e4gs av Stiftelsen Europaskolan, som \u00e4r helt ideell och icke vinstdrivande. Europaskolan Rogge erbjuder engagerade l\u00e4rare, fokus och gemenskap.<\/p>\t\t\t\t\t\t\t\t<\/div>\n\t\t\t\t<\/div>\n\t\t\t\t<div class=\"elementor-element elementor-element-23c66a64 elementor-widget elementor-widget-button\" data-id=\"23c66a64\" data-element_type=\"widget\" data-e-type=\"widget\" data-widget_type=\"button.default\">\n\t\t\t\t<div class=\"elementor-widget-container\">\n\t\t\t\t\t\t\t\t\t<div class=\"elementor-button-wrapper\">\n\t\t\t\t\t<a class=\"elementor-button elementor-button-link elementor-size-xs\" href=\"https:\/\/www.europaskolan.se\/rogge\/europaskolan-rogge\/om-europaskolan-rogge\/\">\n\t\t\t\t\t\t<span class=\"elementor-button-content-wrapper\">\n\t\t\t\t\t\t\t\t\t<span class=\"elementor-button-text\">L\u00e4s mer h\u00e4r &gt;<\/span>\n\t\t\t\t\t<\/span>\n\t\t\t\t\t<\/a>\n\t\t\t\t<\/div>\n\t\t\t\t\t\t\t\t<\/div>\n\t\t\t\t<\/div>\n\t\t\t\t\t<\/div>\n\t\t<\/div>\n\t\t\t\t<div class=\"elementor-column elementor-col-33 elementor-top-column elementor-element elementor-element-71bfe0de\" data-id=\"71bfe0de\" data-element_type=\"column\" data-e-type=\"column\">\n\t\t\t<div class=\"elementor-widget-wrap elementor-element-populated\">\n\t\t\t\t\t\t<div class=\"elementor-element elementor-element-2f038ee0 elementor-widget elementor-widget-image\" data-id=\"2f038ee0\" data-element_type=\"widget\" data-e-type=\"widget\" data-widget_type=\"image.default\">\n\t\t\t\t<div class=\"elementor-widget-container\">\n\t\t\t\t\t\t\t\t\t\t\t\t\t\t\t<img decoding=\"async\" width=\"1024\" height=\"683\" src=\"https:\/\/www.europaskolan.se\/rogge\/wp-content\/uploads\/sites\/3\/2024\/01\/ESR-Spets-2-1-1024x683.jpg\" class=\"attachment-large size-large wp-image-11050\" alt=\"\" srcset=\"https:\/\/www.europaskolan.se\/rogge\/wp-content\/uploads\/sites\/3\/2024\/01\/ESR-Spets-2-1-1024x683.jpg 1024w, https:\/\/www.europaskolan.se\/rogge\/wp-content\/uploads\/sites\/3\/2024\/01\/ESR-Spets-2-1-450x300.jpg 450w, https:\/\/www.europaskolan.se\/rogge\/wp-content\/uploads\/sites\/3\/2024\/01\/ESR-Spets-2-1-200x133.jpg 200w, https:\/\/www.europaskolan.se\/rogge\/wp-content\/uploads\/sites\/3\/2024\/01\/ESR-Spets-2-1-768x512.jpg 768w, https:\/\/www.europaskolan.se\/rogge\/wp-content\/uploads\/sites\/3\/2024\/01\/ESR-Spets-2-1-1536x1024.jpg 1536w, https:\/\/www.europaskolan.se\/rogge\/wp-content\/uploads\/sites\/3\/2024\/01\/ESR-Spets-2-1-2048x1365.jpg 2048w, https:\/\/www.europaskolan.se\/rogge\/wp-content\/uploads\/sites\/3\/2024\/01\/ESR-Spets-2-1-272x182.jpg 272w\" sizes=\"(max-width: 1024px) 100vw, 1024px\" \/>\t\t\t\t\t\t\t\t\t\t\t\t\t\t\t<\/div>\n\t\t\t\t<\/div>\n\t\t\t\t<div class=\"elementor-element elementor-element-7fa56e40 elementor-widget elementor-widget-heading\" data-id=\"7fa56e40\" data-element_type=\"widget\" data-e-type=\"widget\" data-widget_type=\"heading.default\">\n\t\t\t\t<div class=\"elementor-widget-container\">\n\t\t\t\t\t<h5 class=\"elementor-heading-title elementor-size-default\">V\u00e5ra spetsutbildningar<\/h5>\t\t\t\t<\/div>\n\t\t\t\t<\/div>\n\t\t\t\t<div class=\"elementor-element elementor-element-4282fb8d elementor-widget elementor-widget-text-editor\" data-id=\"4282fb8d\" data-element_type=\"widget\" data-e-type=\"widget\" data-widget_type=\"text-editor.default\">\n\t\t\t\t<div class=\"elementor-widget-container\">\n\t\t\t\t\t\t\t\t\t<p><strong>\u00c4r du en stj\u00e4rna p\u00e5 matte och NO?<\/strong> Eller \u00e4lskar du samh\u00e4llskunskap och historia?\u00a0Som en av f\u00e5 grundskolor i Sverige erbjuder Europaskolan Rogge tv\u00e5 spetsutbildningar fr\u00e5n \u00e5rskurs 7. V\u00e4lj mellan; matematik, kemi, fysik och biologi och\u00a0samh\u00e4llskunskap och historia.<\/p>\t\t\t\t\t\t\t\t<\/div>\n\t\t\t\t<\/div>\n\t\t\t\t<div class=\"elementor-element elementor-element-ff7cf24 elementor-widget elementor-widget-button\" data-id=\"ff7cf24\" data-element_type=\"widget\" data-e-type=\"widget\" data-widget_type=\"button.default\">\n\t\t\t\t<div class=\"elementor-widget-container\">\n\t\t\t\t\t\t\t\t\t<div class=\"elementor-button-wrapper\">\n\t\t\t\t\t<a class=\"elementor-button elementor-button-link elementor-size-xs\" href=\"https:\/\/www.europaskolan.se\/rogge\/om-vara-spetsutbildningar\/\">\n\t\t\t\t\t\t<span class=\"elementor-button-content-wrapper\">\n\t\t\t\t\t\t\t\t\t<span class=\"elementor-button-text\">L\u00e4s mer h\u00e4r &gt;<\/span>\n\t\t\t\t\t<\/span>\n\t\t\t\t\t<\/a>\n\t\t\t\t<\/div>\n\t\t\t\t\t\t\t\t<\/div>\n\t\t\t\t<\/div>\n\t\t\t\t\t<\/div>\n\t\t<\/div>\n\t\t\t\t<div class=\"elementor-column elementor-col-33 elementor-top-column elementor-element elementor-element-6efd8bb\" data-id=\"6efd8bb\" data-element_type=\"column\" data-e-type=\"column\">\n\t\t\t<div class=\"elementor-widget-wrap elementor-element-populated\">\n\t\t\t\t\t\t<div class=\"elementor-element elementor-element-6850e2b3 elementor-widget elementor-widget-image\" data-id=\"6850e2b3\" data-element_type=\"widget\" data-e-type=\"widget\" data-widget_type=\"image.default\">\n\t\t\t\t<div class=\"elementor-widget-container\">\n\t\t\t\t\t\t\t\t\t\t\t\t\t\t\t<img decoding=\"async\" width=\"1024\" height=\"683\" src=\"https:\/\/www.europaskolan.se\/rogge\/wp-content\/uploads\/sites\/3\/2024\/01\/ESR_bildspel-14-1024x683.jpg\" class=\"attachment-large size-large wp-image-11060\" alt=\"\" srcset=\"https:\/\/www.europaskolan.se\/rogge\/wp-content\/uploads\/sites\/3\/2024\/01\/ESR_bildspel-14-1024x683.jpg 1024w, https:\/\/www.europaskolan.se\/rogge\/wp-content\/uploads\/sites\/3\/2024\/01\/ESR_bildspel-14-450x300.jpg 450w, https:\/\/www.europaskolan.se\/rogge\/wp-content\/uploads\/sites\/3\/2024\/01\/ESR_bildspel-14-200x133.jpg 200w, https:\/\/www.europaskolan.se\/rogge\/wp-content\/uploads\/sites\/3\/2024\/01\/ESR_bildspel-14-768x512.jpg 768w, https:\/\/www.europaskolan.se\/rogge\/wp-content\/uploads\/sites\/3\/2024\/01\/ESR_bildspel-14-1536x1024.jpg 1536w, https:\/\/www.europaskolan.se\/rogge\/wp-content\/uploads\/sites\/3\/2024\/01\/ESR_bildspel-14-272x182.jpg 272w, https:\/\/www.europaskolan.se\/rogge\/wp-content\/uploads\/sites\/3\/2024\/01\/ESR_bildspel-14.jpg 2048w\" sizes=\"(max-width: 1024px) 100vw, 1024px\" \/>\t\t\t\t\t\t\t\t\t\t\t\t\t\t\t<\/div>\n\t\t\t\t<\/div>\n\t\t\t\t<div class=\"elementor-element elementor-element-8ecd922 elementor-widget elementor-widget-heading\" data-id=\"8ecd922\" data-element_type=\"widget\" data-e-type=\"widget\" data-widget_type=\"heading.default\">\n\t\t\t\t<div class=\"elementor-widget-container\">\n\t\t\t\t\t<h5 class=\"elementor-heading-title elementor-size-default\">Benninge \u2013 v\u00e5r skolmilj\u00f6<\/h5>\t\t\t\t<\/div>\n\t\t\t\t<\/div>\n\t\t\t\t<div class=\"elementor-element elementor-element-10f6ba67 elementor-widget elementor-widget-text-editor\" data-id=\"10f6ba67\" data-element_type=\"widget\" data-e-type=\"widget\" data-widget_type=\"text-editor.default\">\n\t\t\t\t<div class=\"elementor-widget-container\">\n\t\t\t\t\t\t\t\t\t<p><strong>Europaskolan Rogge <\/strong>ligger i Benninge, h\u00f6gt uppe p\u00e5 L\u00e5ngberget i Str\u00e4ngn\u00e4s. H\u00e4r har du str\u00e5lande utsikt \u00f6ver M\u00e4laren, och skogen precis runt knuten. V\u00e5r skolmilj\u00f6 inbjuder till lek, r\u00f6relse och gemenskap. Till centrala Str\u00e4ngn\u00e4s och resecentrum \u00e4r det cirka tio minuters promenad.<\/p>\t\t\t\t\t\t\t\t<\/div>\n\t\t\t\t<\/div>\n\t\t\t\t<div class=\"elementor-element elementor-element-60d25508 elementor-widget elementor-widget-button\" data-id=\"60d25508\" data-element_type=\"widget\" data-e-type=\"widget\" data-widget_type=\"button.default\">\n\t\t\t\t<div class=\"elementor-widget-container\">\n\t\t\t\t\t\t\t\t\t<div class=\"elementor-button-wrapper\">\n\t\t\t\t\t<a class=\"elementor-button elementor-button-link elementor-size-xs\" href=\"https:\/\/www.europaskolan.se\/rogge\/skolomradet-benninge\/\">\n\t\t\t\t\t\t<span class=\"elementor-button-content-wrapper\">\n\t\t\t\t\t\t\t\t\t<span class=\"elementor-button-text\">L\u00e4s mer h\u00e4r &gt;<\/span>\n\t\t\t\t\t<\/span>\n\t\t\t\t\t<\/a>\n\t\t\t\t<\/div>\n\t\t\t\t\t\t\t\t<\/div>\n\t\t\t\t<\/div>\n\t\t\t\t\t<\/div>\n\t\t<\/div>\n\t\t\t\t\t<\/div>\n\t\t<\/section>\n\t\t<div class=\"elementor-element elementor-element-b994550 elementor-hidden-mobile e-flex e-con-boxed e-con e-parent\" data-id=\"b994550\" data-element_type=\"container\" data-e-type=\"container\">\n\t\t\t\t\t<div class=\"e-con-inner\">\n\t\t\t\t<div class=\"elementor-element elementor-element-37664dc elementor-widget-divider--view-line elementor-widget elementor-widget-divider\" data-id=\"37664dc\" data-element_type=\"widget\" data-e-type=\"widget\" data-widget_type=\"divider.default\">\n\t\t\t\t<div class=\"elementor-widget-container\">\n\t\t\t\t\t\t\t<div class=\"elementor-divider\">\n\t\t\t<span class=\"elementor-divider-separator\">\n\t\t\t\t\t\t<\/span>\n\t\t<\/div>\n\t\t\t\t\t\t<\/div>\n\t\t\t\t<\/div>\n\t\t\t\t\t<\/div>\n\t\t\t\t<\/div>\n\t\t\t\t<section class=\"elementor-section elementor-top-section elementor-element elementor-element-6d12dcd elementor-section-boxed elementor-section-height-default elementor-section-height-default\" data-id=\"6d12dcd\" data-element_type=\"section\" data-e-type=\"section\">\n\t\t\t\t\t\t<div class=\"elementor-container elementor-column-gap-wider\">\n\t\t\t\t\t<div class=\"elementor-column elementor-col-33 elementor-top-column elementor-element elementor-element-486c3aa\" data-id=\"486c3aa\" data-element_type=\"column\" data-e-type=\"column\">\n\t\t\t<div class=\"elementor-widget-wrap elementor-element-populated\">\n\t\t\t\t\t\t<div class=\"elementor-element elementor-element-26d1e20 elementor-widget elementor-widget-image\" data-id=\"26d1e20\" data-element_type=\"widget\" data-e-type=\"widget\" data-widget_type=\"image.default\">\n\t\t\t\t<div class=\"elementor-widget-container\">\n\t\t\t\t\t\t\t\t\t\t\t\t\t\t\t<img loading=\"lazy\" decoding=\"async\" width=\"1024\" height=\"682\" src=\"https:\/\/www.europaskolan.se\/rogge\/wp-content\/uploads\/sites\/3\/2024\/01\/ESR_Ny-10-1024x682.jpg\" class=\"attachment-large size-large wp-image-11061\" alt=\"\" srcset=\"https:\/\/www.europaskolan.se\/rogge\/wp-content\/uploads\/sites\/3\/2024\/01\/ESR_Ny-10-1024x682.jpg 1024w, https:\/\/www.europaskolan.se\/rogge\/wp-content\/uploads\/sites\/3\/2024\/01\/ESR_Ny-10-450x300.jpg 450w, https:\/\/www.europaskolan.se\/rogge\/wp-content\/uploads\/sites\/3\/2024\/01\/ESR_Ny-10-200x133.jpg 200w, https:\/\/www.europaskolan.se\/rogge\/wp-content\/uploads\/sites\/3\/2024\/01\/ESR_Ny-10-768x512.jpg 768w, https:\/\/www.europaskolan.se\/rogge\/wp-content\/uploads\/sites\/3\/2024\/01\/ESR_Ny-10-1536x1024.jpg 1536w, https:\/\/www.europaskolan.se\/rogge\/wp-content\/uploads\/sites\/3\/2024\/01\/ESR_Ny-10-272x182.jpg 272w, https:\/\/www.europaskolan.se\/rogge\/wp-content\/uploads\/sites\/3\/2024\/01\/ESR_Ny-10.jpg 2000w\" sizes=\"(max-width: 1024px) 100vw, 1024px\" \/>\t\t\t\t\t\t\t\t\t\t\t\t\t\t\t<\/div>\n\t\t\t\t<\/div>\n\t\t\t\t<div class=\"elementor-element elementor-element-b84261a elementor-widget elementor-widget-heading\" data-id=\"b84261a\" data-element_type=\"widget\" data-e-type=\"widget\" data-widget_type=\"heading.default\">\n\t\t\t\t<div class=\"elementor-widget-container\">\n\t\t\t\t\t<h5 class=\"elementor-heading-title elementor-size-default\">Elevh\u00e4lsa<\/h5>\t\t\t\t<\/div>\n\t\t\t\t<\/div>\n\t\t\t\t<div class=\"elementor-element elementor-element-0c5d6b2 elementor-widget elementor-widget-text-editor\" data-id=\"0c5d6b2\" data-element_type=\"widget\" data-e-type=\"widget\" data-widget_type=\"text-editor.default\">\n\t\t\t\t<div class=\"elementor-widget-container\">\n\t\t\t\t\t\t\t\t\t<p><strong>H\u00e4lsa och v\u00e4lm\u00e5ende<\/strong> spelar en avg\u00f6rande roll f\u00f6r v\u00e5ra eleverna och deras prestation. Elevh\u00e4lsan p\u00e5 Europaskolan Rogge arbetar fr\u00e4mst f\u00f6rebyggande och h\u00e4lsofr\u00e4mjande, och ska st\u00f6dja elevernas utveckling mot utbildningens m\u00e5l och underl\u00e4tta f\u00f6r inl\u00e4rning och studier. Elevh\u00e4lsoarbetet \u00e4r en del av v\u00e5rt systematiska kvalitetsarbete.<\/p>\t\t\t\t\t\t\t\t<\/div>\n\t\t\t\t<\/div>\n\t\t\t\t<div class=\"elementor-element elementor-element-0490356 elementor-widget elementor-widget-button\" data-id=\"0490356\" data-element_type=\"widget\" data-e-type=\"widget\" data-widget_type=\"button.default\">\n\t\t\t\t<div class=\"elementor-widget-container\">\n\t\t\t\t\t\t\t\t\t<div class=\"elementor-button-wrapper\">\n\t\t\t\t\t<a class=\"elementor-button elementor-button-link elementor-size-xs\" href=\"https:\/\/www.europaskolan.se\/rogge\/elevhalsa\/\">\n\t\t\t\t\t\t<span class=\"elementor-button-content-wrapper\">\n\t\t\t\t\t\t\t\t\t<span class=\"elementor-button-text\">L\u00e4s mer h\u00e4r &gt;<\/span>\n\t\t\t\t\t<\/span>\n\t\t\t\t\t<\/a>\n\t\t\t\t<\/div>\n\t\t\t\t\t\t\t\t<\/div>\n\t\t\t\t<\/div>\n\t\t\t\t\t<\/div>\n\t\t<\/div>\n\t\t\t\t<div class=\"elementor-column elementor-col-33 elementor-top-column elementor-element elementor-element-288e564\" data-id=\"288e564\" data-element_type=\"column\" data-e-type=\"column\">\n\t\t\t<div class=\"elementor-widget-wrap elementor-element-populated\">\n\t\t\t\t\t\t<div class=\"elementor-element elementor-element-894bdf4 elementor-widget elementor-widget-image\" data-id=\"894bdf4\" data-element_type=\"widget\" data-e-type=\"widget\" data-widget_type=\"image.default\">\n\t\t\t\t<div class=\"elementor-widget-container\">\n\t\t\t\t\t\t\t\t\t\t\t\t\t\t\t<img loading=\"lazy\" decoding=\"async\" width=\"1024\" height=\"683\" src=\"https:\/\/www.europaskolan.se\/rogge\/wp-content\/uploads\/sites\/3\/2023\/10\/ESR_SYV-1-1024x683.jpg\" class=\"attachment-large size-large wp-image-10820\" alt=\"\" srcset=\"https:\/\/www.europaskolan.se\/rogge\/wp-content\/uploads\/sites\/3\/2023\/10\/ESR_SYV-1-1024x683.jpg 1024w, https:\/\/www.europaskolan.se\/rogge\/wp-content\/uploads\/sites\/3\/2023\/10\/ESR_SYV-1-450x300.jpg 450w, https:\/\/www.europaskolan.se\/rogge\/wp-content\/uploads\/sites\/3\/2023\/10\/ESR_SYV-1-200x133.jpg 200w, https:\/\/www.europaskolan.se\/rogge\/wp-content\/uploads\/sites\/3\/2023\/10\/ESR_SYV-1-768x512.jpg 768w, https:\/\/www.europaskolan.se\/rogge\/wp-content\/uploads\/sites\/3\/2023\/10\/ESR_SYV-1-272x182.jpg 272w, https:\/\/www.europaskolan.se\/rogge\/wp-content\/uploads\/sites\/3\/2023\/10\/ESR_SYV-1.jpg 1200w\" sizes=\"(max-width: 1024px) 100vw, 1024px\" \/>\t\t\t\t\t\t\t\t\t\t\t\t\t\t\t<\/div>\n\t\t\t\t<\/div>\n\t\t\t\t<div class=\"elementor-element elementor-element-e49e368 elementor-widget elementor-widget-heading\" data-id=\"e49e368\" data-element_type=\"widget\" data-e-type=\"widget\" data-widget_type=\"heading.default\">\n\t\t\t\t<div class=\"elementor-widget-container\">\n\t\t\t\t\t<h5 class=\"elementor-heading-title elementor-size-default\">Studie- och yrkesv\u00e4gledare<\/h5>\t\t\t\t<\/div>\n\t\t\t\t<\/div>\n\t\t\t\t<div class=\"elementor-element elementor-element-6102181 elementor-widget elementor-widget-text-editor\" data-id=\"6102181\" data-element_type=\"widget\" data-e-type=\"widget\" data-widget_type=\"text-editor.default\">\n\t\t\t\t<div class=\"elementor-widget-container\">\n\t\t\t\t\t\t\t\t\t<p><strong>Hos v\u00e5r studie- och yrkesv\u00e4gledaren<\/strong> (syv) f\u00e5r du hj\u00e4lp med v\u00e4gledning, information och r\u00e5d. Det beh\u00f6ver inte bara handla om gymnasievalet, kanske funderar du redan nu p\u00e5 framtida yrken som kan passa dig. Vilka kraven \u00e4r f\u00f6r att komma dit? Om det \u00e4r n\u00e5got speciellt du m\u00e5ste fokusera p\u00e5? Syv \u00e4r ditt bollplank \u2013 passa p\u00e5 att anv\u00e4nda det!<\/p>\t\t\t\t\t\t\t\t<\/div>\n\t\t\t\t<\/div>\n\t\t\t\t<div class=\"elementor-element elementor-element-ae40965 elementor-widget elementor-widget-button\" data-id=\"ae40965\" data-element_type=\"widget\" data-e-type=\"widget\" data-widget_type=\"button.default\">\n\t\t\t\t<div class=\"elementor-widget-container\">\n\t\t\t\t\t\t\t\t\t<div class=\"elementor-button-wrapper\">\n\t\t\t\t\t<a class=\"elementor-button elementor-button-link elementor-size-xs\" href=\"https:\/\/www.europaskolan.se\/rogge\/studie-och-yrkesvagledare\/\">\n\t\t\t\t\t\t<span class=\"elementor-button-content-wrapper\">\n\t\t\t\t\t\t\t\t\t<span class=\"elementor-button-text\">L\u00e4s mer h\u00e4r &gt;<\/span>\n\t\t\t\t\t<\/span>\n\t\t\t\t\t<\/a>\n\t\t\t\t<\/div>\n\t\t\t\t\t\t\t\t<\/div>\n\t\t\t\t<\/div>\n\t\t\t\t\t<\/div>\n\t\t<\/div>\n\t\t\t\t<div class=\"elementor-column elementor-col-33 elementor-top-column elementor-element elementor-element-5a41b72\" data-id=\"5a41b72\" data-element_type=\"column\" data-e-type=\"column\">\n\t\t\t<div class=\"elementor-widget-wrap elementor-element-populated\">\n\t\t\t\t\t\t<div class=\"elementor-element elementor-element-3d23d39 elementor-widget elementor-widget-image\" data-id=\"3d23d39\" data-element_type=\"widget\" data-e-type=\"widget\" data-widget_type=\"image.default\">\n\t\t\t\t<div class=\"elementor-widget-container\">\n\t\t\t\t\t\t\t\t\t\t\t\t\t\t\t<img loading=\"lazy\" decoding=\"async\" width=\"1024\" height=\"683\" src=\"https:\/\/www.europaskolan.se\/rogge\/wp-content\/uploads\/sites\/3\/2023\/10\/ESR_Maltid-1024x683.jpg\" class=\"attachment-large size-large wp-image-10605\" alt=\"\" srcset=\"https:\/\/www.europaskolan.se\/rogge\/wp-content\/uploads\/sites\/3\/2023\/10\/ESR_Maltid-1024x683.jpg 1024w, https:\/\/www.europaskolan.se\/rogge\/wp-content\/uploads\/sites\/3\/2023\/10\/ESR_Maltid-450x300.jpg 450w, https:\/\/www.europaskolan.se\/rogge\/wp-content\/uploads\/sites\/3\/2023\/10\/ESR_Maltid-200x133.jpg 200w, https:\/\/www.europaskolan.se\/rogge\/wp-content\/uploads\/sites\/3\/2023\/10\/ESR_Maltid-768x512.jpg 768w, https:\/\/www.europaskolan.se\/rogge\/wp-content\/uploads\/sites\/3\/2023\/10\/ESR_Maltid-272x182.jpg 272w, https:\/\/www.europaskolan.se\/rogge\/wp-content\/uploads\/sites\/3\/2023\/10\/ESR_Maltid.jpg 1200w\" sizes=\"(max-width: 1024px) 100vw, 1024px\" \/>\t\t\t\t\t\t\t\t\t\t\t\t\t\t\t<\/div>\n\t\t\t\t<\/div>\n\t\t\t\t<div class=\"elementor-element elementor-element-12d4fae elementor-widget elementor-widget-heading\" data-id=\"12d4fae\" data-element_type=\"widget\" data-e-type=\"widget\" data-widget_type=\"heading.default\">\n\t\t\t\t<div class=\"elementor-widget-container\">\n\t\t\t\t\t<h5 class=\"elementor-heading-title elementor-size-default\">Skolm\u00e5ltiden<\/h5>\t\t\t\t<\/div>\n\t\t\t\t<\/div>\n\t\t\t\t<div class=\"elementor-element elementor-element-8843254 elementor-widget elementor-widget-text-editor\" data-id=\"8843254\" data-element_type=\"widget\" data-e-type=\"widget\" data-widget_type=\"text-editor.default\">\n\t\t\t\t<div class=\"elementor-widget-container\">\n\t\t\t\t\t\t\t\t\t<p><strong>Vi tar skolm\u00e5ltiden p\u00e5 allvar.<\/strong> V\u00e5rt m\u00e5l \u00e4r d\u00e4rf\u00f6r att servera b\u00e5de god och n\u00e4ringsriktig mat, lagad fr\u00e5n grunden. S\u00e5 l\u00e5ngt som m\u00f6jligt anv\u00e4nder vi s\u00e4songsanpassade och ekologiska r\u00e5varor. Vi serverar bara svensk k\u00f6tt, och erbjuder alltid vegetariska alternativ. Dessutom har vi alltid en dag per vecka med enbart vegetariska r\u00e4tter.<\/p>\t\t\t\t\t\t\t\t<\/div>\n\t\t\t\t<\/div>\n\t\t\t\t<div class=\"elementor-element elementor-element-0104f33 elementor-widget elementor-widget-button\" data-id=\"0104f33\" data-element_type=\"widget\" data-e-type=\"widget\" data-widget_type=\"button.default\">\n\t\t\t\t<div class=\"elementor-widget-container\">\n\t\t\t\t\t\t\t\t\t<div class=\"elementor-button-wrapper\">\n\t\t\t\t\t<a class=\"elementor-button elementor-button-link elementor-size-xs\" href=\"https:\/\/www.europaskolan.se\/rogge\/maltidsupplevelse\/\">\n\t\t\t\t\t\t<span class=\"elementor-button-content-wrapper\">\n\t\t\t\t\t\t\t\t\t<span class=\"elementor-button-text\">L\u00e4s mer h\u00e4r &gt;<\/span>\n\t\t\t\t\t<\/span>\n\t\t\t\t\t<\/a>\n\t\t\t\t<\/div>\n\t\t\t\t\t\t\t\t<\/div>\n\t\t\t\t<\/div>\n\t\t\t\t\t<\/div>\n\t\t<\/div>\n\t\t\t\t\t<\/div>\n\t\t<\/section>\n\t\t\t\t<section class=\"elementor-section elementor-top-section elementor-element elementor-element-a9377d7 elementor-section-full_width elementor-section-height-min-height elementor-section-height-default elementor-section-items-middle\" data-id=\"a9377d7\" data-element_type=\"section\" data-e-type=\"section\">\n\t\t\t\t\t\t<div class=\"elementor-container elementor-column-gap-no\">\n\t\t\t\t\t<div class=\"elementor-column elementor-col-100 elementor-top-column elementor-element elementor-element-a7b2e9d\" data-id=\"a7b2e9d\" data-element_type=\"column\" data-e-type=\"column\">\n\t\t\t<div class=\"elementor-widget-wrap elementor-element-populated\">\n\t\t\t\t\t\t<div class=\"elementor-element elementor-element-5b4f6a70 animated-slow elementor-widget elementor-widget-image\" data-id=\"5b4f6a70\" data-element_type=\"widget\" data-e-type=\"widget\" data-settings=\"{&quot;_animation&quot;:&quot;none&quot;,&quot;_animation_delay&quot;:800}\" data-widget_type=\"image.default\">\n\t\t\t\t<div class=\"elementor-widget-container\">\n\t\t\t\t\t\t\t\t\t\t\t\t\t\t\t<img decoding=\"async\" src=\"https:\/\/www.europaskolan.se\/rogge\/wp-content\/uploads\/sites\/3\/2025\/09\/ESR_bild-1-1.jpg\" title=\"ESR_bild-1-1\" alt=\"ESR_bild-1-1\" loading=\"lazy\" \/>\t\t\t\t\t\t\t\t\t\t\t\t\t\t\t<\/div>\n\t\t\t\t<\/div>\n\t\t\t\t\t<\/div>\n\t\t<\/div>\n\t\t\t\t\t<\/div>\n\t\t<\/section>\n\t\t\t\t<section class=\"elementor-section elementor-top-section elementor-element elementor-element-9614a92 elementor-section-boxed elementor-section-height-default elementor-section-height-default\" data-id=\"9614a92\" data-element_type=\"section\" data-e-type=\"section\">\n\t\t\t\t\t\t<div class=\"elementor-container elementor-column-gap-default\">\n\t\t\t\t\t<div class=\"elementor-column elementor-col-100 elementor-top-column elementor-element elementor-element-7e3ca64c\" data-id=\"7e3ca64c\" data-element_type=\"column\" data-e-type=\"column\">\n\t\t\t<div class=\"elementor-widget-wrap elementor-element-populated\">\n\t\t\t\t\t\t<div class=\"elementor-element elementor-element-301c8818 elementor-widget elementor-widget-spacer\" data-id=\"301c8818\" data-element_type=\"widget\" data-e-type=\"widget\" data-widget_type=\"spacer.default\">\n\t\t\t\t<div class=\"elementor-widget-container\">\n\t\t\t\t\t\t\t<div class=\"elementor-spacer\">\n\t\t\t<div class=\"elementor-spacer-inner\"><\/div>\n\t\t<\/div>\n\t\t\t\t\t\t<\/div>\n\t\t\t\t<\/div>\n\t\t\t\t<div class=\"elementor-element elementor-element-7eb5bd82 elementor-widget elementor-widget-heading\" data-id=\"7eb5bd82\" data-element_type=\"widget\" data-e-type=\"widget\" data-widget_type=\"heading.default\">\n\t\t\t\t<div class=\"elementor-widget-container\">\n\t\t\t\t\t<h1 class=\"elementor-heading-title elementor-size-default\">Aktuellt p\u00e5 Europaskolan Rogge<\/h1>\t\t\t\t<\/div>\n\t\t\t\t<\/div>\n\t\t\t\t<div class=\"elementor-element elementor-element-60a7af85 elementor-widget elementor-widget-text-editor\" data-id=\"60a7af85\" data-element_type=\"widget\" data-e-type=\"widget\" data-widget_type=\"text-editor.default\">\n\t\t\t\t<div class=\"elementor-widget-container\">\n\t\t\t\t\t\t\t\t\t<p><span style=\"font-size: 13pt;\">H\u00e4r hittar du nyheter och aktuella h\u00e4ndelser.<\/span><\/p>\t\t\t\t\t\t\t\t<\/div>\n\t\t\t\t<\/div>\n\t\t\t\t\t<\/div>\n\t\t<\/div>\n\t\t\t\t\t<\/div>\n\t\t<\/section>\n\t\t<div class=\"elementor-element elementor-element-351b5c7 e-flex e-con-boxed e-con e-parent\" data-id=\"351b5c7\" data-element_type=\"container\" data-e-type=\"container\">\n\t\t\t\t\t<div class=\"e-con-inner\">\n\t\t\t\t<div class=\"elementor-element elementor-element-063de8a meta-visibility-show title_position_default title_hover_border_default title-default img_hover_animation_default meta_position_default readmore-btn-default-style grid-hover-overlay-type-always tpg-el-box-border-enable tpg-border-bottom-disable elementor-widget elementor-widget-tpg-grid-layout\" data-id=\"063de8a\" data-element_type=\"widget\" data-e-type=\"widget\" data-widget_type=\"tpg-grid-layout.default\">\n\t\t\t\t<div class=\"elementor-widget-container\">\n\t\t\t\t\t\t\t<div class=\"rt-container-fluid rt-tpg-container tpg-el-main-wrapper clearfix grid-layout1-main \"\n\t\t\t id=\"rt-tpg-container-268866316\"\n\t\t\t data-layout=\"grid-layout1\"\n\t\t\t data-grid-style=\"tpg-full-height\"\n\t\t\t data-sc-id=\"elementor\"\n\t\t\t data-el-settings=''\n\t\t\t data-el-query=''\n\t\t\t data-el-path=''\n\t\t>\n\t\t\t\t\t\t\t<div id=\"bottom-script-loader\" class=\"bottom-script-loader\">\n\t\t\t\t\t<div class=\"rt-ball-clip-rotate\">\n\t\t\t\t\t\t<div><\/div>\n\t\t\t\t\t<\/div>\n\t\t\t\t<\/div>\n\t\t\t\t\t\t\t<div class='tpg-header-wrapper '>\n\t\t\t\t\t\t\t<\/div>\n\n\t\t\t<div data-title=\"Loading ...\" class=\"rt-row rt-content-loader grid-layout1 grid-behaviour tpg-full-height grid_layout_wrapper\">\n\t\t\t\t<div class=\"rt-col-md-4 rt-col-sm-6 rt-col-xs-12 default rt-grid-item post-12300 post type-post status-publish format-standard has-post-thumbnail hentry category-aktuellt-europaskolan-rogge\"        data-id=\"12300\">\n    <div class=\"rt-holder tpg-post-holder \">\n        <div class=\"rt-detail rt-el-content-wrapper\">\n\t\t\t                <div class=\"rt-img-holder tpg-el-image-wrap has-thumbnail\">\n\t\t\t\t\t<a data-id=\"12300\" href=\"https:\/\/www.europaskolan.se\/rogge\/starka-insatser-av-roggeelever-i-nationell-matematiktavling\/\" class=\"tpg-post-link\" target=\"_self\">                        <img loading=\"lazy\" decoding=\"async\" src=\"https:\/\/www.europaskolan.se\/rogge\/wp-content\/uploads\/sites\/3\/2026\/04\/ESR_Pangea-2026-1U.jpg\"\n                             class=\"rt-img-responsive\"\n                             width=\"500\"\n                             height=\"380\"\n                             alt=\"Starka insatser av Roggeelever i nationell matematikt\u00e4vling\">\n                        \n                            \n        <\/a>\n                <div class=\"overlay grid-hover-content\"><\/div>\n                        <\/div>\n\t\t\t\n\t\t\t<div class=\"entry-title-wrapper\"><h3 class=\"entry-title\"><a data-id=\"12300\" href=\"https:\/\/www.europaskolan.se\/rogge\/starka-insatser-av-roggeelever-i-nationell-matematiktavling\/\" class=\"tpg-post-link\" target=\"_self\">Starka insatser av Roggeelever i nationell matematikt\u00e4vling<\/a><\/h3><\/div>\n\t\t\t                <div class=\"post-meta-tags rt-el-post-meta\">\n\t\t\t\t\t            <span class='date'>\n\t\t\t\t                                    <a href=\"https:\/\/www.europaskolan.se\/rogge\/2026\/04\/14\/\">\n\t\t\t\t\t14 april, 2026\t\t\t\t<\/a>\n                \t\t\t<\/span>\n                            <\/div>\n\t\t\t\n\n\t\t\t                <div class=\"tpg-excerpt tpg-el-excerpt\">\n\t\t\t\t\t                        <div class=\"tpg-excerpt-inner\">\n\t\t\t\t\t\t\tEuropaskolan Rogges elever har f\u00f6r vana att g\u00e5 l\u00e5ngt i den nationella matematikt\u00e4vlingen Pangea, som arrangeras av ...                        <\/div>\n\t\t\t\t\t\t\t\t\t\t                <\/div>\n\t\t\t\n\t\t\t        <div class=\"post-footer\">\n            <div class=\"post-footer\">\n                <div class=\"read-more\">\n                    <a data-id=\"12300\" href=\"https:\/\/www.europaskolan.se\/rogge\/starka-insatser-av-roggeelever-i-nationell-matematiktavling\/\" class=\"tpg-post-link\" target=\"_self\">L\u00e4s mer h\u00e4r &gt;<\/a>                <\/div>\n            <\/div>\n        <\/div>\n                <\/div>\n    <\/div>\n<\/div>\n<div class=\"rt-col-md-4 rt-col-sm-6 rt-col-xs-12 default rt-grid-item post-12288 post type-post status-publish format-standard has-post-thumbnail hentry category-aktuellt-europaskolan-rogge\"        data-id=\"12288\">\n    <div class=\"rt-holder tpg-post-holder \">\n        <div class=\"rt-detail rt-el-content-wrapper\">\n\t\t\t                <div class=\"rt-img-holder tpg-el-image-wrap has-thumbnail\">\n\t\t\t\t\t<a data-id=\"12288\" href=\"https:\/\/www.europaskolan.se\/rogge\/demokratin-tog-plats-i-klassrummet-pa-europaskolan-rogge\/\" class=\"tpg-post-link\" target=\"_self\">                        <img loading=\"lazy\" decoding=\"async\" src=\"https:\/\/www.europaskolan.se\/rogge\/wp-content\/uploads\/sites\/3\/2026\/04\/ESR_Demokratilektion-1U.jpg\"\n                             class=\"rt-img-responsive\"\n                             width=\"500\"\n                             height=\"380\"\n                             alt=\"Demokratin tog plats i klassrummet p\u00e5 Europaskolan Rogge\">\n                        \n                            \n        <\/a>\n                <div class=\"overlay grid-hover-content\"><\/div>\n                        <\/div>\n\t\t\t\n\t\t\t<div class=\"entry-title-wrapper\"><h3 class=\"entry-title\"><a data-id=\"12288\" href=\"https:\/\/www.europaskolan.se\/rogge\/demokratin-tog-plats-i-klassrummet-pa-europaskolan-rogge\/\" class=\"tpg-post-link\" target=\"_self\">Demokratin tog plats i klassrummet p\u00e5 Europaskolan Rogge<\/a><\/h3><\/div>\n\t\t\t                <div class=\"post-meta-tags rt-el-post-meta\">\n\t\t\t\t\t            <span class='date'>\n\t\t\t\t                                    <a href=\"https:\/\/www.europaskolan.se\/rogge\/2026\/04\/08\/\">\n\t\t\t\t\t8 april, 2026\t\t\t\t<\/a>\n                \t\t\t<\/span>\n                            <\/div>\n\t\t\t\n\n\t\t\t                <div class=\"tpg-excerpt tpg-el-excerpt\">\n\t\t\t\t\t                        <div class=\"tpg-excerpt-inner\">\n\t\t\t\t\t\t\tInom ramen f\u00f6r projektet \u201dL\u00e5na en riksdagsledamot\u201d bes\u00f6kte Ann-Sofie Lifvenhage (M), ledamot i Sveriges riksdag samt i ...                        <\/div>\n\t\t\t\t\t\t\t\t\t\t                <\/div>\n\t\t\t\n\t\t\t        <div class=\"post-footer\">\n            <div class=\"post-footer\">\n                <div class=\"read-more\">\n                    <a data-id=\"12288\" href=\"https:\/\/www.europaskolan.se\/rogge\/demokratin-tog-plats-i-klassrummet-pa-europaskolan-rogge\/\" class=\"tpg-post-link\" target=\"_self\">L\u00e4s mer h\u00e4r &gt;<\/a>                <\/div>\n            <\/div>\n        <\/div>\n                <\/div>\n    <\/div>\n<\/div>\n<div class=\"rt-col-md-4 rt-col-sm-6 rt-col-xs-12 default rt-grid-item post-12276 post type-post status-publish format-standard has-post-thumbnail hentry category-aktuellt-europaskolan-rogge\"        data-id=\"12276\">\n    <div class=\"rt-holder tpg-post-holder \">\n        <div class=\"rt-detail rt-el-content-wrapper\">\n\t\t\t                <div class=\"rt-img-holder tpg-el-image-wrap has-thumbnail\">\n\t\t\t\t\t<a data-id=\"12276\" href=\"https:\/\/www.europaskolan.se\/rogge\/laborationer-ger-elever-battre-forstaelse-for-komplexa-samband\/\" class=\"tpg-post-link\" target=\"_self\">                        <img loading=\"lazy\" decoding=\"async\" src=\"https:\/\/www.europaskolan.se\/rogge\/wp-content\/uploads\/sites\/3\/2026\/03\/ESR_laboration-i-matematik-1U.jpg\"\n                             class=\"rt-img-responsive\"\n                             width=\"500\"\n                             height=\"380\"\n                             alt=\"Laborationer ger elever b\u00e4ttre f\u00f6rst\u00e5else f\u00f6r komplexa samband\">\n                        \n                            \n        <\/a>\n                <div class=\"overlay grid-hover-content\"><\/div>\n                        <\/div>\n\t\t\t\n\t\t\t<div class=\"entry-title-wrapper\"><h3 class=\"entry-title\"><a data-id=\"12276\" href=\"https:\/\/www.europaskolan.se\/rogge\/laborationer-ger-elever-battre-forstaelse-for-komplexa-samband\/\" class=\"tpg-post-link\" target=\"_self\">Laborationer ger elever b\u00e4ttre f\u00f6rst\u00e5else f\u00f6r komplexa samband<\/a><\/h3><\/div>\n\t\t\t                <div class=\"post-meta-tags rt-el-post-meta\">\n\t\t\t\t\t            <span class='date'>\n\t\t\t\t                                    <a href=\"https:\/\/www.europaskolan.se\/rogge\/2026\/03\/31\/\">\n\t\t\t\t\t31 mars, 2026\t\t\t\t<\/a>\n                \t\t\t<\/span>\n                            <\/div>\n\t\t\t\n\n\t\t\t                <div class=\"tpg-excerpt tpg-el-excerpt\">\n\t\t\t\t\t                        <div class=\"tpg-excerpt-inner\">\n\t\t\t\t\t\t\tNovis och Olivia anv\u00e4nder ett enkelt m\u00e5ttband f\u00f6r att ta sig n\u00e4rmare svaret. M\u00e5nga moment inom matematik och fysik kan ...                        <\/div>\n\t\t\t\t\t\t\t\t\t\t                <\/div>\n\t\t\t\n\t\t\t        <div class=\"post-footer\">\n            <div class=\"post-footer\">\n                <div class=\"read-more\">\n                    <a data-id=\"12276\" href=\"https:\/\/www.europaskolan.se\/rogge\/laborationer-ger-elever-battre-forstaelse-for-komplexa-samband\/\" class=\"tpg-post-link\" target=\"_self\">L\u00e4s mer h\u00e4r &gt;<\/a>                <\/div>\n            <\/div>\n        <\/div>\n                <\/div>\n    <\/div>\n<\/div>\n<div class=\"rt-col-md-4 rt-col-sm-6 rt-col-xs-12 default rt-grid-item post-12265 post type-post status-publish format-standard has-post-thumbnail hentry category-aktuellt-europaskolan-rogge\"        data-id=\"12265\">\n    <div class=\"rt-holder tpg-post-holder \">\n        <div class=\"rt-detail rt-el-content-wrapper\">\n\t\t\t                <div class=\"rt-img-holder tpg-el-image-wrap has-thumbnail\">\n\t\t\t\t\t<a data-id=\"12265\" href=\"https:\/\/www.europaskolan.se\/rogge\/tavlingar-och-forelasningar-i-matematik-nar-europaskolan-rogges-spetselever-intog-djaknehallen\/\" class=\"tpg-post-link\" target=\"_self\">                        <img loading=\"lazy\" decoding=\"async\" src=\"https:\/\/www.europaskolan.se\/rogge\/wp-content\/uploads\/sites\/3\/2026\/03\/ESR_Djaknehallen_kangero-2026-1U.jpg\"\n                             class=\"rt-img-responsive\"\n                             width=\"500\"\n                             height=\"380\"\n                             alt=\"T\u00e4vlingar och f\u00f6rel\u00e4sningar i matematik n\u00e4r Europaskolan Rogges spetselever intog Dj\u00e4knehallen\">\n                        \n                            \n        <\/a>\n                <div class=\"overlay grid-hover-content\"><\/div>\n                        <\/div>\n\t\t\t\n\t\t\t<div class=\"entry-title-wrapper\"><h3 class=\"entry-title\"><a data-id=\"12265\" href=\"https:\/\/www.europaskolan.se\/rogge\/tavlingar-och-forelasningar-i-matematik-nar-europaskolan-rogges-spetselever-intog-djaknehallen\/\" class=\"tpg-post-link\" target=\"_self\">T\u00e4vlingar och f\u00f6rel\u00e4sningar i matematik n\u00e4r Europaskolan Rogges spetselever intog Dj\u00e4knehallen<\/a><\/h3><\/div>\n\t\t\t                <div class=\"post-meta-tags rt-el-post-meta\">\n\t\t\t\t\t            <span class='date'>\n\t\t\t\t                                    <a href=\"https:\/\/www.europaskolan.se\/rogge\/2026\/03\/31\/\">\n\t\t\t\t\t31 mars, 2026\t\t\t\t<\/a>\n                \t\t\t<\/span>\n                            <\/div>\n\t\t\t\n\n\t\t\t                <div class=\"tpg-excerpt tpg-el-excerpt\">\n\t\t\t\t\t                        <div class=\"tpg-excerpt-inner\">\n\t\t\t\t\t\t\tI slutet av mars var det fullt \u00f6s i matematik i Dj\u00e4knehallen. Europaskolan Rogges spetselever b\u00e5de t\u00e4vlade och ...                        <\/div>\n\t\t\t\t\t\t\t\t\t\t                <\/div>\n\t\t\t\n\t\t\t        <div class=\"post-footer\">\n            <div class=\"post-footer\">\n                <div class=\"read-more\">\n                    <a data-id=\"12265\" href=\"https:\/\/www.europaskolan.se\/rogge\/tavlingar-och-forelasningar-i-matematik-nar-europaskolan-rogges-spetselever-intog-djaknehallen\/\" class=\"tpg-post-link\" target=\"_self\">L\u00e4s mer h\u00e4r &gt;<\/a>                <\/div>\n            <\/div>\n        <\/div>\n                <\/div>\n    <\/div>\n<\/div>\n<div class=\"rt-col-md-4 rt-col-sm-6 rt-col-xs-12 default rt-grid-item post-12250 post type-post status-publish format-standard has-post-thumbnail hentry category-aktuellt-europaskolan-rogge\"        data-id=\"12250\">\n    <div class=\"rt-holder tpg-post-holder \">\n        <div class=\"rt-detail rt-el-content-wrapper\">\n\t\t\t                <div class=\"rt-img-holder tpg-el-image-wrap has-thumbnail\">\n\t\t\t\t\t<a data-id=\"12250\" href=\"https:\/\/www.europaskolan.se\/rogge\/pallplats-i-spraktavling-for-duo-fran-europaskolan-rogge\/\" class=\"tpg-post-link\" target=\"_self\">                        <img loading=\"lazy\" decoding=\"async\" src=\"https:\/\/www.europaskolan.se\/rogge\/wp-content\/uploads\/sites\/3\/2026\/03\/ESR_sprakpris_engelska_vt26U.jpg\"\n                             class=\"rt-img-responsive\"\n                             width=\"500\"\n                             height=\"380\"\n                             alt=\"Pallplats i spr\u00e5kt\u00e4vling f\u00f6r duo fr\u00e5n Europaskolan Rogge\">\n                        \n                            \n        <\/a>\n                <div class=\"overlay grid-hover-content\"><\/div>\n                        <\/div>\n\t\t\t\n\t\t\t<div class=\"entry-title-wrapper\"><h3 class=\"entry-title\"><a data-id=\"12250\" href=\"https:\/\/www.europaskolan.se\/rogge\/pallplats-i-spraktavling-for-duo-fran-europaskolan-rogge\/\" class=\"tpg-post-link\" target=\"_self\">Pallplats i spr\u00e5kt\u00e4vling f\u00f6r duo fr\u00e5n Europaskolan Rogge<\/a><\/h3><\/div>\n\t\t\t                <div class=\"post-meta-tags rt-el-post-meta\">\n\t\t\t\t\t            <span class='date'>\n\t\t\t\t                                    <a href=\"https:\/\/www.europaskolan.se\/rogge\/2026\/03\/25\/\">\n\t\t\t\t\t25 mars, 2026\t\t\t\t<\/a>\n                \t\t\t<\/span>\n                            <\/div>\n\t\t\t\n\n\t\t\t                <div class=\"tpg-excerpt tpg-el-excerpt\">\n\t\t\t\t\t                        <div class=\"tpg-excerpt-inner\">\n\t\t\t\t\t\t\tEdvin Wallin och Axel Jordan g\u00e5r b\u00e5da p\u00e5 Europaskolan Rogge i klass 9b. Nyligen avgjordes spr\u00e5kt\u00e4vlingen International ...                        <\/div>\n\t\t\t\t\t\t\t\t\t\t                <\/div>\n\t\t\t\n\t\t\t        <div class=\"post-footer\">\n            <div class=\"post-footer\">\n                <div class=\"read-more\">\n                    <a data-id=\"12250\" href=\"https:\/\/www.europaskolan.se\/rogge\/pallplats-i-spraktavling-for-duo-fran-europaskolan-rogge\/\" class=\"tpg-post-link\" target=\"_self\">L\u00e4s mer h\u00e4r &gt;<\/a>                <\/div>\n            <\/div>\n        <\/div>\n                <\/div>\n    <\/div>\n<\/div>\n<div class=\"rt-col-md-4 rt-col-sm-6 rt-col-xs-12 default rt-grid-item post-12245 post type-post status-publish format-standard has-post-thumbnail hentry category-aktuellt-europaskolan-rogge\"        data-id=\"12245\">\n    <div class=\"rt-holder tpg-post-holder \">\n        <div class=\"rt-detail rt-el-content-wrapper\">\n\t\t\t                <div class=\"rt-img-holder tpg-el-image-wrap has-thumbnail\">\n\t\t\t\t\t<a data-id=\"12245\" href=\"https:\/\/www.europaskolan.se\/rogge\/fran-riksdagen-till-europaskolan-rogge-elever-diskuterade-demokrati-med-lotta-johnsson-fornarve\/\" class=\"tpg-post-link\" target=\"_self\">                        <img loading=\"lazy\" decoding=\"async\" src=\"https:\/\/www.europaskolan.se\/rogge\/wp-content\/uploads\/sites\/3\/2026\/03\/ESR_Riksdagsledamot-1U.jpg\"\n                             class=\"rt-img-responsive\"\n                             width=\"500\"\n                             height=\"380\"\n                             alt=\"Fr\u00e5n riksdagen till Europaskolan Rogge \u2013 elever diskuterade demokrati med Lotta Johnsson Fornarve\">\n                        \n                            \n        <\/a>\n                <div class=\"overlay grid-hover-content\"><\/div>\n                        <\/div>\n\t\t\t\n\t\t\t<div class=\"entry-title-wrapper\"><h3 class=\"entry-title\"><a data-id=\"12245\" href=\"https:\/\/www.europaskolan.se\/rogge\/fran-riksdagen-till-europaskolan-rogge-elever-diskuterade-demokrati-med-lotta-johnsson-fornarve\/\" class=\"tpg-post-link\" target=\"_self\">Fr\u00e5n riksdagen till Europaskolan Rogge \u2013 elever diskuterade demokrati med Lotta Johnsson Fornarve<\/a><\/h3><\/div>\n\t\t\t                <div class=\"post-meta-tags rt-el-post-meta\">\n\t\t\t\t\t            <span class='date'>\n\t\t\t\t                                    <a href=\"https:\/\/www.europaskolan.se\/rogge\/2026\/03\/23\/\">\n\t\t\t\t\t23 mars, 2026\t\t\t\t<\/a>\n                \t\t\t<\/span>\n                            <\/div>\n\t\t\t\n\n\t\t\t                <div class=\"tpg-excerpt tpg-el-excerpt\">\n\t\t\t\t\t                        <div class=\"tpg-excerpt-inner\">\n\t\t\t\t\t\t\tLotta Johnsson Fornarve \u00e4r s\u00f6rml\u00e4nning och riksdagsledamot f\u00f6r V\u00e4nsterpartiet. Under ett bes\u00f6k p\u00e5 Europaskolan Rogge ...                        <\/div>\n\t\t\t\t\t\t\t\t\t\t                <\/div>\n\t\t\t\n\t\t\t        <div class=\"post-footer\">\n            <div class=\"post-footer\">\n                <div class=\"read-more\">\n                    <a data-id=\"12245\" href=\"https:\/\/www.europaskolan.se\/rogge\/fran-riksdagen-till-europaskolan-rogge-elever-diskuterade-demokrati-med-lotta-johnsson-fornarve\/\" class=\"tpg-post-link\" target=\"_self\">L\u00e4s mer h\u00e4r &gt;<\/a>                <\/div>\n            <\/div>\n        <\/div>\n                <\/div>\n    <\/div>\n<\/div>\n\t\t\t<\/div>\n\t\t\t\n\t\t<\/div>\n\t\t\t\t\t\t<\/div>\n\t\t\t\t<\/div>\n\t\t\t\t\t<\/div>\n\t\t\t\t<\/div>\n\t\t\t\t<\/div>\n\t\t","protected":false},"excerpt":{"rendered":"<p>V\u00e4lkommen till Europaskolan Rogge Vi ger dig en bra\u00a0grund inf\u00f6r gymnasiet,\u00a0med fokus p\u00e5 kunskaper och bildning. Hos oss ska du inte bara l\u00e4ra f\u00f6r skolan, h\u00e4r l\u00e4r du f\u00f6r livet, med b\u00e5de hj\u00e4rta och hj\u00e4rna! Om Europaskolan Rogge Europaskolan Rogge \u00e4r en friskola i Str\u00e4ngn\u00e4s, med mellanstadium och h\u00f6gstadium. Skolan startades \u00e5r 2008 och \u00e4gs [&hellip;]<\/p>\n","protected":false},"author":2,"featured_media":0,"parent":0,"menu_order":3,"comment_status":"closed","ping_status":"closed","template":"elementor_header_footer","meta":{"footnotes":""},"class_list":["post-20","page","type-page","status-publish","hentry"],"blocksy_meta":[],"rttpg_featured_image_url":null,"rttpg_author":{"display_name":"camilla","author_link":"https:\/\/www.europaskolan.se\/rogge\/author\/camilla\/"},"rttpg_comment":0,"rttpg_category":"","rttpg_excerpt":"V\u00e4lkommen till Europaskolan Rogge Vi ger dig en bra\u00a0grund inf\u00f6r gymnasiet,\u00a0med fokus p\u00e5 kunskaper och bildning. Hos oss ska du inte bara l\u00e4ra f\u00f6r skolan, h\u00e4r l\u00e4r du f\u00f6r livet, med b\u00e5de hj\u00e4rta och hj\u00e4rna! Om Europaskolan Rogge Europaskolan Rogge \u00e4r en friskola i Str\u00e4ngn\u00e4s, med mellanstadium och h\u00f6gstadium. Skolan startades \u00e5r 2008 och \u00e4gs&hellip;","_links":{"self":[{"href":"https:\/\/www.europaskolan.se\/rogge\/wp-json\/wp\/v2\/pages\/20","targetHints":{"allow":["GET"]}}],"collection":[{"href":"https:\/\/www.europaskolan.se\/rogge\/wp-json\/wp\/v2\/pages"}],"about":[{"href":"https:\/\/www.europaskolan.se\/rogge\/wp-json\/wp\/v2\/types\/page"}],"author":[{"embeddable":true,"href":"https:\/\/www.europaskolan.se\/rogge\/wp-json\/wp\/v2\/users\/2"}],"replies":[{"embeddable":true,"href":"https:\/\/www.europaskolan.se\/rogge\/wp-json\/wp\/v2\/comments?post=20"}],"version-history":[{"count":0,"href":"https:\/\/www.europaskolan.se\/rogge\/wp-json\/wp\/v2\/pages\/20\/revisions"}],"wp:attachment":[{"href":"https:\/\/www.europaskolan.se\/rogge\/wp-json\/wp\/v2\/media?parent=20"}],"curies":[{"name":"wp","href":"https:\/\/api.w.org\/{rel}","templated":true}]}}